{"id":15059,"date":"2024-08-01T14:25:50","date_gmt":"2024-08-01T12:25:50","guid":{"rendered":"https:\/\/www.museudetitelles.com\/?page_id=15059"},"modified":"2024-08-01T19:52:59","modified_gmt":"2024-08-01T17:52:59","slug":"titelles-en-lambit-clinic-amb-karim-dakroub","status":"publish","type":"page","link":"https:\/\/www.museudetitelles.com\/fr\/activitats-al-museu-de-titelles\/titelles-en-lambit-clinic-amb-karim-dakroub\/","title":{"rendered":"&quot;Marionnettes dans le domaine clinique&quot; Avec Karim Dakroub"},"content":{"rendered":"<div data-elementor-type=\"wp-page\" data-elementor-id=\"15059\" class=\"elementor elementor-15059\" data-elementor-post-type=\"page\">\n\t\t\t\t\t\t<section class=\"elementor-section elementor-top-section elementor-element elementor-element-b8362fc elementor-section-stretched elementor-section-boxed elementor-section-height-default elementor-section-height-default\" data-id=\"b8362fc\" data-element_type=\"section\" data-e-type=\"section\" data-settings=\"{&quot;stretch_section&quot;:&quot;section-stretched&quot;,&quot;background_background&quot;:&quot;classic&quot;}\">\n\t\t\t\t\t\t\t<div class=\"elementor-background-overlay\"><\/div>\n\t\t\t\t\t\t\t<div class=\"elementor-container elementor-column-gap-default\">\n\t\t\t\t\t<div class=\"elementor-column elementor-col-100 elementor-top-column elementor-element elementor-element-3375502\" data-id=\"3375502\" data-element_type=\"column\" data-e-type=\"column\">\n\t\t\t<div class=\"elementor-widget-wrap elementor-element-populated\">\n\t\t\t\t\t\t<section class=\"elementor-section elementor-inner-section elementor-element elementor-element-822315b elementor-section-boxed elementor-section-height-default elementor-section-height-default\" data-id=\"822315b\" data-element_type=\"section\" data-e-type=\"section\" data-settings=\"{&quot;background_background&quot;:&quot;classic&quot;}\">\n\t\t\t\t\t\t<div class=\"elementor-container elementor-column-gap-default\">\n\t\t\t\t\t<div class=\"elementor-column elementor-col-100 elementor-inner-column elementor-element elementor-element-6388c2a\" data-id=\"6388c2a\" data-element_type=\"column\" data-e-type=\"column\">\n\t\t\t<div class=\"elementor-widget-wrap elementor-element-populated\">\n\t\t\t\t\t\t<div class=\"elementor-element elementor-element-6680f70 elementor-widget__width-initial elementor-widget elementor-widget-heading\" data-id=\"6680f70\" data-element_type=\"widget\" data-e-type=\"widget\" data-widget_type=\"heading.default\">\n\t\t\t\t<div class=\"elementor-widget-container\">\n\t\t\t\t\t<h2 class=\"elementor-heading-title elementor-size-default\">Marionnettes en milieu clinique. Unir luttes quotidiennes et \u00ab\u00a0r\u00e9alit\u00e9 dramatique\u00a0\u00bb<\/h2>\t\t\t\t<\/div>\n\t\t\t\t<\/div>\n\t\t\t\t<div class=\"elementor-element elementor-element-eca60d1 elementor-widget elementor-widget-text-editor\" data-id=\"eca60d1\" data-element_type=\"widget\" data-e-type=\"widget\" data-settings=\"{&quot;_animation&quot;:&quot;none&quot;,&quot;_animation_delay&quot;:500}\" data-widget_type=\"text-editor.default\">\n\t\t\t\t<div class=\"elementor-widget-container\">\n\t\t\t\t\t\t\t\t\t<p>\u00a0<\/p><p class=\"p1\">Formation sp\u00e9cialis\u00e9e destin\u00e9e aux psychologues cliniciens, aux th\u00e9rapeutes familiaux, aux \u00e9ducateurs, aux m\u00e9diateurs familiaux, aux travailleurs sociaux et aux professionnels qui souhaitent s&#039;initier \u00e0 l&#039;intervention aupr\u00e8s des enfants dans leur contexte familial.<\/p>\t\t\t\t\t\t\t\t<\/div>\n\t\t\t\t<\/div>\n\t\t\t\t\t<\/div>\n\t\t<\/div>\n\t\t\t\t\t<\/div>\n\t\t<\/section>\n\t\t\t\t\t<\/div>\n\t\t<\/div>\n\t\t\t\t\t<\/div>\n\t\t<\/section>\n\t\t\t\t<section class=\"elementor-section elementor-top-section elementor-element elementor-element-515ade6 elementor-section-boxed elementor-section-height-default elementor-section-height-default\" data-id=\"515ade6\" data-element_type=\"section\" data-e-type=\"section\">\n\t\t\t\t\t\t<div class=\"elementor-container elementor-column-gap-default\">\n\t\t\t\t\t<div class=\"elementor-column elementor-col-100 elementor-top-column elementor-element elementor-element-f578343\" data-id=\"f578343\" data-element_type=\"column\" data-e-type=\"column\">\n\t\t\t<div class=\"elementor-widget-wrap elementor-element-populated\">\n\t\t\t\t\t\t<div class=\"elementor-element elementor-element-29badb1 elementor-widget elementor-widget-heading\" data-id=\"29badb1\" data-element_type=\"widget\" data-e-type=\"widget\" data-widget_type=\"heading.default\">\n\t\t\t\t<div class=\"elementor-widget-container\">\n\t\t\t\t\t<h5 class=\"elementor-heading-title elementor-size-default\"> Aliment\u00e9 par:\n<\/h5>\t\t\t\t<\/div>\n\t\t\t\t<\/div>\n\t\t\t\t\t<\/div>\n\t\t<\/div>\n\t\t\t\t\t<\/div>\n\t\t<\/section>\n\t\t\t\t<section class=\"elementor-section elementor-top-section elementor-element elementor-element-f54d691 elementor-section-boxed elementor-section-height-default elementor-section-height-default\" data-id=\"f54d691\" data-element_type=\"section\" data-e-type=\"section\">\n\t\t\t\t\t\t<div class=\"elementor-container elementor-column-gap-default\">\n\t\t\t\t\t<div class=\"elementor-column elementor-col-33 elementor-top-column elementor-element elementor-element-9b24180\" data-id=\"9b24180\" data-element_type=\"column\" data-e-type=\"column\" data-settings=\"{&quot;animation&quot;:&quot;none&quot;,&quot;animation_delay&quot;:300}\">\n\t\t\t<div class=\"elementor-widget-wrap elementor-element-populated\">\n\t\t\t\t\t\t<div class=\"elementor-element elementor-element-c9dda54 elementor-widget elementor-widget-image\" data-id=\"c9dda54\" data-element_type=\"widget\" data-e-type=\"widget\" data-widget_type=\"image.default\">\n\t\t\t\t<div class=\"elementor-widget-container\">\n\t\t\t\t\t\t\t\t\t\t\t\t\t\t\t\t<a href=\"https:\/\/www.teiamoner.net\/\" target=\"_blank\" rel=\"noopener\">\n\t\t\t\t\t\t\t<img fetchpriority=\"high\" decoding=\"async\" width=\"434\" height=\"123\" src=\"https:\/\/www.museudetitelles.com\/wp-content\/uploads\/2022\/12\/1-LOGO-TITERESANTE1.jpg\" class=\"attachment-large size-large wp-image-9171\" alt=\"\" srcset=\"https:\/\/www.museudetitelles.com\/wp-content\/uploads\/2022\/12\/1-LOGO-TITERESANTE1.jpg 434w, https:\/\/www.museudetitelles.com\/wp-content\/uploads\/2022\/12\/1-LOGO-TITERESANTE1-300x85.jpg 300w, https:\/\/www.museudetitelles.com\/wp-content\/uploads\/2022\/12\/1-LOGO-TITERESANTE1-18x5.jpg 18w\" sizes=\"(max-width: 434px) 100vw, 434px\">\t\t\t\t\t\t\t\t<\/a>\n\t\t\t\t\t\t\t\t\t\t\t\t\t\t\t<\/div>\n\t\t\t\t<\/div>\n\t\t\t\t\t<\/div>\n\t\t<\/div>\n\t\t\t\t<div class=\"elementor-column elementor-col-33 elementor-top-column elementor-element elementor-element-281e72f\" data-id=\"281e72f\" data-element_type=\"column\" data-e-type=\"column\" data-settings=\"{&quot;animation&quot;:&quot;none&quot;,&quot;animation_delay&quot;:300}\">\n\t\t\t<div class=\"elementor-widget-wrap elementor-element-populated\">\n\t\t\t\t\t\t<div class=\"elementor-element elementor-element-9ad51fa elementor-widget elementor-widget-image\" data-id=\"9ad51fa\" data-element_type=\"widget\" data-e-type=\"widget\" data-widget_type=\"image.default\">\n\t\t\t\t<div class=\"elementor-widget-container\">\n\t\t\t\t\t\t\t\t\t\t\t\t\t\t\t\t<a href=\"https:\/\/www.teiamoner.net\/\" target=\"_blank\" rel=\"noopener\">\n\t\t\t\t\t\t\t<img decoding=\"async\" width=\"658\" height=\"274\" src=\"https:\/\/www.museudetitelles.com\/wp-content\/uploads\/2022\/11\/image0.jpeg\" class=\"attachment-large size-large wp-image-8886\" alt=\"logo IF\" srcset=\"https:\/\/www.museudetitelles.com\/wp-content\/uploads\/2022\/11\/image0.jpeg 658w, https:\/\/www.museudetitelles.com\/wp-content\/uploads\/2022\/11\/image0-300x125.jpeg 300w, https:\/\/www.museudetitelles.com\/wp-content\/uploads\/2022\/11\/image0-18x7.jpeg 18w\" sizes=\"(max-width: 658px) 100vw, 658px\" \/>\t\t\t\t\t\t\t\t<\/a>\n\t\t\t\t\t\t\t\t\t\t\t\t\t\t\t<\/div>\n\t\t\t\t<\/div>\n\t\t\t\t\t<\/div>\n\t\t<\/div>\n\t\t\t\t<div class=\"elementor-column elementor-col-33 elementor-top-column elementor-element elementor-element-6e63ac7\" data-id=\"6e63ac7\" data-element_type=\"column\" data-e-type=\"column\" data-settings=\"{&quot;animation&quot;:&quot;none&quot;,&quot;animation_delay&quot;:300}\">\n\t\t\t<div class=\"elementor-widget-wrap elementor-element-populated\">\n\t\t\t\t\t\t<div class=\"elementor-element elementor-element-da25c8f elementor-widget elementor-widget-image\" data-id=\"da25c8f\" data-element_type=\"widget\" data-e-type=\"widget\" data-widget_type=\"image.default\">\n\t\t\t\t<div class=\"elementor-widget-container\">\n\t\t\t\t\t\t\t\t\t\t\t\t\t\t\t\t<a href=\"https:\/\/www.addaurateatrevisual.com\/\" target=\"_blank\" rel=\"noopener\">\n\t\t\t\t\t\t\t<img decoding=\"async\" width=\"300\" height=\"300\" src=\"https:\/\/www.museudetitelles.com\/wp-content\/uploads\/2023\/09\/associacio-titella-i-terapia-300x300.png\" class=\"attachment-medium size-medium wp-image-13035\" alt=\"associacio\u0301 titella i terapia\" srcset=\"https:\/\/www.museudetitelles.com\/wp-content\/uploads\/2023\/09\/associacio-titella-i-terapia-300x300.png 300w, https:\/\/www.museudetitelles.com\/wp-content\/uploads\/2023\/09\/associacio-titella-i-terapia-150x150.png 150w, https:\/\/www.museudetitelles.com\/wp-content\/uploads\/2023\/09\/associacio-titella-i-terapia-12x12.png 12w, https:\/\/www.museudetitelles.com\/wp-content\/uploads\/2023\/09\/associacio-titella-i-terapia-250x250.png 250w, https:\/\/www.museudetitelles.com\/wp-content\/uploads\/2023\/09\/associacio-titella-i-terapia.png 500w\" sizes=\"(max-width: 300px) 100vw, 300px\" \/>\t\t\t\t\t\t\t\t<\/a>\n\t\t\t\t\t\t\t\t\t\t\t\t\t\t\t<\/div>\n\t\t\t\t<\/div>\n\t\t\t\t\t<\/div>\n\t\t<\/div>\n\t\t\t\t\t<\/div>\n\t\t<\/section>\n\t\t\t\t<section class=\"elementor-section elementor-top-section elementor-element elementor-element-1573f66 elementor-section-boxed elementor-section-height-default elementor-section-height-default\" data-id=\"1573f66\" data-element_type=\"section\" data-e-type=\"section\">\n\t\t\t\t\t\t<div class=\"elementor-container elementor-column-gap-default\">\n\t\t\t\t\t<div class=\"elementor-column elementor-col-100 elementor-top-column elementor-element elementor-element-4323b1e\" data-id=\"4323b1e\" data-element_type=\"column\" data-e-type=\"column\">\n\t\t\t<div class=\"elementor-widget-wrap elementor-element-populated\">\n\t\t\t\t\t\t<div class=\"elementor-element elementor-element-0a84ca6 elementor-widget-divider--view-line elementor-widget elementor-widget-divider\" data-id=\"0a84ca6\" data-element_type=\"widget\" data-e-type=\"widget\" data-widget_type=\"divider.default\">\n\t\t\t\t<div class=\"elementor-widget-container\">\n\t\t\t\t\t\t\t<div class=\"elementor-divider\">\n\t\t\t<span class=\"elementor-divider-separator\">\n\t\t\t\t\t\t<\/span>\n\t\t<\/div>\n\t\t\t\t\t\t<\/div>\n\t\t\t\t<\/div>\n\t\t\t\t<div class=\"elementor-element elementor-element-bbcf0dd elementor-widget-divider--view-line elementor-widget elementor-widget-divider\" data-id=\"bbcf0dd\" data-element_type=\"widget\" data-e-type=\"widget\" data-widget_type=\"divider.default\">\n\t\t\t\t<div class=\"elementor-widget-container\">\n\t\t\t\t\t\t\t<div class=\"elementor-divider\">\n\t\t\t<span class=\"elementor-divider-separator\">\n\t\t\t\t\t\t<\/span>\n\t\t<\/div>\n\t\t\t\t\t\t<\/div>\n\t\t\t\t<\/div>\n\t\t\t\t<div class=\"elementor-element elementor-element-1bb4963 elementor-align-center elementor-widget elementor-widget-button\" data-id=\"1bb4963\" data-element_type=\"widget\" data-e-type=\"widget\" data-widget_type=\"button.default\">\n\t\t\t\t<div class=\"elementor-widget-container\">\n\t\t\t\t\t\t\t\t\t<div class=\"elementor-button-wrapper\">\n\t\t\t\t\t<a class=\"elementor-button elementor-button-link elementor-size-sm\" href=\"https:\/\/docs.google.com\/forms\/d\/e\/1FAIpQLSeQ4GsB5oemDV9l_BfKDb8tcT1Ho2jxh5JPMzVj9Gn5LzIBoA\/viewform\" target=\"_blank\" rel=\"noopener\">\n\t\t\t\t\t\t<span class=\"elementor-button-content-wrapper\">\n\t\t\t\t\t\t\t\t\t<span class=\"elementor-button-text\">ENREGISTREMENT<\/span>\n\t\t\t\t\t<\/span>\n\t\t\t\t\t<\/a>\n\t\t\t\t<\/div>\n\t\t\t\t\t\t\t\t<\/div>\n\t\t\t\t<\/div>\n\t\t\t\t<div class=\"elementor-element elementor-element-4163513 elementor-widget elementor-widget-text-editor\" data-id=\"4163513\" data-element_type=\"widget\" data-e-type=\"widget\" data-settings=\"{&quot;_animation&quot;:&quot;none&quot;,&quot;_animation_delay&quot;:300}\" data-widget_type=\"text-editor.default\">\n\t\t\t\t<div class=\"elementor-widget-container\">\n\t\t\t\t\t\t\t\t\t<h4>\u00a0<\/h4><p><strong>Samedi 21 et dimanche 22 septembre, de 15h \u00e0 21h.<\/strong><br \/>Lieu : Mus\u00e9e International de la Marionnette de Catalogne, \u00e0 Palau-Solit\u00e0 I Plegamans<br \/>Capacit\u00e9 : 15 personnes<br \/>12 heures de formation<br \/><em>Atelier promu par l&#039;IF Barcelona, le MIT et l&#039;Associaci\u00f3 Titella i Ter\u00e0pia de Catalunya avec la collaboration de la revue Titeresante.<\/em><\/p><p>Co\u00fbt : 120 euros.<\/p><p>Inscriptions avant le 31 ao\u00fbt 2024\u00a0: 100 euros<\/p><p>Rabais sur le 15% pour les membres Unima.<\/p><p>voir <a href=\"https:\/\/unima.es\/quienes-somos\/reglamento-de-becas\/\" target=\"_blank\" rel=\"noopener\">ICI<\/a> l&#039;aide offerte par Unima Federaci\u00f3n aux membres de l&#039;UNIMA. Acc\u00e9dez \u00e0 la F\u00e9d\u00e9ration UNIMA Espagne\u00a0:\u00a0<a href=\"mailto:secretaria@unima.es\">secretaria@unima.es<\/a><\/p><h4 class=\"wp-block-heading\"><strong>Cibles<\/strong><\/h4><p>\u2022 Savoir utiliser les outils pertinents pour intervenir aupr\u00e8s des enfants dans leur contexte familial.<br \/>\u2022 Identifier la signification du sympt\u00f4me et sa fonction dans la dynamique familiale<br \/>\u2022 Appliquer une intervention structur\u00e9e bas\u00e9e sur des approches psychanalytiques\/syst\u00e9miques et des techniques d&#039;art-th\u00e9rapie.<br \/>\u2022 D\u00e9velopper des comp\u00e9tences dans l&#039;utilisation des marionnettes comme m\u00e9diation pour am\u00e9liorer l&#039;image de soi du patient et sa perception de son r\u00f4le dans la famille.<\/p><h4 class=\"wp-block-heading\"><strong>Structure de la formation :<\/strong><\/h4><p>\u2013 Deux jours de formation (12 heures)<br \/>\u2013 Introduction au protocole d\u2019intervention et \u00e0 son contexte th\u00e9orique<\/p>\t\t\t\t\t\t\t\t<\/div>\n\t\t\t\t<\/div>\n\t\t\t\t<section class=\"elementor-section elementor-inner-section elementor-element elementor-element-5a61c75 elementor-section-boxed elementor-section-height-default elementor-section-height-default\" data-id=\"5a61c75\" data-element_type=\"section\" data-e-type=\"section\">\n\t\t\t\t\t\t<div class=\"elementor-container elementor-column-gap-default\">\n\t\t\t\t\t<div class=\"elementor-column elementor-col-50 elementor-inner-column elementor-element elementor-element-fa23d67\" data-id=\"fa23d67\" data-element_type=\"column\" data-e-type=\"column\">\n\t\t\t<div class=\"elementor-widget-wrap elementor-element-populated\">\n\t\t\t\t\t\t<div class=\"elementor-element elementor-element-c6aaaac elementor-widget__width-initial elementor-widget elementor-widget-image\" data-id=\"c6aaaac\" data-element_type=\"widget\" data-e-type=\"widget\" data-widget_type=\"image.default\">\n\t\t\t\t<div class=\"elementor-widget-container\">\n\t\t\t\t\t\t\t\t\t\t\t\t\t\t\t<img loading=\"lazy\" decoding=\"async\" width=\"800\" height=\"474\" src=\"https:\/\/www.museudetitelles.com\/wp-content\/uploads\/2024\/08\/karim-foto-Inigo-Royo-1080x640-1-1024x607.jpg\" class=\"attachment-large size-large wp-image-15071\" alt=\"\" srcset=\"https:\/\/www.museudetitelles.com\/wp-content\/uploads\/2024\/08\/karim-foto-Inigo-Royo-1080x640-1-1024x607.jpg 1024w, https:\/\/www.museudetitelles.com\/wp-content\/uploads\/2024\/08\/karim-foto-Inigo-Royo-1080x640-1-600x356.jpg 600w, https:\/\/www.museudetitelles.com\/wp-content\/uploads\/2024\/08\/karim-foto-Inigo-Royo-1080x640-1-300x178.jpg 300w, https:\/\/www.museudetitelles.com\/wp-content\/uploads\/2024\/08\/karim-foto-Inigo-Royo-1080x640-1-768x455.jpg 768w, https:\/\/www.museudetitelles.com\/wp-content\/uploads\/2024\/08\/karim-foto-Inigo-Royo-1080x640-1-18x12.jpg 18w, https:\/\/www.museudetitelles.com\/wp-content\/uploads\/2024\/08\/karim-foto-Inigo-Royo-1080x640-1.jpg 1080w\" sizes=\"(max-width: 800px) 100vw, 800px\">\t\t\t\t\t\t\t\t\t\t\t\t\t\t\t<\/div>\n\t\t\t\t<\/div>\n\t\t\t\t<div class=\"elementor-element elementor-element-d13476b elementor-widget__width-initial elementor-widget elementor-widget-text-editor\" data-id=\"d13476b\" data-element_type=\"widget\" data-e-type=\"widget\" data-widget_type=\"text-editor.default\">\n\t\t\t\t<div class=\"elementor-widget-container\">\n\t\t\t\t\t\t\t\t\t<h4 class=\"wp-block-heading\"><strong>le professeur<\/strong><\/h4><h5>Karim Dakroub, PhD, psychologue clinicien, psychoth\u00e9rapeute, metteur en sc\u00e8ne de th\u00e9\u00e2tre, marionnettiste et consultant psychosocial. Professeur \u00e0 l&#039;Universit\u00e9 Libanaise. Fondateur et pr\u00e9sident de l&#039;Association Khayal pour les Arts et l&#039;\u00c9ducation, repr\u00e9sentant de l&#039;UNIMA (Union Internationale des Marionnettes) au Liban. Il a \u00e9t\u00e9 le pionnier dans le monde arabe de l\u2019utilisation des marionnettes dans les domaines clinique et psychosocial, et l\u2019un des principaux experts mondiaux de cette pratique.<\/h5>\t\t\t\t\t\t\t\t<\/div>\n\t\t\t\t<\/div>\n\t\t\t\t\t<\/div>\n\t\t<\/div>\n\t\t\t\t<div class=\"elementor-column elementor-col-50 elementor-inner-column elementor-element elementor-element-1457fa4\" data-id=\"1457fa4\" data-element_type=\"column\" data-e-type=\"column\">\n\t\t\t<div class=\"elementor-widget-wrap elementor-element-populated\">\n\t\t\t\t\t\t<div class=\"elementor-element elementor-element-30b8237 elementor-widget elementor-widget-image\" data-id=\"30b8237\" data-element_type=\"widget\" data-e-type=\"widget\" data-widget_type=\"image.default\">\n\t\t\t\t<div class=\"elementor-widget-container\">\n\t\t\t\t\t\t\t\t\t\t\t\t\t\t\t<img decoding=\"async\" src=\"https:\/\/www.museudetitelles.com\/wp-content\/uploads\/elementor\/thumbs\/nuria-5-821x1536-1-768x1437-1-qrywucncx3bi83r9syozahzyc28e4qz1afstpr6m2o.jpg\" title=\"nurie-5-821\u00d71536-1-768\u00d71437-1\" alt=\"nuria-5-821x1536-1-768x1437-1\" loading=\"lazy\" \/>\t\t\t\t\t\t\t\t\t\t\t\t\t\t\t<\/div>\n\t\t\t\t<\/div>\n\t\t\t\t\t<\/div>\n\t\t<\/div>\n\t\t\t\t\t<\/div>\n\t\t<\/section>\n\t\t\t\t<section class=\"elementor-section elementor-inner-section elementor-element elementor-element-33cc227 elementor-section-boxed elementor-section-height-default elementor-section-height-default\" data-id=\"33cc227\" data-element_type=\"section\" data-e-type=\"section\">\n\t\t\t\t\t\t<div class=\"elementor-container elementor-column-gap-default\">\n\t\t\t\t\t<div class=\"elementor-column elementor-col-100 elementor-inner-column elementor-element elementor-element-4cad0ce\" data-id=\"4cad0ce\" data-element_type=\"column\" data-e-type=\"column\">\n\t\t\t<div class=\"elementor-widget-wrap elementor-element-populated\">\n\t\t\t\t\t\t<div class=\"elementor-element elementor-element-dfd57ef elementor-widget elementor-widget-text-editor\" data-id=\"dfd57ef\" data-element_type=\"widget\" data-e-type=\"widget\" data-settings=\"{&quot;_animation&quot;:&quot;none&quot;,&quot;_animation_delay&quot;:300}\" data-widget_type=\"text-editor.default\">\n\t\t\t\t<div class=\"elementor-widget-container\">\n\t\t\t\t\t\t\t\t\t<h4 class=\"wp-block-heading\"><strong>Partie th\u00e9orique :<\/strong><\/h4><p>\u2022 L&#039;arri\u00e8re-plan th\u00e9orique de la \u00ab transformation symbolique \u00bb, bas\u00e9 sur deux sources : Le lien entre la nature des marionnettes et le<em>animisme<\/em>\u00a0dont Freud a parl\u00e9 dans \u00ab Totem et tabou \u00bb (Freud 1919), et les m\u00e9thodes cr\u00e9atives en th\u00e9rapie familiale et de couple appel\u00e9es \u00ab Objets flottants \u00bb de (Caill\u00e9, Rey 2004) (Calli\u00e9 2007).<br \/>\u2022 La marionnette comme objet transitionnel bas\u00e9 sur le concept de ph\u00e9nom\u00e8ne transitionnel de Winnicott (Winnicott 1974)<br \/>\u2022 La pratique clinique des marionnettes dans le cadre de l&#039;EPR (Embodiment, Projection, Role) (Jennings 1998)<\/p><h4 class=\"wp-block-heading\"><strong>Partie pratique :<\/strong><\/h4><p>\u2022 Pr\u00e9sentation d&#039;une intervention clinique structur\u00e9e (protocole) (15 s\u00e9ances), pour traiter les troubles de l&#039;enfant \u00e0 l&#039;aide de marionnettes, dans le cadre d&#039;approches analytiques\/syst\u00e9miques.<br \/>\u2022 Pr\u00e9sentation d&#039;un cas pratique,<br \/>\u2022 Application de techniques, notamment d&#039;artisanat et de jeux de r\u00f4le, pour une meilleure compr\u00e9hension de l&#039;intervention clinique.<\/p>\t\t\t\t\t\t\t\t<\/div>\n\t\t\t\t<\/div>\n\t\t\t\t\t<\/div>\n\t\t<\/div>\n\t\t\t\t\t<\/div>\n\t\t<\/section>\n\t\t\t\t\t<\/div>\n\t\t<\/div>\n\t\t\t\t\t<\/div>\n\t\t<\/section>\n\t\t\t\t<section class=\"elementor-section elementor-top-section elementor-element elementor-element-1aa9cca1 elementor-section-boxed elementor-section-height-default elementor-section-height-default\" data-id=\"1aa9cca1\" data-element_type=\"section\" data-e-type=\"section\" data-settings=\"{&quot;background_background&quot;:&quot;classic&quot;}\">\n\t\t\t\t\t\t<div class=\"elementor-container elementor-column-gap-default\">\n\t\t\t\t\t<div class=\"elementor-column elementor-col-100 elementor-top-column elementor-element elementor-element-e10877e\" data-id=\"e10877e\" data-element_type=\"column\" data-e-type=\"column\" data-settings=\"{&quot;background_background&quot;:&quot;classic&quot;,&quot;animation&quot;:&quot;none&quot;}\">\n\t\t\t<div class=\"elementor-widget-wrap elementor-element-populated\">\n\t\t\t\t\t\t<div class=\"elementor-element elementor-element-688ed2f elementor-widget elementor-widget-heading\" data-id=\"688ed2f\" data-element_type=\"widget\" data-e-type=\"widget\" data-widget_type=\"heading.default\">\n\t\t\t\t<div class=\"elementor-widget-container\">\n\t\t\t\t\t<h1 class=\"elementor-heading-title elementor-size-default\">KARIM DAKROUB (Liban)<\/h1>\t\t\t\t<\/div>\n\t\t\t\t<\/div>\n\t\t\t\t\t<\/div>\n\t\t<\/div>\n\t\t\t\t\t<\/div>\n\t\t<\/section>\n\t\t\t\t<section class=\"elementor-section elementor-top-section elementor-element elementor-element-45d9823a elementor-section-boxed elementor-section-height-default elementor-section-height-default\" data-id=\"45d9823a\" data-element_type=\"section\" data-e-type=\"section\">\n\t\t\t\t\t\t<div class=\"elementor-container elementor-column-gap-default\">\n\t\t\t\t\t<div class=\"elementor-column elementor-col-100 elementor-top-column elementor-element elementor-element-49edf007\" data-id=\"49edf007\" data-element_type=\"column\" data-e-type=\"column\" data-settings=\"{&quot;background_background&quot;:&quot;classic&quot;,&quot;animation&quot;:&quot;none&quot;}\">\n\t\t\t<div class=\"elementor-widget-wrap elementor-element-populated\">\n\t\t\t\t\t\t<div class=\"elementor-element elementor-element-29378c1a elementor-widget elementor-widget-text-editor\" data-id=\"29378c1a\" data-element_type=\"widget\" data-e-type=\"widget\" data-widget_type=\"text-editor.default\">\n\t\t\t\t<div class=\"elementor-widget-container\">\n\t\t\t\t\t\t\t\t\t<p><b>Karim DAKROUB,<\/b> il est metteur en sc\u00e8ne de th\u00e9\u00e2tre, marionnettiste, psychologue clinicien\/psychoth\u00e9rapeute et consultant psychosocial. Il est dipl\u00f4m\u00e9 de l&#039;Acad\u00e9mie de th\u00e9\u00e2tre de Saint-P\u00e9tersbourg et d&#039;autres universit\u00e9s. Il est actuellement professeur \u00e0 l&#039;Universit\u00e9 du Liban. En tant que fondateur et pr\u00e9sident de <b>l&#039;Association KHAYAL pour les arts et l&#039;\u00e9ducation,<\/b> il a con\u00e7u et dirig\u00e9 plusieurs projets culturels, sociaux et psychosociaux et a travaill\u00e9 avec plusieurs organisations locales et internationales. Ses pi\u00e8ces de marionnettes ont \u00e9t\u00e9 jou\u00e9es dans de nombreux festivals \u00e0 travers le monde. Il a travaill\u00e9 comme expert psychosocial et formateur en r\u00e9ponse \u00e0 diverses guerres et crises au Moyen-Orient.<br \/>Apr\u00e8s de nombreuses ann\u00e9es de travail avec <b>la marionnette s&#039;appliquait aux populations vuln\u00e9rables, telles que les r\u00e9fugi\u00e9s et les victimes des actions militaires au Moyen-Orient.<\/b><\/p>\t\t\t\t\t\t\t\t<\/div>\n\t\t\t\t<\/div>\n\t\t\t\t<div class=\"elementor-element elementor-element-de2a64c elementor-widget elementor-widget-image\" data-id=\"de2a64c\" data-element_type=\"widget\" data-e-type=\"widget\" data-widget_type=\"image.default\">\n\t\t\t\t<div class=\"elementor-widget-container\">\n\t\t\t\t\t\t\t\t\t\t\t\t\t\t\t<img loading=\"lazy\" decoding=\"async\" width=\"591\" height=\"591\" src=\"https:\/\/www.museudetitelles.com\/wp-content\/uploads\/2024\/08\/Titelles-en-lambit-clinic.-Unint-les-lluites-diaries-i-la-realitat-dramatica-1.png\" class=\"attachment-large size-large wp-image-15042\" alt=\"\" srcset=\"https:\/\/www.museudetitelles.com\/wp-content\/uploads\/2024\/08\/Titelles-en-lambit-clinic.-Unint-les-lluites-diaries-i-la-realitat-dramatica-1.png 591w, https:\/\/www.museudetitelles.com\/wp-content\/uploads\/2024\/08\/Titelles-en-lambit-clinic.-Unint-les-lluites-diaries-i-la-realitat-dramatica-1-300x300.png 300w, https:\/\/www.museudetitelles.com\/wp-content\/uploads\/2024\/08\/Titelles-en-lambit-clinic.-Unint-les-lluites-diaries-i-la-realitat-dramatica-1-100x100.png 100w, https:\/\/www.museudetitelles.com\/wp-content\/uploads\/2024\/08\/Titelles-en-lambit-clinic.-Unint-les-lluites-diaries-i-la-realitat-dramatica-1-150x150.png 150w, https:\/\/www.museudetitelles.com\/wp-content\/uploads\/2024\/08\/Titelles-en-lambit-clinic.-Unint-les-lluites-diaries-i-la-realitat-dramatica-1-12x12.png 12w, https:\/\/www.museudetitelles.com\/wp-content\/uploads\/2024\/08\/Titelles-en-lambit-clinic.-Unint-les-lluites-diaries-i-la-realitat-dramatica-1-250x250.png 250w\" sizes=\"(max-width: 591px) 100vw, 591px\">\t\t\t\t\t\t\t\t\t\t\t\t\t\t\t<\/div>\n\t\t\t\t<\/div>\n\t\t\t\t\t<\/div>\n\t\t<\/div>\n\t\t\t\t\t<\/div>\n\t\t<\/section>\n\t\t\t\t<section class=\"elementor-section elementor-top-section elementor-element elementor-element-fb8fbd5 elementor-section-boxed elementor-section-height-default elementor-section-height-default\" data-id=\"fb8fbd5\" data-element_type=\"section\" data-e-type=\"section\">\n\t\t\t\t\t\t<div class=\"elementor-container elementor-column-gap-default\">\n\t\t\t\t\t<div class=\"elementor-column elementor-col-100 elementor-top-column elementor-element elementor-element-0d7568f\" data-id=\"0d7568f\" data-element_type=\"column\" data-e-type=\"column\">\n\t\t\t<div class=\"elementor-widget-wrap elementor-element-populated\">\n\t\t\t\t\t\t<div class=\"elementor-element elementor-element-88429de elementor-widget elementor-widget-text-editor\" data-id=\"88429de\" data-element_type=\"widget\" data-e-type=\"widget\" data-widget_type=\"text-editor.default\">\n\t\t\t\t<div class=\"elementor-widget-container\">\n\t\t\t\t\t\t\t\t\t<h2><strong>INFORMATIONS PRATIQUES<\/strong><\/h2><p><strong>Comment aller l\u00e0:<\/strong><\/p><div class=\"elementor-element elementor-element-3f8a5902 elementor-widget elementor-widget-text-editor\" data-id=\"3f8a5902\" data-element_type=\"widget\" data-widget_type=\"text-editor.default\"><div class=\"elementor-widget-container\"><p>Avec votre propre v\u00e9hicule ou en bus\u00a0<a role=\"link\" href=\"https:\/\/www.sagales.com\/\" target=\"_blank\" rel=\"noopener\"><span style=\"text-decoration: underline;\">Sagal\u00e9s<\/span><\/a><span style=\"text-decoration: underline;\">.<\/span><\/p><p>Parking gratuit.<\/p><\/div><\/div>\t\t\t\t\t\t\t\t<\/div>\n\t\t\t\t<\/div>\n\t\t\t\t<div class=\"elementor-element elementor-element-bc2d48b elementor-widget__width-initial elementor-widget elementor-widget-text-editor\" data-id=\"bc2d48b\" data-element_type=\"widget\" data-e-type=\"widget\" data-widget_type=\"text-editor.default\">\n\t\t\t\t<div class=\"elementor-widget-container\">\n\t\t\t\t\t\t\t\t\t<h2 class=\"wp-block-heading\"><strong>H\u00d4TELS<\/strong><\/h2><p><strong>PALAU-SOLIT\u00c1 ET PLEGAMANS<\/strong><\/p><p><a href=\"https:\/\/el-petit-bed-breakfast-plegamans.hotelmix.es\/\" target=\"_blank\" rel=\"noreferrer noopener\"><span style=\"text-decoration: underline;\">Le Petit Bed&amp;Breakfast<\/span><\/a><br \/><span style=\"text-decoration: underline;\"><a href=\"http:\/\/www.camireial.com\/\" target=\"_blank\" rel=\"noreferrer noopener\">Cam\u00ed Real Pension<\/a><\/span><\/p><p><strong>CALDES DE MONTBUI<\/strong><\/p><p><span style=\"text-decoration: underline;\"><a href=\"https:\/\/www.balnearibroquetas.com\/?gclid=Cj0KCQjwl92XBhC7ARIsAHLl9an1WVikjsH4lUx737XiMSmnU-JM29x0IKMzA8GEHJTvt9YdFqemZ6caAmTbEALw_wcB\" target=\"_blank\" rel=\"noreferrer noopener\">H\u00f4tel \u00e0 Broquetas\u00a0<\/a><\/span><br \/><span style=\"text-decoration: underline;\"><a href=\"https:\/\/www.termesvictoria.com\/\" target=\"_blank\" rel=\"noreferrer noopener\">Thermes Victoria<\/a><\/span><br \/><span style=\"text-decoration: underline;\"><a href=\"https:\/\/www.hotelviladecaldes.com\/ofertas-y-escapadas\/?gclid=Cj0KCQjwl92XBhC7ARIsAHLl9anp_7f6tLt9wA3df4S959vnWvZ20NavaXrRRv_GTasgMQz9UmJTRNAaApwnEALw_wcB\" target=\"_blank\" rel=\"noreferrer noopener\">H\u00f4tel Villa de Caldes<\/a><\/span><br \/><span style=\"text-decoration: underline;\"><a href=\"https:\/\/www.cancaponet.com\/es\/\" target=\"_blank\" rel=\"noreferrer noopener\">H\u00f4tel Can Caponet<\/a><\/span><br \/><span style=\"text-decoration: underline;\"><a href=\"https:\/\/apartament-font-del-lleo-apartment-caldes-de-montbui.hotelmix.es\/\" target=\"_blank\" rel=\"noreferrer noopener\">Appartement Font Del Lle\u00f3<\/a><\/span><br \/><span style=\"text-decoration: underline;\"><a href=\"https:\/\/casa-de-poble-termes-romanes-holiday-home-caldes-de-montbui.hotelmix.es\/\" target=\"_blank\" rel=\"noreferrer noopener\">Maison de Village Thermes Romains<\/a><\/span><br \/><a href=\"https:\/\/villa-mont-caldes-de-montbui.hotelmix.es\/\" target=\"_blank\" rel=\"noreferrer noopener\"><span style=\"text-decoration: underline;\">Villa Mont<\/span>\u00a0<\/a>(maison de 4 pi\u00e8ces)<\/p><p>Plus d&#039;informations sur les h\u00f4tels \u00e0 Caldes de Montbui <a href=\"https:\/\/www-caldesdemontbui-cat.translate.goog\/municipi\/menjar-i-dormir\/?_x_tr_sl=ca&amp;_x_tr_tl=es&amp;_x_tr_hl=esie%3DUTF-8\" target=\"_blank\" rel=\"noreferrer noopener\"><strong>ici<\/strong><\/a><\/p><p><strong>\u00a0MOLLET DEL VALL\u00c9S<\/strong><\/p><p><a href=\"https:\/\/www.hotel-bb.com\/es\/hotel\/barcelona-mollet?utm_source=google&amp;utm_medium=voila&amp;utm_campaign=ES_Search_Generico_Barcelona&amp;gclid=Cj0KCQjwl92XBhC7ARIsAHLl9alHcFVQRCeB6BhtrJib-zuLKR9EltU8ihWDYCKmSS2QhyXXDTUz3msaArtiEALw_wcB\" target=\"_blank\" rel=\"noreferrer noopener\"><span style=\"text-decoration: underline;\">B&amp;B H\u00f4tel Barcelone Mollet<\/span><\/a> (c&#039;est 10 min. en voiture ou en bus)<\/p>\t\t\t\t\t\t\t\t<\/div>\n\t\t\t\t<\/div>\n\t\t\t\t\t<\/div>\n\t\t<\/div>\n\t\t\t\t\t<\/div>\n\t\t<\/section>\n\t\t\t\t<\/div>","protected":false},"excerpt":{"rendered":"<p>Titelles en l\u2019\u00e0mbit cl\u00ednic. Unint les lluites di\u00e0ries i la \u201crealitat dram\u00e0tica\u201d \u00a0 Formaci\u00f3 especialitzada dirigida a psic\u00f2legs cl\u00ednics, terapeutes familiars, educadors, mediadors familiars, treballadors socials i professionals que vulguin con\u00e8ixer la intervenci\u00f3 amb infants en el seu context familiar. Impulsat per: INSCRIPCI\u00d3 \u00a0 Dissabte 21 de setembre i diumenge 22 de setembre, de 15h [&hellip;]<\/p>\n","protected":false},"author":10,"featured_media":0,"parent":13128,"menu_order":14,"comment_status":"closed","ping_status":"closed","template":"elementor_canvas","meta":{"footnotes":""},"class_list":["post-15059","page","type-page","status-publish","hentry"],"amp_enabled":false,"_links":{"self":[{"href":"https:\/\/www.museudetitelles.com\/fr\/wp-json\/wp\/v2\/pages\/15059","targetHints":{"allow":["GET"]}}],"collection":[{"href":"https:\/\/www.museudetitelles.com\/fr\/wp-json\/wp\/v2\/pages"}],"about":[{"href":"https:\/\/www.museudetitelles.com\/fr\/wp-json\/wp\/v2\/types\/page"}],"author":[{"embeddable":true,"href":"https:\/\/www.museudetitelles.com\/fr\/wp-json\/wp\/v2\/users\/10"}],"replies":[{"embeddable":true,"href":"https:\/\/www.museudetitelles.com\/fr\/wp-json\/wp\/v2\/comments?post=15059"}],"version-history":[{"count":32,"href":"https:\/\/www.museudetitelles.com\/fr\/wp-json\/wp\/v2\/pages\/15059\/revisions"}],"predecessor-version":[{"id":15122,"href":"https:\/\/www.museudetitelles.com\/fr\/wp-json\/wp\/v2\/pages\/15059\/revisions\/15122"}],"up":[{"embeddable":true,"href":"https:\/\/www.museudetitelles.com\/fr\/wp-json\/wp\/v2\/pages\/13128"}],"wp:attachment":[{"href":"https:\/\/www.museudetitelles.com\/fr\/wp-json\/wp\/v2\/media?parent=15059"}],"curies":[{"name":"wp","href":"https:\/\/api.w.org\/{rel}","templated":true}]}}