{"id":13169,"date":"2023-09-11T14:55:35","date_gmt":"2023-09-11T12:55:35","guid":{"rendered":"https:\/\/www.museudetitelles.com\/?page_id=13169"},"modified":"2025-02-24T07:36:34","modified_gmt":"2025-02-24T06:36:34","slug":"historic","status":"publish","type":"page","link":"https:\/\/www.museudetitelles.com\/fr\/activitats-al-museu-de-titelles\/historic\/","title":{"rendered":"HISTORIQUE"},"content":{"rendered":"<div data-elementor-type=\"wp-page\" data-elementor-id=\"13169\" class=\"elementor elementor-13169\" data-elementor-post-type=\"page\">\n\t\t\t\t\t\t<section class=\"elementor-section elementor-top-section elementor-element elementor-element-59dc7066 elementor-section-stretched elementor-section-boxed elementor-section-height-default elementor-section-height-default\" data-id=\"59dc7066\" data-element_type=\"section\" data-e-type=\"section\" data-settings=\"{&quot;stretch_section&quot;:&quot;section-stretched&quot;,&quot;background_background&quot;:&quot;classic&quot;}\">\n\t\t\t\t\t\t\t<div class=\"elementor-background-overlay\"><\/div>\n\t\t\t\t\t\t\t<div class=\"elementor-container elementor-column-gap-default\">\n\t\t\t\t\t<div class=\"elementor-column elementor-col-100 elementor-top-column elementor-element elementor-element-796485e4\" data-id=\"796485e4\" data-element_type=\"column\" data-e-type=\"column\">\n\t\t\t<div class=\"elementor-widget-wrap elementor-element-populated\">\n\t\t\t\t\t\t<section class=\"elementor-section elementor-inner-section elementor-element elementor-element-273433c1 elementor-section-boxed elementor-section-height-default elementor-section-height-default\" data-id=\"273433c1\" data-element_type=\"section\" data-e-type=\"section\" data-settings=\"{&quot;background_background&quot;:&quot;classic&quot;}\">\n\t\t\t\t\t\t<div class=\"elementor-container elementor-column-gap-default\">\n\t\t\t\t\t<div class=\"elementor-column elementor-col-100 elementor-inner-column elementor-element elementor-element-2cd31e37\" data-id=\"2cd31e37\" data-element_type=\"column\" data-e-type=\"column\" data-settings=\"{&quot;background_background&quot;:&quot;classic&quot;,&quot;animation&quot;:&quot;none&quot;,&quot;animation_delay&quot;:300}\">\n\t\t\t<div class=\"elementor-widget-wrap elementor-element-populated\">\n\t\t\t\t\t\t<div class=\"elementor-element elementor-element-4569341f elementor-widget elementor-widget-heading\" data-id=\"4569341f\" data-element_type=\"widget\" data-e-type=\"widget\" data-widget_type=\"heading.default\">\n\t\t\t\t<div class=\"elementor-widget-container\">\n\t\t\t\t\t<h5 class=\"elementor-heading-title elementor-size-default\">Des souvenirs encourageants<\/h5>\t\t\t\t<\/div>\n\t\t\t\t<\/div>\n\t\t\t\t\t<\/div>\n\t\t<\/div>\n\t\t\t\t\t<\/div>\n\t\t<\/section>\n\t\t\t\t<div class=\"elementor-element elementor-element-756ddc10 elementor-widget elementor-widget-heading\" data-id=\"756ddc10\" data-element_type=\"widget\" data-e-type=\"widget\" data-settings=\"{&quot;_animation&quot;:&quot;none&quot;,&quot;_animation_delay&quot;:400}\" data-widget_type=\"heading.default\">\n\t\t\t\t<div class=\"elementor-widget-container\">\n\t\t\t\t\t<h2 class=\"elementor-heading-title elementor-size-default\">Un mus\u00e9e, mille histoires<\/h2>\t\t\t\t<\/div>\n\t\t\t\t<\/div>\n\t\t\t\t<div class=\"elementor-element elementor-element-1dc69ac2 elementor-widget elementor-widget-text-editor\" data-id=\"1dc69ac2\" data-element_type=\"widget\" data-e-type=\"widget\" data-settings=\"{&quot;_animation&quot;:&quot;none&quot;,&quot;_animation_delay&quot;:500}\" data-widget_type=\"text-editor.default\">\n\t\t\t\t<div class=\"elementor-widget-container\">\n\t\t\t\t\t\t\t\t\t<h3>Les activit\u00e9s men\u00e9es au MIT restent d&#039;actualit\u00e9<\/h3>\t\t\t\t\t\t\t\t<\/div>\n\t\t\t\t<\/div>\n\t\t\t\t\t<\/div>\n\t\t<\/div>\n\t\t\t\t\t<\/div>\n\t\t<\/section>\n\t\t\t\t<section class=\"elementor-section elementor-top-section elementor-element elementor-element-cd766e8 elementor-section-boxed elementor-section-height-default elementor-section-height-default\" data-id=\"cd766e8\" data-element_type=\"section\" data-e-type=\"section\">\n\t\t\t\t\t\t<div class=\"elementor-container elementor-column-gap-default\">\n\t\t\t\t\t<div class=\"elementor-column elementor-col-100 elementor-top-column elementor-element elementor-element-d36cfa9\" data-id=\"d36cfa9\" data-element_type=\"column\" data-e-type=\"column\">\n\t\t\t<div class=\"elementor-widget-wrap elementor-element-populated\">\n\t\t\t\t\t\t<div class=\"elementor-element elementor-element-9472331 elementor-widget elementor-widget-spacer\" data-id=\"9472331\" data-element_type=\"widget\" data-e-type=\"widget\" data-widget_type=\"spacer.default\">\n\t\t\t\t<div class=\"elementor-widget-container\">\n\t\t\t\t\t\t\t<div class=\"elementor-spacer\">\n\t\t\t<div class=\"elementor-spacer-inner\"><\/div>\n\t\t<\/div>\n\t\t\t\t\t\t<\/div>\n\t\t\t\t<\/div>\n\t\t\t\t\t<\/div>\n\t\t<\/div>\n\t\t\t\t\t<\/div>\n\t\t<\/section>\n\t\t\t\t<section class=\"elementor-section elementor-top-section elementor-element elementor-element-c260b32 elementor-section-boxed elementor-section-height-default elementor-section-height-default\" data-id=\"c260b32\" data-element_type=\"section\" data-e-type=\"section\">\n\t\t\t\t\t\t<div class=\"elementor-container elementor-column-gap-extended\">\n\t\t\t\t\t<div class=\"elementor-column elementor-col-25 elementor-top-column elementor-element elementor-element-acb58ff\" data-id=\"acb58ff\" data-element_type=\"column\" data-e-type=\"column\">\n\t\t\t<div class=\"elementor-widget-wrap elementor-element-populated\">\n\t\t\t\t\t\t<div class=\"elementor-element elementor-element-0cb65f9 e-transform elementor-widget elementor-widget-image\" data-id=\"0cb65f9\" data-element_type=\"widget\" data-e-type=\"widget\" data-settings=\"{&quot;_animation&quot;:&quot;none&quot;,&quot;_transform_rotateZ_effect&quot;:{&quot;unit&quot;:&quot;px&quot;,&quot;size&quot;:&quot;&quot;,&quot;sizes&quot;:[]},&quot;_transform_rotateZ_effect_tablet&quot;:{&quot;unit&quot;:&quot;deg&quot;,&quot;size&quot;:&quot;&quot;,&quot;sizes&quot;:[]},&quot;_transform_rotateZ_effect_mobile&quot;:{&quot;unit&quot;:&quot;deg&quot;,&quot;size&quot;:&quot;&quot;,&quot;sizes&quot;:[]}}\" data-widget_type=\"image.default\">\n\t\t\t\t<div class=\"elementor-widget-container\">\n\t\t\t\t\t\t\t\t\t\t\t\t\t\t\t<img fetchpriority=\"high\" decoding=\"async\" width=\"1024\" height=\"1024\" src=\"https:\/\/www.museudetitelles.com\/wp-content\/uploads\/2023\/09\/curs-de-titelles-corporals-object-score.jpg\" class=\"elementor-animation-shrink attachment-full size-full wp-image-13322\" alt=\"curs de titelles corporals, object score\" srcset=\"https:\/\/www.museudetitelles.com\/wp-content\/uploads\/2023\/09\/curs-de-titelles-corporals-object-score.jpg 1024w, https:\/\/www.museudetitelles.com\/wp-content\/uploads\/2023\/09\/curs-de-titelles-corporals-object-score-300x300.jpg 300w, https:\/\/www.museudetitelles.com\/wp-content\/uploads\/2023\/09\/curs-de-titelles-corporals-object-score-150x150.jpg 150w, https:\/\/www.museudetitelles.com\/wp-content\/uploads\/2023\/09\/curs-de-titelles-corporals-object-score-768x768.jpg 768w, https:\/\/www.museudetitelles.com\/wp-content\/uploads\/2023\/09\/curs-de-titelles-corporals-object-score-12x12.jpg 12w, https:\/\/www.museudetitelles.com\/wp-content\/uploads\/2023\/09\/curs-de-titelles-corporals-object-score-250x250.jpg 250w, https:\/\/www.museudetitelles.com\/wp-content\/uploads\/2023\/09\/elementor\/thumbs\/curs-de-titelles-corporals-object-score-qcalsbib8zydlozy0jbf2dgdkkvp3o31isv3xw790w.jpg 600w\" sizes=\"(max-width: 1024px) 100vw, 1024px\" \/>\t\t\t\t\t\t\t\t\t\t\t\t\t\t\t<\/div>\n\t\t\t\t<\/div>\n\t\t\t\t<div class=\"elementor-element elementor-element-de0de0f elementor-widget elementor-widget-heading\" data-id=\"de0de0f\" data-element_type=\"widget\" data-e-type=\"widget\" data-widget_type=\"heading.default\">\n\t\t\t\t<div class=\"elementor-widget-container\">\n\t\t\t\t\t<h2 class=\"elementor-heading-title elementor-size-default\">Cours de marionnettes corporelles. Score d&#039;objet\n<\/h2>\t\t\t\t<\/div>\n\t\t\t\t<\/div>\n\t\t\t\t<div class=\"elementor-element elementor-element-9132994 elementor-widget elementor-widget-heading\" data-id=\"9132994\" data-element_type=\"widget\" data-e-type=\"widget\" data-widget_type=\"heading.default\">\n\t\t\t\t<div class=\"elementor-widget-container\">\n\t\t\t\t\t<h6 class=\"elementor-heading-title elementor-size-default\">\nEnseign\u00e9 par Duda Paiva. Br\u00e9sil-Pays-Bas<\/h6>\t\t\t\t<\/div>\n\t\t\t\t<\/div>\n\t\t\t\t<div class=\"elementor-element elementor-element-1b12c99 elementor-widget elementor-widget-text-editor\" data-id=\"1b12c99\" data-element_type=\"widget\" data-e-type=\"widget\" data-widget_type=\"text-editor.default\">\n\t\t\t\t<div class=\"elementor-widget-container\">\n\t\t\t\t\t\t\t\t\t<div class=\"elementor-element elementor-element-61e7eea elementor-widget elementor-widget-heading\" data-id=\"61e7eea\" data-element_type=\"widget\" data-widget_type=\"heading.default\"><div class=\"elementor-widget-container\">\u00a0<b style=\"background-color: inherit;\">Destin\u00e9 aux jeunes et aux adultes.<\/b><\/div><\/div><div class=\"elementor-element elementor-element-8de8bee elementor-widget elementor-widget-text-editor\" data-id=\"8de8bee\" data-element_type=\"widget\" data-widget_type=\"text-editor.default\"><div class=\"elementor-widget-container\"><p><b>Dates : 16-17 NOVEMBRE 2024\u00a0<\/b><\/p><p><b>Horaires : samedi 16 de 10h \u00e0 14h et de 15h \u00e0 19h. dimanche 17 de 10h \u00e0 14h<\/b><\/p><p><b>DUR\u00c9E TOTALE : 12 heures<\/b><\/p><p>En collaboration avec le Festival IF Barcelona et le Magazine Titeresante<\/p><p><b><a role=\"link\" href=\"https:\/\/dudapaiva.com\/en\/\" target=\"_blank\" rel=\"noopener\">Doute<\/a><\/b>\u00a0<b><a role=\"link\" href=\"https:\/\/dudapaiva.com\/en\/\" target=\"_blank\" rel=\"noopener\">paiva<\/a><\/b>\u00a0acteur et danseur polyvalent. Il a repr\u00e9sent\u00e9 les cinq continents dans diff\u00e9rents festivals de danse et de th\u00e9\u00e2tre d\u2019animation. En tant qu&#039;entreprise, elle a remport\u00e9 plus de 30 prix internationaux et est aujourd&#039;hui consid\u00e9r\u00e9e\u00a0<b>l&#039;un des plus connus\u00a0<\/b><b>effectuer<\/b><b>\u00a0Du monde<\/b>.<\/p><p>Object Score est une m\u00e9thode th\u00e9\u00e2trale. Le but est de donner vie \u00e0 un corps fictif\/po\u00e9tique ; un alter ego, une extension de soi, utilisant le corps comme paysage pour la marionnette et vice versa, pour explorer l&#039;espace et cr\u00e9er des motifs chor\u00e9graphiques. C&#039;est une forme tr\u00e8s sp\u00e9cifique de chor\u00e9graphie pour deux corps fonctionnant sous le m\u00eame esprit.<\/p><\/div><\/div>\t\t\t\t\t\t\t\t<\/div>\n\t\t\t\t<\/div>\n\t\t\t\t\t<\/div>\n\t\t<\/div>\n\t\t\t\t<div class=\"elementor-column elementor-col-25 elementor-top-column elementor-element elementor-element-e3b12ca\" data-id=\"e3b12ca\" data-element_type=\"column\" data-e-type=\"column\">\n\t\t\t<div class=\"elementor-widget-wrap elementor-element-populated\">\n\t\t\t\t\t\t<div class=\"elementor-element elementor-element-8294a18 elementor-widget elementor-widget-image\" data-id=\"8294a18\" data-element_type=\"widget\" data-e-type=\"widget\" data-widget_type=\"image.default\">\n\t\t\t\t<div class=\"elementor-widget-container\">\n\t\t\t\t\t\t\t\t\t\t\t\t\t\t\t<img decoding=\"async\" width=\"591\" height=\"591\" src=\"https:\/\/www.museudetitelles.com\/wp-content\/uploads\/2024\/06\/sota-lencis-lluna1-copia.png\" class=\"elementor-animation-shrink attachment-full size-full wp-image-14941\" alt=\"\" srcset=\"https:\/\/www.museudetitelles.com\/wp-content\/uploads\/2024\/06\/sota-lencis-lluna1-copia.png 591w, https:\/\/www.museudetitelles.com\/wp-content\/uploads\/2024\/06\/sota-lencis-lluna1-copia-300x300.png 300w, https:\/\/www.museudetitelles.com\/wp-content\/uploads\/2024\/06\/sota-lencis-lluna1-copia-100x100.png 100w, https:\/\/www.museudetitelles.com\/wp-content\/uploads\/2024\/06\/sota-lencis-lluna1-copia-150x150.png 150w, https:\/\/www.museudetitelles.com\/wp-content\/uploads\/2024\/06\/sota-lencis-lluna1-copia-12x12.png 12w, https:\/\/www.museudetitelles.com\/wp-content\/uploads\/2024\/06\/sota-lencis-lluna1-copia-250x250.png 250w\" sizes=\"(max-width: 591px) 100vw, 591px\">\t\t\t\t\t\t\t\t\t\t\t\t\t\t\t<\/div>\n\t\t\t\t<\/div>\n\t\t\t\t<div class=\"elementor-element elementor-element-0a8508f elementor-widget elementor-widget-heading\" data-id=\"0a8508f\" data-element_type=\"widget\" data-e-type=\"widget\" data-widget_type=\"heading.default\">\n\t\t\t\t<div class=\"elementor-widget-container\">\n\t\t\t\t\t<h2 class=\"elementor-heading-title elementor-size-default\">CYCLE TH\u00c9\u00c2TRE ET MUSIQUE Juillet 2024<\/h2>\t\t\t\t<\/div>\n\t\t\t\t<\/div>\n\t\t\t\t<div class=\"elementor-element elementor-element-10f621f elementor-widget elementor-widget-heading\" data-id=\"10f621f\" data-element_type=\"widget\" data-e-type=\"widget\" data-widget_type=\"heading.default\">\n\t\t\t\t<div class=\"elementor-widget-container\">\n\t\t\t\t\t<h6 class=\"elementor-heading-title elementor-size-default\">&quot;SOUS L&#039;ENCHANTEMENT DE LA LUNE&quot;<\/h6>\t\t\t\t<\/div>\n\t\t\t\t<\/div>\n\t\t\t\t<div class=\"elementor-element elementor-element-40299d6 elementor-widget__width-initial elementor-widget elementor-widget-text-editor\" data-id=\"40299d6\" data-element_type=\"widget\" data-e-type=\"widget\" data-widget_type=\"text-editor.default\">\n\t\t\t\t<div class=\"elementor-widget-container\">\n\t\t\t\t\t\t\t\t\t<h5><strong>TH\u00c9\u00c2TRE FOUG\u00c8RE, <\/strong><strong>Le th\u00e9\u00e2tre en plein air du MIT<\/strong><\/h5><h5>Vendredi 12 : Magicarium. <strong>Teia Moner<\/strong> 21:00<\/h5><h5>Vendredi 19 : Concert de musique. <strong>Bertrand Swing Band<\/strong> 21:00<\/h5><h5>Vendredi 26 : Ombres Magiques. <strong>Brando et Silvana<\/strong> 22:00<\/h5><h5><strong>prix populaires<\/strong><\/h5>\t\t\t\t\t\t\t\t<\/div>\n\t\t\t\t<\/div>\n\t\t\t\t\t<\/div>\n\t\t<\/div>\n\t\t\t\t<div class=\"elementor-column elementor-col-25 elementor-top-column elementor-element elementor-element-1648389\" data-id=\"1648389\" data-element_type=\"column\" data-e-type=\"column\">\n\t\t\t<div class=\"elementor-widget-wrap elementor-element-populated\">\n\t\t\t\t\t\t<div class=\"elementor-element elementor-element-cb19343 e-transform elementor-widget elementor-widget-image\" data-id=\"cb19343\" data-element_type=\"widget\" data-e-type=\"widget\" data-settings=\"{&quot;_animation&quot;:&quot;none&quot;,&quot;_transform_rotateZ_effect&quot;:{&quot;unit&quot;:&quot;px&quot;,&quot;size&quot;:&quot;&quot;,&quot;sizes&quot;:[]},&quot;_transform_rotateZ_effect_tablet&quot;:{&quot;unit&quot;:&quot;deg&quot;,&quot;size&quot;:&quot;&quot;,&quot;sizes&quot;:[]},&quot;_transform_rotateZ_effect_mobile&quot;:{&quot;unit&quot;:&quot;deg&quot;,&quot;size&quot;:&quot;&quot;,&quot;sizes&quot;:[]}}\" data-widget_type=\"image.default\">\n\t\t\t\t<div class=\"elementor-widget-container\">\n\t\t\t\t\t\t\t\t\t\t\t\t\t\t\t<img decoding=\"async\" width=\"591\" height=\"591\" src=\"https:\/\/www.museudetitelles.com\/wp-content\/uploads\/2024\/06\/VIII-JORNADES-DE-TITELLES-I-EDUCACIO-copia-3.png\" class=\"elementor-animation-shrink attachment-full size-full wp-image-14939\" alt=\"\" srcset=\"https:\/\/www.museudetitelles.com\/wp-content\/uploads\/2024\/06\/VIII-JORNADES-DE-TITELLES-I-EDUCACIO-copia-3.png 591w, https:\/\/www.museudetitelles.com\/wp-content\/uploads\/2024\/06\/VIII-JORNADES-DE-TITELLES-I-EDUCACIO-copia-3-300x300.png 300w, https:\/\/www.museudetitelles.com\/wp-content\/uploads\/2024\/06\/VIII-JORNADES-DE-TITELLES-I-EDUCACIO-copia-3-100x100.png 100w, https:\/\/www.museudetitelles.com\/wp-content\/uploads\/2024\/06\/VIII-JORNADES-DE-TITELLES-I-EDUCACIO-copia-3-150x150.png 150w, https:\/\/www.museudetitelles.com\/wp-content\/uploads\/2024\/06\/VIII-JORNADES-DE-TITELLES-I-EDUCACIO-copia-3-12x12.png 12w, https:\/\/www.museudetitelles.com\/wp-content\/uploads\/2024\/06\/VIII-JORNADES-DE-TITELLES-I-EDUCACIO-copia-3-250x250.png 250w\" sizes=\"(max-width: 591px) 100vw, 591px\">\t\t\t\t\t\t\t\t\t\t\t\t\t\t\t<\/div>\n\t\t\t\t<\/div>\n\t\t\t\t<div class=\"elementor-element elementor-element-805c5cb elementor-widget elementor-widget-heading\" data-id=\"805c5cb\" data-element_type=\"widget\" data-e-type=\"widget\" data-widget_type=\"heading.default\">\n\t\t\t\t<div class=\"elementor-widget-container\">\n\t\t\t\t\t<h2 class=\"elementor-heading-title elementor-size-default\">VIII JOURNAL INTERNATIONAL DES MARIONNETTES ET DE L&#039;\u00c9DUCATION\n\n\n<\/h2>\t\t\t\t<\/div>\n\t\t\t\t<\/div>\n\t\t\t\t<div class=\"elementor-element elementor-element-c4772c5 elementor-widget elementor-widget-heading\" data-id=\"c4772c5\" data-element_type=\"widget\" data-e-type=\"widget\" data-widget_type=\"heading.default\">\n\t\t\t\t<div class=\"elementor-widget-container\">\n\t\t\t\t\t<h4 class=\"elementor-heading-title elementor-size-default\">SOUS LE CHARME DE LA LUNE<\/h4>\t\t\t\t<\/div>\n\t\t\t\t<\/div>\n\t\t\t\t<div class=\"elementor-element elementor-element-54fdec3 elementor-widget elementor-widget-text-editor\" data-id=\"54fdec3\" data-element_type=\"widget\" data-e-type=\"widget\" data-widget_type=\"text-editor.default\">\n\t\t\t\t<div class=\"elementor-widget-container\">\n\t\t\t\t\t\t\t\t\t<p><span style=\"text-decoration: underline;\">Depuis<b> 1er juillet au 5 juillet<\/b><\/span><\/p><p>Organis\u00e9 par l&#039;Association de Marionnette et Th\u00e9rapie de Catalogne ATTC<\/p><p><strong>Cours Th\u00e9rapie et Ombres \u2013 2, 3 et 4 juillet<\/strong><\/p>\t\t\t\t\t\t\t\t<\/div>\n\t\t\t\t<\/div>\n\t\t\t\t\t<\/div>\n\t\t<\/div>\n\t\t\t\t<div class=\"elementor-column elementor-col-25 elementor-top-column elementor-element elementor-element-2407b6a\" data-id=\"2407b6a\" data-element_type=\"column\" data-e-type=\"column\">\n\t\t\t<div class=\"elementor-widget-wrap elementor-element-populated\">\n\t\t\t\t\t\t<div class=\"elementor-element elementor-element-016b50f e-transform elementor-widget elementor-widget-image\" data-id=\"016b50f\" data-element_type=\"widget\" data-e-type=\"widget\" data-settings=\"{&quot;_animation&quot;:&quot;none&quot;,&quot;_transform_rotateZ_effect&quot;:{&quot;unit&quot;:&quot;px&quot;,&quot;size&quot;:&quot;&quot;,&quot;sizes&quot;:[]},&quot;_transform_rotateZ_effect_tablet&quot;:{&quot;unit&quot;:&quot;deg&quot;,&quot;size&quot;:&quot;&quot;,&quot;sizes&quot;:[]},&quot;_transform_rotateZ_effect_mobile&quot;:{&quot;unit&quot;:&quot;deg&quot;,&quot;size&quot;:&quot;&quot;,&quot;sizes&quot;:[]}}\" data-widget_type=\"image.default\">\n\t\t\t\t<div class=\"elementor-widget-container\">\n\t\t\t\t\t\t\t\t\t\t\t\t\t\t\t<img loading=\"lazy\" decoding=\"async\" width=\"1024\" height=\"1024\" src=\"https:\/\/www.museudetitelles.com\/wp-content\/uploads\/2023\/09\/formacions-de-terapia-i-educacio-amb-titelles.jpg\" class=\"elementor-animation-shrink attachment-full size-full wp-image-13323\" alt=\"formacions de terapia i educacio\u0301 amb titelles\" srcset=\"https:\/\/www.museudetitelles.com\/wp-content\/uploads\/2023\/09\/formacions-de-terapia-i-educacio-amb-titelles.jpg 1024w, https:\/\/www.museudetitelles.com\/wp-content\/uploads\/2023\/09\/formacions-de-terapia-i-educacio-amb-titelles-300x300.jpg 300w, https:\/\/www.museudetitelles.com\/wp-content\/uploads\/2023\/09\/formacions-de-terapia-i-educacio-amb-titelles-150x150.jpg 150w, https:\/\/www.museudetitelles.com\/wp-content\/uploads\/2023\/09\/formacions-de-terapia-i-educacio-amb-titelles-768x768.jpg 768w, https:\/\/www.museudetitelles.com\/wp-content\/uploads\/2023\/09\/formacions-de-terapia-i-educacio-amb-titelles-12x12.jpg 12w, https:\/\/www.museudetitelles.com\/wp-content\/uploads\/2023\/09\/formacions-de-terapia-i-educacio-amb-titelles-250x250.jpg 250w\" sizes=\"(max-width: 1024px) 100vw, 1024px\" \/>\t\t\t\t\t\t\t\t\t\t\t\t\t\t\t<\/div>\n\t\t\t\t<\/div>\n\t\t\t\t<div class=\"elementor-element elementor-element-71e054a elementor-widget elementor-widget-heading\" data-id=\"71e054a\" data-element_type=\"widget\" data-e-type=\"widget\" data-widget_type=\"heading.default\">\n\t\t\t\t<div class=\"elementor-widget-container\">\n\t\t\t\t\t<h2 class=\"elementor-heading-title elementor-size-default\">Cours Th\u00e9rapie et Ombres\n\n\n<\/h2>\t\t\t\t<\/div>\n\t\t\t\t<\/div>\n\t\t\t\t<div class=\"elementor-element elementor-element-d44ca4d elementor-widget elementor-widget-text-editor\" data-id=\"d44ca4d\" data-element_type=\"widget\" data-e-type=\"widget\" data-widget_type=\"text-editor.default\">\n\t\t\t\t<div class=\"elementor-widget-container\">\n\t\t\t\t\t\t\t\t\t<p><strong>Cours Th\u00e9rapie et Ombres \u2013 2, 3 et 4 juillet<\/strong><\/p><h5><a href=\"https:\/\/www.museudetitelles.com\/fr\/titella-i-terapia\/activitats-titella-i-terapia\/?utm_source=WEB&amp;utm_medium=CTA&amp;utm_campaign=CLICS+TITELLAI+TERAPIA\"><span style=\"text-decoration: underline;\"><strong>En savoir plus...<\/strong><\/span><\/a>\u00a0 \u00a0 \u00a0<\/h5>\t\t\t\t\t\t\t\t<\/div>\n\t\t\t\t<\/div>\n\t\t\t\t\t<\/div>\n\t\t<\/div>\n\t\t\t\t\t<\/div>\n\t\t<\/section>\n\t\t\t\t<section class=\"elementor-section elementor-top-section elementor-element elementor-element-03e1216 elementor-section-boxed elementor-section-height-default elementor-section-height-default\" data-id=\"03e1216\" data-element_type=\"section\" data-e-type=\"section\">\n\t\t\t\t\t\t<div class=\"elementor-container elementor-column-gap-extended\">\n\t\t\t\t\t<div class=\"elementor-column elementor-col-25 elementor-top-column elementor-element elementor-element-48637db\" data-id=\"48637db\" data-element_type=\"column\" data-e-type=\"column\">\n\t\t\t<div class=\"elementor-widget-wrap elementor-element-populated\">\n\t\t\t\t\t\t<div class=\"elementor-element elementor-element-d7389b3 e-transform elementor-widget elementor-widget-image\" data-id=\"d7389b3\" data-element_type=\"widget\" data-e-type=\"widget\" data-settings=\"{&quot;_animation&quot;:&quot;none&quot;,&quot;_transform_rotateZ_effect&quot;:{&quot;unit&quot;:&quot;px&quot;,&quot;size&quot;:&quot;&quot;,&quot;sizes&quot;:[]},&quot;_transform_rotateZ_effect_tablet&quot;:{&quot;unit&quot;:&quot;deg&quot;,&quot;size&quot;:&quot;&quot;,&quot;sizes&quot;:[]},&quot;_transform_rotateZ_effect_mobile&quot;:{&quot;unit&quot;:&quot;deg&quot;,&quot;size&quot;:&quot;&quot;,&quot;sizes&quot;:[]}}\" data-widget_type=\"image.default\">\n\t\t\t\t<div class=\"elementor-widget-container\">\n\t\t\t\t\t\t\t\t\t\t\t\t\t\t\t<img loading=\"lazy\" decoding=\"async\" width=\"1230\" height=\"1213\" src=\"https:\/\/www.museudetitelles.com\/wp-content\/uploads\/2024\/04\/M-DE-MUSEU.jpg\" class=\"elementor-animation-shrink attachment-full size-full wp-image-14483\" alt=\"\" srcset=\"https:\/\/www.museudetitelles.com\/wp-content\/uploads\/2024\/04\/M-DE-MUSEU.jpg 1230w, https:\/\/www.museudetitelles.com\/wp-content\/uploads\/2024\/04\/M-DE-MUSEU-100x100.jpg 100w, https:\/\/www.museudetitelles.com\/wp-content\/uploads\/2024\/04\/M-DE-MUSEU-600x592.jpg 600w, https:\/\/www.museudetitelles.com\/wp-content\/uploads\/2024\/04\/M-DE-MUSEU-300x296.jpg 300w, https:\/\/www.museudetitelles.com\/wp-content\/uploads\/2024\/04\/M-DE-MUSEU-1024x1010.jpg 1024w, https:\/\/www.museudetitelles.com\/wp-content\/uploads\/2024\/04\/M-DE-MUSEU-768x757.jpg 768w, https:\/\/www.museudetitelles.com\/wp-content\/uploads\/2024\/04\/M-DE-MUSEU-12x12.jpg 12w\" sizes=\"(max-width: 1230px) 100vw, 1230px\">\t\t\t\t\t\t\t\t\t\t\t\t\t\t\t<\/div>\n\t\t\t\t<\/div>\n\t\t\t\t<div class=\"elementor-element elementor-element-f6053ad elementor-widget elementor-widget-heading\" data-id=\"f6053ad\" data-element_type=\"widget\" data-e-type=\"widget\" data-widget_type=\"heading.default\">\n\t\t\t\t<div class=\"elementor-widget-container\">\n\t\t\t\t\t<h2 class=\"elementor-heading-title elementor-size-default\">Nuit des Mus\u00e9es<\/h2>\t\t\t\t<\/div>\n\t\t\t\t<\/div>\n\t\t\t\t<div class=\"elementor-element elementor-element-c69f35c elementor-widget elementor-widget-text-editor\" data-id=\"c69f35c\" data-element_type=\"widget\" data-e-type=\"widget\" data-widget_type=\"text-editor.default\">\n\t\t\t\t<div class=\"elementor-widget-container\">\n\t\t\t\t\t\t\t\t\t<p><span style=\"text-decoration: underline;\"><strong>18 mai 2024<\/strong><\/span><\/p><div class=\"elementor-element elementor-element-61e7eea elementor-widget elementor-widget-heading\" data-id=\"61e7eea\" data-element_type=\"widget\" data-widget_type=\"heading.default\"><div class=\"elementor-widget-container\"><p>Une fois de plus, du D\u00e9partement de la culture de la Generalitat, le groupe des mus\u00e9es catalans propose de se joindre \u00e0 la c\u00e9l\u00e9bration de la Journ\u00e9e internationale des mus\u00e9es 2023, tout en organisant\u00a0<b>journ\u00e9es portes ouvertes et animations<\/b>\u00a0qui suivent la devise de l&#039;ICOM (Conseil international des mus\u00e9es - Conseil international des mus\u00e9es).<\/p><p><b>Le MIT est ajout\u00e9\u00a0<\/b>et ouvre ses portes de 19h00 \u00e0 21h00.<\/p><p><b>ENTR\u00c9E LIBRE<\/b><\/p><\/div><\/div>\t\t\t\t\t\t\t\t<\/div>\n\t\t\t\t<\/div>\n\t\t\t\t\t<\/div>\n\t\t<\/div>\n\t\t\t\t<div class=\"elementor-column elementor-col-25 elementor-top-column elementor-element elementor-element-5337fec\" data-id=\"5337fec\" data-element_type=\"column\" data-e-type=\"column\">\n\t\t\t<div class=\"elementor-widget-wrap elementor-element-populated\">\n\t\t\t\t\t\t<div class=\"elementor-element elementor-element-1f01211 e-transform elementor-widget elementor-widget-image\" data-id=\"1f01211\" data-element_type=\"widget\" data-e-type=\"widget\" data-settings=\"{&quot;_animation&quot;:&quot;none&quot;,&quot;_transform_rotateZ_effect&quot;:{&quot;unit&quot;:&quot;px&quot;,&quot;size&quot;:&quot;&quot;,&quot;sizes&quot;:[]},&quot;_transform_rotateZ_effect_tablet&quot;:{&quot;unit&quot;:&quot;deg&quot;,&quot;size&quot;:&quot;&quot;,&quot;sizes&quot;:[]},&quot;_transform_rotateZ_effect_mobile&quot;:{&quot;unit&quot;:&quot;deg&quot;,&quot;size&quot;:&quot;&quot;,&quot;sizes&quot;:[]}}\" data-widget_type=\"image.default\">\n\t\t\t\t<div class=\"elementor-widget-container\">\n\t\t\t\t\t\t\t\t\t\t\t\t\t\t\t<img loading=\"lazy\" decoding=\"async\" width=\"591\" height=\"591\" src=\"https:\/\/www.museudetitelles.com\/wp-content\/uploads\/2024\/05\/Amb-logos-Poster-diada-mundial-2024-pantalla-copia-2.jpeg\" class=\"elementor-animation-shrink attachment-full size-full wp-image-14793\" alt=\"\" srcset=\"https:\/\/www.museudetitelles.com\/wp-content\/uploads\/2024\/05\/Amb-logos-Poster-diada-mundial-2024-pantalla-copia-2.jpeg 591w, https:\/\/www.museudetitelles.com\/wp-content\/uploads\/2024\/05\/Amb-logos-Poster-diada-mundial-2024-pantalla-copia-2-300x300.jpeg 300w, https:\/\/www.museudetitelles.com\/wp-content\/uploads\/2024\/05\/Amb-logos-Poster-diada-mundial-2024-pantalla-copia-2-100x100.jpeg 100w, https:\/\/www.museudetitelles.com\/wp-content\/uploads\/2024\/05\/Amb-logos-Poster-diada-mundial-2024-pantalla-copia-2-150x150.jpeg 150w, https:\/\/www.museudetitelles.com\/wp-content\/uploads\/2024\/05\/Amb-logos-Poster-diada-mundial-2024-pantalla-copia-2-12x12.jpeg 12w, https:\/\/www.museudetitelles.com\/wp-content\/uploads\/2024\/05\/Amb-logos-Poster-diada-mundial-2024-pantalla-copia-2-250x250.jpeg 250w\" sizes=\"(max-width: 591px) 100vw, 591px\">\t\t\t\t\t\t\t\t\t\t\t\t\t\t\t<\/div>\n\t\t\t\t<\/div>\n\t\t\t\t<div class=\"elementor-element elementor-element-d159e73 elementor-widget elementor-widget-heading\" data-id=\"d159e73\" data-element_type=\"widget\" data-e-type=\"widget\" data-widget_type=\"heading.default\">\n\t\t\t\t<div class=\"elementor-widget-container\">\n\t\t\t\t\t<h2 class=\"elementor-heading-title elementor-size-default\">Journ\u00e9e mondiale de la marionnette 2024<\/h2>\t\t\t\t<\/div>\n\t\t\t\t<\/div>\n\t\t\t\t<div class=\"elementor-element elementor-element-d94d714 elementor-widget elementor-widget-text-editor\" data-id=\"d94d714\" data-element_type=\"widget\" data-e-type=\"widget\" data-widget_type=\"text-editor.default\">\n\t\t\t\t<div class=\"elementor-widget-container\">\n\t\t\t\t\t\t\t\t\t<p><span style=\"text-decoration: underline;\"><strong>21 mars 2024<\/strong><\/span><\/p><div class=\"elementor-element elementor-element-61e7eea elementor-widget elementor-widget-heading\" data-id=\"61e7eea\" data-element_type=\"widget\" data-widget_type=\"heading.default\"><div class=\"elementor-widget-container\"><p>Pour la deuxi\u00e8me ann\u00e9e cons\u00e9cutive, nous avons c\u00e9l\u00e9br\u00e9 la Journ\u00e9e mondiale de la marionnette au MIT, avec des activit\u00e9s avant et apr\u00e8s la journ\u00e9e.<\/p><p><a href=\"https:\/\/www.museudetitelles.com\/fr\/activitats-al-museu-de-titelles\/historic\/dia-mundial-de-la-marioneta-2024\/\">En savoir plus...<\/a><\/p><\/div><\/div><div class=\"elementor-element elementor-element-8de8bee elementor-widget elementor-widget-text-editor\" data-id=\"8de8bee\" data-element_type=\"widget\" data-widget_type=\"text-editor.default\"><div class=\"elementor-widget-container\"><p data-testid=\"L9UNDlyCY83YFVOyCgP6w\">\u00a0<\/p><\/div><\/div>\t\t\t\t\t\t\t\t<\/div>\n\t\t\t\t<\/div>\n\t\t\t\t\t<\/div>\n\t\t<\/div>\n\t\t\t\t<div class=\"elementor-column elementor-col-25 elementor-top-column elementor-element elementor-element-49297d1\" data-id=\"49297d1\" data-element_type=\"column\" data-e-type=\"column\">\n\t\t\t<div class=\"elementor-widget-wrap elementor-element-populated\">\n\t\t\t\t\t\t<div class=\"elementor-element elementor-element-603ae9e elementor-widget elementor-widget-image\" data-id=\"603ae9e\" data-element_type=\"widget\" data-e-type=\"widget\" data-widget_type=\"image.default\">\n\t\t\t\t<div class=\"elementor-widget-container\">\n\t\t\t\t\t\t\t\t\t\t\t\t\t\t\t<img loading=\"lazy\" decoding=\"async\" width=\"1024\" height=\"1024\" src=\"https:\/\/www.museudetitelles.com\/wp-content\/uploads\/2023\/09\/dia-mundial-de-la-dona-treballadora-al-museu-de-titelles.jpg\" class=\"elementor-animation-shrink attachment-full size-full wp-image-13253\" alt=\"\" srcset=\"https:\/\/www.museudetitelles.com\/wp-content\/uploads\/2023\/09\/dia-mundial-de-la-dona-treballadora-al-museu-de-titelles.jpg 1024w, https:\/\/www.museudetitelles.com\/wp-content\/uploads\/2023\/09\/dia-mundial-de-la-dona-treballadora-al-museu-de-titelles-300x300.jpg 300w, https:\/\/www.museudetitelles.com\/wp-content\/uploads\/2023\/09\/dia-mundial-de-la-dona-treballadora-al-museu-de-titelles-150x150.jpg 150w, https:\/\/www.museudetitelles.com\/wp-content\/uploads\/2023\/09\/dia-mundial-de-la-dona-treballadora-al-museu-de-titelles-768x768.jpg 768w, https:\/\/www.museudetitelles.com\/wp-content\/uploads\/2023\/09\/dia-mundial-de-la-dona-treballadora-al-museu-de-titelles-12x12.jpg 12w, https:\/\/www.museudetitelles.com\/wp-content\/uploads\/2023\/09\/dia-mundial-de-la-dona-treballadora-al-museu-de-titelles-250x250.jpg 250w\" sizes=\"(max-width: 1024px) 100vw, 1024px\">\t\t\t\t\t\t\t\t\t\t\t\t\t\t\t<\/div>\n\t\t\t\t<\/div>\n\t\t\t\t<div class=\"elementor-element elementor-element-e4d6219 elementor-widget elementor-widget-heading\" data-id=\"e4d6219\" data-element_type=\"widget\" data-e-type=\"widget\" data-widget_type=\"heading.default\">\n\t\t\t\t<div class=\"elementor-widget-container\">\n\t\t\t\t\t<h2 class=\"elementor-heading-title elementor-size-default\">Journ\u00e9e mondiale de la femme qui travaille<\/h2>\t\t\t\t<\/div>\n\t\t\t\t<\/div>\n\t\t\t\t<div class=\"elementor-element elementor-element-3eb38f7 elementor-widget__width-initial elementor-widget elementor-widget-text-editor\" data-id=\"3eb38f7\" data-element_type=\"widget\" data-e-type=\"widget\" data-widget_type=\"text-editor.default\">\n\t\t\t\t<div class=\"elementor-widget-container\">\n\t\t\t\t\t\t\t\t\t<p><b>8 mars 2024<\/b><\/p><p>Le MIT c\u00e9l\u00e8bre une nouvelle fois cette journ\u00e9e tr\u00e8s importante avec une vid\u00e9o.<\/p><p>La Journ\u00e9e de la femme qui travaille est une date importante pour reconna\u00eetre la contribution des femmes au monde du travail. Au sein de ce groupe, les marionnettistes se d\u00e9marquent par leur courage et leur d\u00e9termination. Ces femmes courageuses font face \u00e0 des d\u00e9fis quotidiens et se battent pour r\u00e9aliser leurs r\u00eaves et leurs objectifs de carri\u00e8re.<\/p><p>Le b\u00e2timent du MIT illumin\u00e9 aux couleurs du jour<\/p>\t\t\t\t\t\t\t\t<\/div>\n\t\t\t\t<\/div>\n\t\t\t\t\t<\/div>\n\t\t<\/div>\n\t\t\t\t<div class=\"elementor-column elementor-col-25 elementor-top-column elementor-element elementor-element-d22ce21\" data-id=\"d22ce21\" data-element_type=\"column\" data-e-type=\"column\">\n\t\t\t<div class=\"elementor-widget-wrap elementor-element-populated\">\n\t\t\t\t\t\t<div class=\"elementor-element elementor-element-e655e41 e-transform elementor-widget elementor-widget-image\" data-id=\"e655e41\" data-element_type=\"widget\" data-e-type=\"widget\" data-settings=\"{&quot;_animation&quot;:&quot;none&quot;,&quot;_transform_rotateZ_effect&quot;:{&quot;unit&quot;:&quot;px&quot;,&quot;size&quot;:&quot;&quot;,&quot;sizes&quot;:[]},&quot;_transform_rotateZ_effect_tablet&quot;:{&quot;unit&quot;:&quot;deg&quot;,&quot;size&quot;:&quot;&quot;,&quot;sizes&quot;:[]},&quot;_transform_rotateZ_effect_mobile&quot;:{&quot;unit&quot;:&quot;deg&quot;,&quot;size&quot;:&quot;&quot;,&quot;sizes&quot;:[]}}\" data-widget_type=\"image.default\">\n\t\t\t\t<div class=\"elementor-widget-container\">\n\t\t\t\t\t\t\t\t\t\t\t\t\t\t\t<img loading=\"lazy\" decoding=\"async\" width=\"591\" height=\"591\" src=\"https:\/\/www.museudetitelles.com\/wp-content\/uploads\/2023\/12\/65b6c032-d30a-40f6-bee6-c06e47335b31-copia.jpg\" class=\"elementor-animation-shrink attachment-full size-full wp-image-13856\" alt=\"\" srcset=\"https:\/\/www.museudetitelles.com\/wp-content\/uploads\/2023\/12\/65b6c032-d30a-40f6-bee6-c06e47335b31-copia.jpg 591w, https:\/\/www.museudetitelles.com\/wp-content\/uploads\/2023\/12\/65b6c032-d30a-40f6-bee6-c06e47335b31-copia-300x300.jpg 300w, https:\/\/www.museudetitelles.com\/wp-content\/uploads\/2023\/12\/65b6c032-d30a-40f6-bee6-c06e47335b31-copia-150x150.jpg 150w, https:\/\/www.museudetitelles.com\/wp-content\/uploads\/2023\/12\/65b6c032-d30a-40f6-bee6-c06e47335b31-copia-12x12.jpg 12w, https:\/\/www.museudetitelles.com\/wp-content\/uploads\/2023\/12\/65b6c032-d30a-40f6-bee6-c06e47335b31-copia-250x250.jpg 250w, https:\/\/www.museudetitelles.com\/wp-content\/uploads\/2023\/12\/65b6c032-d30a-40f6-bee6-c06e47335b31-copia-100x100.jpg 100w\" sizes=\"(max-width: 591px) 100vw, 591px\">\t\t\t\t\t\t\t\t\t\t\t\t\t\t\t<\/div>\n\t\t\t\t<\/div>\n\t\t\t\t<div class=\"elementor-element elementor-element-129c3e4 elementor-widget elementor-widget-heading\" data-id=\"129c3e4\" data-element_type=\"widget\" data-e-type=\"widget\" data-widget_type=\"heading.default\">\n\t\t\t\t<div class=\"elementor-widget-container\">\n\t\t\t\t\t<h2 class=\"elementor-heading-title elementor-size-default\">Sp\u00e9cial soir\u00e9e Halloween<\/h2>\t\t\t\t<\/div>\n\t\t\t\t<\/div>\n\t\t\t\t<div class=\"elementor-element elementor-element-aaa0b4b elementor-widget elementor-widget-text-editor\" data-id=\"aaa0b4b\" data-element_type=\"widget\" data-e-type=\"widget\" data-widget_type=\"text-editor.default\">\n\t\t\t\t<div class=\"elementor-widget-container\">\n\t\t\t\t\t\t\t\t\t<p><span style=\"text-decoration: underline;\"><strong>31 octobre 2023<\/strong><\/span><\/p><div class=\"elementor-element elementor-element-61e7eea elementor-widget elementor-widget-heading\" data-id=\"61e7eea\" data-element_type=\"widget\" data-widget_type=\"heading.default\"><div class=\"elementor-widget-container\"><p class=\"elementor-heading-title elementor-size-default\">Nous avons fait la f\u00eate au mus\u00e9e <strong>nuit d&#039;Halloween<\/strong> avec quelques <strong>activit\u00e9s participatives<\/strong> et con\u00e7u pour tous les \u00e2ges.<\/p><p>Petits et grands ont appr\u00e9ci\u00e9 la soir\u00e9e.<\/p><p><strong>Une soir\u00e9e po\u00e9tiquement passionnante !!<\/strong><\/p><\/div><\/div><div class=\"elementor-element elementor-element-8de8bee elementor-widget elementor-widget-text-editor\" data-id=\"8de8bee\" data-element_type=\"widget\" data-widget_type=\"text-editor.default\"><div class=\"elementor-widget-container\"><p data-testid=\"L9UNDlyCY83YFVOyCgP6w\">\u00a0<\/p><\/div><\/div>\t\t\t\t\t\t\t\t<\/div>\n\t\t\t\t<\/div>\n\t\t\t\t\t<\/div>\n\t\t<\/div>\n\t\t\t\t\t<\/div>\n\t\t<\/section>\n\t\t\t\t<section class=\"elementor-section elementor-top-section elementor-element elementor-element-d193f8f elementor-section-boxed elementor-section-height-default elementor-section-height-default\" data-id=\"d193f8f\" data-element_type=\"section\" data-e-type=\"section\">\n\t\t\t\t\t\t<div class=\"elementor-container elementor-column-gap-extended\">\n\t\t\t\t\t<div class=\"elementor-column elementor-col-25 elementor-top-column elementor-element elementor-element-9f9e71f\" data-id=\"9f9e71f\" data-element_type=\"column\" data-e-type=\"column\">\n\t\t\t<div class=\"elementor-widget-wrap elementor-element-populated\">\n\t\t\t\t\t\t<div class=\"elementor-element elementor-element-bb514be elementor-widget elementor-widget-image\" data-id=\"bb514be\" data-element_type=\"widget\" data-e-type=\"widget\" data-widget_type=\"image.default\">\n\t\t\t\t<div class=\"elementor-widget-container\">\n\t\t\t\t\t\t\t\t\t\t\t\t\t\t\t<img loading=\"lazy\" decoding=\"async\" width=\"720\" height=\"720\" src=\"https:\/\/www.museudetitelles.com\/wp-content\/uploads\/2023\/12\/LOGOTIPunima-Catalunya-copia.jpg\" class=\"elementor-animation-shrink attachment-full size-full wp-image-13946\" alt=\"\" srcset=\"https:\/\/www.museudetitelles.com\/wp-content\/uploads\/2023\/12\/LOGOTIPunima-Catalunya-copia.jpg 720w, https:\/\/www.museudetitelles.com\/wp-content\/uploads\/2023\/12\/LOGOTIPunima-Catalunya-copia-300x300.jpg 300w, https:\/\/www.museudetitelles.com\/wp-content\/uploads\/2023\/12\/LOGOTIPunima-Catalunya-copia-150x150.jpg 150w, https:\/\/www.museudetitelles.com\/wp-content\/uploads\/2023\/12\/LOGOTIPunima-Catalunya-copia-12x12.jpg 12w, https:\/\/www.museudetitelles.com\/wp-content\/uploads\/2023\/12\/LOGOTIPunima-Catalunya-copia-250x250.jpg 250w, https:\/\/www.museudetitelles.com\/wp-content\/uploads\/2023\/12\/LOGOTIPunima-Catalunya-copia-600x600.jpg 600w, https:\/\/www.museudetitelles.com\/wp-content\/uploads\/2023\/12\/LOGOTIPunima-Catalunya-copia-100x100.jpg 100w\" sizes=\"(max-width: 720px) 100vw, 720px\">\t\t\t\t\t\t\t\t\t\t\t\t\t\t\t<\/div>\n\t\t\t\t<\/div>\n\t\t\t\t<div class=\"elementor-element elementor-element-c2ee39c elementor-widget elementor-widget-heading\" data-id=\"c2ee39c\" data-element_type=\"widget\" data-e-type=\"widget\" data-widget_type=\"heading.default\">\n\t\t\t\t<div class=\"elementor-widget-container\">\n\t\t\t\t\t<h2 class=\"elementor-heading-title elementor-size-default\">Assembl\u00e9e de l&#039;UNIMA Catalogne\n<\/h2>\t\t\t\t<\/div>\n\t\t\t\t<\/div>\n\t\t\t\t<div class=\"elementor-element elementor-element-96048fd elementor-widget elementor-widget-text-editor\" data-id=\"96048fd\" data-element_type=\"widget\" data-e-type=\"widget\" data-widget_type=\"text-editor.default\">\n\t\t\t\t<div class=\"elementor-widget-container\">\n\t\t\t\t\t\t\t\t\t<p><span style=\"text-decoration: underline;\"><strong>1 novembre 2023<\/strong><\/span><\/p><p>L&#039;assembl\u00e9e en face-\u00e0-face et en ligne s&#039;est tenue au MIT pour \u00e9lire un nouveau conseil d&#039;administration pour les 4 prochaines ann\u00e9es.<\/p><p>Composition du nouveau bureau :<\/p><p>Pr\u00e9sident: <strong><a href=\"https:\/\/www.rocamorateatre.com\/\" target=\"_blank\" rel=\"noopener\">Carlos Canyelles<\/a><\/strong><\/p><p>Vice-pr\u00e9sident:<strong> <a href=\"http:\/\/www.teiamoner.net\" target=\"_blank\" rel=\"noopener\">Teia Moner<\/a><\/strong><\/p><p>Secr\u00e9taire: <strong><a href=\"https:\/\/www.lasolateatre.com\/p\/trajectoria.html\" target=\"_blank\" rel=\"noopener\">H\u00e9l\u00e8ne de Sola<\/a> <\/strong><\/p><p>Tr\u00e9sorerie:<strong> <a href=\"https:\/\/blocs.xarxanet.org\/titellada\/\" target=\"_blank\" rel=\"noopener\">Jos\u00e9 Antonio Ruiz<\/a><\/strong><\/p><p>Membre affect\u00e9 au Secr\u00e9tariat : <strong><a href=\"https:\/\/sites.google.com\/view\/produccions-maria-palomo\/\" target=\"_blank\" rel=\"noopener\">Ariadna Marti<\/a><\/strong><\/p><p>Membre affect\u00e9 \u00e0 la Tr\u00e9sorerie : <a href=\"https:\/\/firatitelles.blogspot.com\/\" target=\"_blank\" rel=\"noopener\"><strong>Oriol Ferr\u00e9<\/strong><\/a><\/p><p><strong>Si vous cliquez sur chaque nom, vous saurez qui ils sont<\/strong><\/p>\t\t\t\t\t\t\t\t<\/div>\n\t\t\t\t<\/div>\n\t\t\t\t\t<\/div>\n\t\t<\/div>\n\t\t\t\t<div class=\"elementor-column elementor-col-25 elementor-top-column elementor-element elementor-element-b5c5cdc\" data-id=\"b5c5cdc\" data-element_type=\"column\" data-e-type=\"column\">\n\t\t\t<div class=\"elementor-widget-wrap elementor-element-populated\">\n\t\t\t\t\t\t<div class=\"elementor-element elementor-element-42314ec e-transform elementor-widget elementor-widget-image\" data-id=\"42314ec\" data-element_type=\"widget\" data-e-type=\"widget\" data-settings=\"{&quot;_animation&quot;:&quot;none&quot;,&quot;_transform_rotateZ_effect&quot;:{&quot;unit&quot;:&quot;px&quot;,&quot;size&quot;:&quot;&quot;,&quot;sizes&quot;:[]},&quot;_transform_rotateZ_effect_tablet&quot;:{&quot;unit&quot;:&quot;deg&quot;,&quot;size&quot;:&quot;&quot;,&quot;sizes&quot;:[]},&quot;_transform_rotateZ_effect_mobile&quot;:{&quot;unit&quot;:&quot;deg&quot;,&quot;size&quot;:&quot;&quot;,&quot;sizes&quot;:[]}}\" data-widget_type=\"image.default\">\n\t\t\t\t<div class=\"elementor-widget-container\">\n\t\t\t\t\t\t\t\t\t\t\t\t\t\t\t<img loading=\"lazy\" decoding=\"async\" width=\"591\" height=\"591\" src=\"https:\/\/www.museudetitelles.com\/wp-content\/uploads\/2023\/12\/IMG_6625-copia.jpeg\" class=\"elementor-animation-shrink attachment-full size-full wp-image-13872\" alt=\"\" srcset=\"https:\/\/www.museudetitelles.com\/wp-content\/uploads\/2023\/12\/IMG_6625-copia.jpeg 591w, https:\/\/www.museudetitelles.com\/wp-content\/uploads\/2023\/12\/IMG_6625-copia-300x300.jpeg 300w, https:\/\/www.museudetitelles.com\/wp-content\/uploads\/2023\/12\/IMG_6625-copia-150x150.jpeg 150w, https:\/\/www.museudetitelles.com\/wp-content\/uploads\/2023\/12\/IMG_6625-copia-12x12.jpeg 12w, https:\/\/www.museudetitelles.com\/wp-content\/uploads\/2023\/12\/IMG_6625-copia-250x250.jpeg 250w, https:\/\/www.museudetitelles.com\/wp-content\/uploads\/2023\/12\/IMG_6625-copia-100x100.jpeg 100w\" sizes=\"(max-width: 591px) 100vw, 591px\">\t\t\t\t\t\t\t\t\t\t\t\t\t\t\t<\/div>\n\t\t\t\t<\/div>\n\t\t\t\t<div class=\"elementor-element elementor-element-4ee0a77 elementor-widget elementor-widget-heading\" data-id=\"4ee0a77\" data-element_type=\"widget\" data-e-type=\"widget\" data-widget_type=\"heading.default\">\n\t\t\t\t<div class=\"elementor-widget-container\">\n\t\t\t\t\t<h2 class=\"elementor-heading-title elementor-size-default\">Performance pour le Marathon TV3<\/h2>\t\t\t\t<\/div>\n\t\t\t\t<\/div>\n\t\t\t\t<div class=\"elementor-element elementor-element-8b620b0 elementor-widget elementor-widget-text-editor\" data-id=\"8b620b0\" data-element_type=\"widget\" data-e-type=\"widget\" data-widget_type=\"text-editor.default\">\n\t\t\t\t<div class=\"elementor-widget-container\">\n\t\t\t\t\t\t\t\t\t<p><span style=\"text-decoration: underline;\"><strong>26 novembre 2023<\/strong><\/span><\/p><div class=\"elementor-element elementor-element-a2d492f elementor-widget elementor-widget-heading\" data-id=\"a2d492f\" data-element_type=\"widget\" data-widget_type=\"heading.default\"><div class=\"elementor-widget-container\"><h2 class=\"elementor-heading-title elementor-size-default\">MARATHON TV3<\/h2><\/div><\/div><div class=\"elementor-element elementor-element-95e6c25 elementor-widget elementor-widget-text-editor\" data-id=\"95e6c25\" data-element_type=\"widget\" data-widget_type=\"text-editor.default\"><div class=\"elementor-widget-container\"><p><b>Sant\u00e9 sexuelle et reproductive<\/b><\/p><p>Le MIT, a \u00e9t\u00e9 ajout\u00e9 cette ann\u00e9e au <strong>Marathon TV3<\/strong>\u00a0proposant TROPIC, un spectacle de magie et de marionnettes pour public familial par la compagnie Teia Moner<\/p><p>7\u00a0\u20ac sur chaque billet ont \u00e9t\u00e9 revers\u00e9s au Marathon TV3<\/p><p><b>Jour : 26 novembre 2023. Heure : 00h00<\/b><\/p><p><a href=\"https:\/\/www.museudetitelles.com\/wp-content\/uploads\/2023\/11\/Logo-Per-La-Marato.2020.jpg\"><img loading=\"lazy\" decoding=\"async\" class=\"alignnone size-medium wp-image-13811\" src=\"https:\/\/www.museudetitelles.com\/wp-content\/uploads\/2023\/11\/Logo-Per-La-Marato.2020-300x57.jpg\" alt=\"\" width=\"300\" height=\"57\" srcset=\"https:\/\/www.museudetitelles.com\/wp-content\/uploads\/2023\/11\/Logo-Per-La-Marato.2020-300x57.jpg 300w, https:\/\/www.museudetitelles.com\/wp-content\/uploads\/2023\/11\/Logo-Per-La-Marato.2020-1024x196.jpg 1024w, https:\/\/www.museudetitelles.com\/wp-content\/uploads\/2023\/11\/Logo-Per-La-Marato.2020-768x147.jpg 768w, https:\/\/www.museudetitelles.com\/wp-content\/uploads\/2023\/11\/Logo-Per-La-Marato.2020-1536x293.jpg 1536w, https:\/\/www.museudetitelles.com\/wp-content\/uploads\/2023\/11\/Logo-Per-La-Marato.2020-18x3.jpg 18w, https:\/\/www.museudetitelles.com\/wp-content\/uploads\/2023\/11\/Logo-Per-La-Marato.2020.jpg 2011w\" sizes=\"(max-width: 300px) 100vw, 300px\" \/><\/a><\/p><\/div><\/div>\t\t\t\t\t\t\t\t<\/div>\n\t\t\t\t<\/div>\n\t\t\t\t\t<\/div>\n\t\t<\/div>\n\t\t\t\t<div class=\"elementor-column elementor-col-25 elementor-top-column elementor-element elementor-element-4a58d31\" data-id=\"4a58d31\" data-element_type=\"column\" data-e-type=\"column\">\n\t\t\t<div class=\"elementor-widget-wrap elementor-element-populated\">\n\t\t\t\t\t\t<div class=\"elementor-element elementor-element-fe2e3c7 e-transform elementor-widget elementor-widget-image\" data-id=\"fe2e3c7\" data-element_type=\"widget\" data-e-type=\"widget\" data-settings=\"{&quot;_animation&quot;:&quot;none&quot;,&quot;_transform_rotateZ_effect&quot;:{&quot;unit&quot;:&quot;px&quot;,&quot;size&quot;:&quot;&quot;,&quot;sizes&quot;:[]},&quot;_transform_rotateZ_effect_tablet&quot;:{&quot;unit&quot;:&quot;deg&quot;,&quot;size&quot;:&quot;&quot;,&quot;sizes&quot;:[]},&quot;_transform_rotateZ_effect_mobile&quot;:{&quot;unit&quot;:&quot;deg&quot;,&quot;size&quot;:&quot;&quot;,&quot;sizes&quot;:[]}}\" data-widget_type=\"image.default\">\n\t\t\t\t<div class=\"elementor-widget-container\">\n\t\t\t\t\t\t\t\t\t\t\t\t\t\t\t<img loading=\"lazy\" decoding=\"async\" width=\"1024\" height=\"1024\" src=\"https:\/\/www.museudetitelles.com\/wp-content\/uploads\/2023\/11\/lambe-arawake-titiriscopio-copia.jpg\" class=\"elementor-animation-shrink attachment-full size-full wp-image-13833\" alt=\"\" srcset=\"https:\/\/www.museudetitelles.com\/wp-content\/uploads\/2023\/11\/lambe-arawake-titiriscopio-copia.jpg 1024w, https:\/\/www.museudetitelles.com\/wp-content\/uploads\/2023\/11\/lambe-arawake-titiriscopio-copia-300x300.jpg 300w, https:\/\/www.museudetitelles.com\/wp-content\/uploads\/2023\/11\/lambe-arawake-titiriscopio-copia-150x150.jpg 150w, https:\/\/www.museudetitelles.com\/wp-content\/uploads\/2023\/11\/lambe-arawake-titiriscopio-copia-768x768.jpg 768w, https:\/\/www.museudetitelles.com\/wp-content\/uploads\/2023\/11\/lambe-arawake-titiriscopio-copia-12x12.jpg 12w, https:\/\/www.museudetitelles.com\/wp-content\/uploads\/2023\/11\/lambe-arawake-titiriscopio-copia-250x250.jpg 250w\" sizes=\"(max-width: 1024px) 100vw, 1024px\">\t\t\t\t\t\t\t\t\t\t\t\t\t\t\t<\/div>\n\t\t\t\t<\/div>\n\t\t\t\t<div class=\"elementor-element elementor-element-d889f2d elementor-widget elementor-widget-heading\" data-id=\"d889f2d\" data-element_type=\"widget\" data-e-type=\"widget\" data-widget_type=\"heading.default\">\n\t\t\t\t<div class=\"elementor-widget-container\">\n\t\t\t\t\t<h2 class=\"elementor-heading-title elementor-size-default\">Parcours Lambe-Lambe<\/h2>\t\t\t\t<\/div>\n\t\t\t\t<\/div>\n\t\t\t\t<div class=\"elementor-element elementor-element-0797d04 elementor-widget elementor-widget-text-editor\" data-id=\"0797d04\" data-element_type=\"widget\" data-e-type=\"widget\" data-widget_type=\"text-editor.default\">\n\t\t\t\t<div class=\"elementor-widget-container\">\n\t\t\t\t\t\t\t\t\t<p><span style=\"text-decoration: underline;\"><strong>18-19 novembre 2023<\/strong><\/span><\/p><div class=\"elementor-element elementor-element-61e7eea elementor-widget elementor-widget-heading\" data-id=\"61e7eea\" data-element_type=\"widget\" data-widget_type=\"heading.default\"><div class=\"elementor-widget-container\"><h4 class=\"elementor-heading-title elementor-size-default\"><strong>Cours Lambe-Lambe Responsable d&#039;ARAWAKE<\/strong><\/h4><\/div><\/div><div class=\"elementor-element elementor-element-8de8bee elementor-widget elementor-widget-text-editor\" data-id=\"8de8bee\" data-element_type=\"widget\" data-widget_type=\"text-editor.default\"><div class=\"elementor-widget-container\"><p class=\"text-build-content\" data-testid=\"L9UNDlyCY83YFVOyCgP6w\"><strong>Qu\u2019est-ce que LAMBE-LAMBE ?<\/strong><\/p><p class=\"text-build-content\" data-testid=\"L9UNDlyCY83YFVOyCgP6w\">C&#039;est un th\u00e9\u00e2tre miniature cr\u00e9\u00e9 dans une bo\u00eete. Chaque repr\u00e9sentation dure environ 4 minutes et est con\u00e7ue pour qu&#039;un ou quelques spectateurs puissent voir la pi\u00e8ce en passant la t\u00eate dans un trou de la bo\u00eete.<\/p><p class=\"text-build-content\" data-testid=\"L9UNDlyCY83YFVOyCgP6w\">Les petites marionnettes et objets \u00e0 l&#039;int\u00e9rieur d&#039;une bo\u00eete sc\u00e9nique sont accompagn\u00e9s de musique et\/ou de voix transmises aux spectateurs via des \u00e9couteurs et repr\u00e9sentent des situations th\u00e9\u00e2trales secr\u00e8tes.<\/p><p data-testid=\"L9UNDlyCY83YFVOyCgP6w\"><b>En collaboration avec le Festival IF Barcelona et le CIATRE<\/b><\/p><\/div><\/div>\t\t\t\t\t\t\t\t<\/div>\n\t\t\t\t<\/div>\n\t\t\t\t\t<\/div>\n\t\t<\/div>\n\t\t\t\t<div class=\"elementor-column elementor-col-25 elementor-top-column elementor-element elementor-element-06c4c84\" data-id=\"06c4c84\" data-element_type=\"column\" data-e-type=\"column\">\n\t\t\t<div class=\"elementor-widget-wrap elementor-element-populated\">\n\t\t\t\t\t\t<div class=\"elementor-element elementor-element-fd0a72b e-transform elementor-widget elementor-widget-image\" data-id=\"fd0a72b\" data-element_type=\"widget\" data-e-type=\"widget\" data-settings=\"{&quot;_animation&quot;:&quot;none&quot;,&quot;_transform_rotateZ_effect&quot;:{&quot;unit&quot;:&quot;px&quot;,&quot;size&quot;:&quot;&quot;,&quot;sizes&quot;:[]},&quot;_transform_rotateZ_effect_tablet&quot;:{&quot;unit&quot;:&quot;deg&quot;,&quot;size&quot;:&quot;&quot;,&quot;sizes&quot;:[]},&quot;_transform_rotateZ_effect_mobile&quot;:{&quot;unit&quot;:&quot;deg&quot;,&quot;size&quot;:&quot;&quot;,&quot;sizes&quot;:[]}}\" data-widget_type=\"image.default\">\n\t\t\t\t<div class=\"elementor-widget-container\">\n\t\t\t\t\t\t\t\t\t\t\t\t\t\t\t<img loading=\"lazy\" decoding=\"async\" width=\"1024\" height=\"1024\" src=\"https:\/\/www.museudetitelles.com\/wp-content\/uploads\/2023\/11\/MANS-PALAU-AVANCA-NOV2023.jpg\" class=\"elementor-animation-shrink attachment-full size-full wp-image-13832\" alt=\"\" srcset=\"https:\/\/www.museudetitelles.com\/wp-content\/uploads\/2023\/11\/MANS-PALAU-AVANCA-NOV2023.jpg 1024w, https:\/\/www.museudetitelles.com\/wp-content\/uploads\/2023\/11\/MANS-PALAU-AVANCA-NOV2023-300x300.jpg 300w, https:\/\/www.museudetitelles.com\/wp-content\/uploads\/2023\/11\/MANS-PALAU-AVANCA-NOV2023-150x150.jpg 150w, https:\/\/www.museudetitelles.com\/wp-content\/uploads\/2023\/11\/MANS-PALAU-AVANCA-NOV2023-768x768.jpg 768w, https:\/\/www.museudetitelles.com\/wp-content\/uploads\/2023\/11\/MANS-PALAU-AVANCA-NOV2023-12x12.jpg 12w, https:\/\/www.museudetitelles.com\/wp-content\/uploads\/2023\/11\/MANS-PALAU-AVANCA-NOV2023-250x250.jpg 250w\" sizes=\"(max-width: 1024px) 100vw, 1024px\">\t\t\t\t\t\t\t\t\t\t\t\t\t\t\t<\/div>\n\t\t\t\t<\/div>\n\t\t\t\t<div class=\"elementor-element elementor-element-cabbc66 elementor-widget elementor-widget-heading\" data-id=\"cabbc66\" data-element_type=\"widget\" data-e-type=\"widget\" data-widget_type=\"heading.default\">\n\t\t\t\t<div class=\"elementor-widget-container\">\n\t\t\t\t\t<h2 class=\"elementor-heading-title elementor-size-default\">Atelier de formation Palau Avan\u00e7a \n<\/h2>\t\t\t\t<\/div>\n\t\t\t\t<\/div>\n\t\t\t\t<div class=\"elementor-element elementor-element-8c8c597 elementor-widget elementor-widget-text-editor\" data-id=\"8c8c597\" data-element_type=\"widget\" data-e-type=\"widget\" data-widget_type=\"text-editor.default\">\n\t\t\t\t<div class=\"elementor-widget-container\">\n\t\t\t\t\t\t\t\t\t<p><span style=\"text-decoration: underline;\"><strong>13 novembre 2023<\/strong><\/span><\/p><p>Les cl\u00e9s pour \u00eatre entrepreneur et le meilleur commercial pour votre projet.<\/p><p>Cette deuxi\u00e8me formation est all\u00e9e \u00e0 <strong>les immigrants<\/strong> qui travaillent dans le cadre du Plan Communal d&#039;Emploi 2023 de la Mairie de Palau-solit\u00e0 et Plegamans.<\/p><p><b>Contenu:<\/b><\/p><p><strong>Table ronde sur le deuil li\u00e9 \u00e0 la migration<\/strong> charg\u00e9 de <strong>Patricia Freire,<\/strong> Conseill\u00e8re \u00e0 l&#039;action sociale, \u00e0 l&#039;\u00e9galit\u00e9, au f\u00e9minisme et aux politiques LGTBIQ, au logement, aux a\u00een\u00e9s et \u00e0 l&#039;industrie et \u00e0 l&#039;emploi. Mairie de Palau-solit\u00e0 et Plegamans.<\/p><p><strong>Discussion sur l&#039;entrepreneuriat<\/strong>: constitution de l&#039;entreprise, difficult\u00e9s, opportunit\u00e9s, profils d&#039;emploi, relation avec la mairie.<\/p><p><strong>Atelier de marionnettes et table ronde :<\/strong> Construction d&#039;une marionnette r\u00e9fl\u00e9chissant \u00e0 ce qu&#039;a \u00e9t\u00e9 notre vie et \u00e0 ce qu&#039;elle est maintenant. R\u00e9unis pour parler de la marionnette qui a \u00e9t\u00e9 construite et de ce qu&#039;elle signifie.<\/p>\t\t\t\t\t\t\t\t<\/div>\n\t\t\t\t<\/div>\n\t\t\t\t\t<\/div>\n\t\t<\/div>\n\t\t\t\t\t<\/div>\n\t\t<\/section>\n\t\t\t\t<section class=\"elementor-section elementor-top-section elementor-element elementor-element-cb53b09 elementor-section-boxed elementor-section-height-default elementor-section-height-default\" data-id=\"cb53b09\" data-element_type=\"section\" data-e-type=\"section\">\n\t\t\t\t\t\t<div class=\"elementor-container elementor-column-gap-extended\">\n\t\t\t\t\t<div class=\"elementor-column elementor-col-25 elementor-top-column elementor-element elementor-element-0804308\" data-id=\"0804308\" data-element_type=\"column\" data-e-type=\"column\">\n\t\t\t<div class=\"elementor-widget-wrap elementor-element-populated\">\n\t\t\t\t\t\t<div class=\"elementor-element elementor-element-5ec40f3 e-transform elementor-widget elementor-widget-image\" data-id=\"5ec40f3\" data-element_type=\"widget\" data-e-type=\"widget\" data-settings=\"{&quot;_animation&quot;:&quot;none&quot;,&quot;_transform_rotateZ_effect&quot;:{&quot;unit&quot;:&quot;px&quot;,&quot;size&quot;:&quot;&quot;,&quot;sizes&quot;:[]},&quot;_transform_rotateZ_effect_tablet&quot;:{&quot;unit&quot;:&quot;deg&quot;,&quot;size&quot;:&quot;&quot;,&quot;sizes&quot;:[]},&quot;_transform_rotateZ_effect_mobile&quot;:{&quot;unit&quot;:&quot;deg&quot;,&quot;size&quot;:&quot;&quot;,&quot;sizes&quot;:[]}}\" data-widget_type=\"image.default\">\n\t\t\t\t<div class=\"elementor-widget-container\">\n\t\t\t\t\t\t\t\t\t\t\t\t\t\t\t<img loading=\"lazy\" decoding=\"async\" width=\"1024\" height=\"1024\" src=\"https:\/\/www.museudetitelles.com\/wp-content\/uploads\/2023\/09\/formacio-palau-avanca.jpg\" class=\"elementor-animation-shrink attachment-full size-full wp-image-13205\" alt=\"\" srcset=\"https:\/\/www.museudetitelles.com\/wp-content\/uploads\/2023\/09\/formacio-palau-avanca.jpg 1024w, https:\/\/www.museudetitelles.com\/wp-content\/uploads\/2023\/09\/formacio-palau-avanca-300x300.jpg 300w, https:\/\/www.museudetitelles.com\/wp-content\/uploads\/2023\/09\/formacio-palau-avanca-150x150.jpg 150w, https:\/\/www.museudetitelles.com\/wp-content\/uploads\/2023\/09\/formacio-palau-avanca-768x768.jpg 768w, https:\/\/www.museudetitelles.com\/wp-content\/uploads\/2023\/09\/formacio-palau-avanca-12x12.jpg 12w, https:\/\/www.museudetitelles.com\/wp-content\/uploads\/2023\/09\/formacio-palau-avanca-250x250.jpg 250w\" sizes=\"(max-width: 1024px) 100vw, 1024px\">\t\t\t\t\t\t\t\t\t\t\t\t\t\t\t<\/div>\n\t\t\t\t<\/div>\n\t\t\t\t<div class=\"elementor-element elementor-element-4367022 elementor-widget elementor-widget-heading\" data-id=\"4367022\" data-element_type=\"widget\" data-e-type=\"widget\" data-widget_type=\"heading.default\">\n\t\t\t\t<div class=\"elementor-widget-container\">\n\t\t\t\t\t<h2 class=\"elementor-heading-title elementor-size-default\">1er Atelier de Formation Palau Avan\u00e7a <\/h2>\t\t\t\t<\/div>\n\t\t\t\t<\/div>\n\t\t\t\t<div class=\"elementor-element elementor-element-bf906f4 elementor-widget elementor-widget-text-editor\" data-id=\"bf906f4\" data-element_type=\"widget\" data-e-type=\"widget\" data-widget_type=\"text-editor.default\">\n\t\t\t\t<div class=\"elementor-widget-container\">\n\t\t\t\t\t\t\t\t\t<p><span style=\"text-decoration: underline;\"><strong>26 juillet 2023<\/strong><\/span><\/p><p>Les cl\u00e9s pour \u00eatre entrepreneur et le meilleur commercial pour votre projet.<\/p><p>Un exemple : MIT, Mus\u00e9e International de la Marionnette de Catalogne<\/p><p>Cette formation s&#039;adressait aux personnes qui travaillent dans le cadre du Plan Municipal d&#039;Emploi 2023 de la Mairie de Palau-solit\u00e0 i Plegamans.<\/p><p><b>Contenu:<\/b><\/p><p><strong>Discussion sur l&#039;entrepreneuriat<\/strong>: constitution de l&#039;entreprise, difficult\u00e9s, opportunit\u00e9s, profils d&#039;emploi, relation avec la mairie<\/p><p><strong>Atelier de marionnettes :<\/strong> fabriquez une marionnette aussi proche que possible de vous-m\u00eame puis ajoutez un \u00e9l\u00e9ment qui repr\u00e9sente votre futur moi<\/p>\t\t\t\t\t\t\t\t<\/div>\n\t\t\t\t<\/div>\n\t\t\t\t\t<\/div>\n\t\t<\/div>\n\t\t\t\t<div class=\"elementor-column elementor-col-25 elementor-top-column elementor-element elementor-element-ac57572\" data-id=\"ac57572\" data-element_type=\"column\" data-e-type=\"column\">\n\t\t\t<div class=\"elementor-widget-wrap elementor-element-populated\">\n\t\t\t\t\t\t<div class=\"elementor-element elementor-element-44fe0c4 e-transform elementor-widget elementor-widget-image\" data-id=\"44fe0c4\" data-element_type=\"widget\" data-e-type=\"widget\" data-settings=\"{&quot;_animation&quot;:&quot;none&quot;,&quot;_transform_rotateZ_effect&quot;:{&quot;unit&quot;:&quot;px&quot;,&quot;size&quot;:&quot;&quot;,&quot;sizes&quot;:[]},&quot;_transform_rotateZ_effect_tablet&quot;:{&quot;unit&quot;:&quot;deg&quot;,&quot;size&quot;:&quot;&quot;,&quot;sizes&quot;:[]},&quot;_transform_rotateZ_effect_mobile&quot;:{&quot;unit&quot;:&quot;deg&quot;,&quot;size&quot;:&quot;&quot;,&quot;sizes&quot;:[]}}\" data-widget_type=\"image.default\">\n\t\t\t\t<div class=\"elementor-widget-container\">\n\t\t\t\t\t\t\t\t\t\t\t\t\t\t\t<img loading=\"lazy\" decoding=\"async\" width=\"1024\" height=\"1024\" src=\"https:\/\/www.museudetitelles.com\/wp-content\/uploads\/2023\/09\/inauguracio-teatre-falguera.jpg\" class=\"elementor-animation-shrink attachment-full size-full wp-image-13204\" alt=\"\" srcset=\"https:\/\/www.museudetitelles.com\/wp-content\/uploads\/2023\/09\/inauguracio-teatre-falguera.jpg 1024w, https:\/\/www.museudetitelles.com\/wp-content\/uploads\/2023\/09\/inauguracio-teatre-falguera-300x300.jpg 300w, https:\/\/www.museudetitelles.com\/wp-content\/uploads\/2023\/09\/inauguracio-teatre-falguera-150x150.jpg 150w, https:\/\/www.museudetitelles.com\/wp-content\/uploads\/2023\/09\/inauguracio-teatre-falguera-768x768.jpg 768w, https:\/\/www.museudetitelles.com\/wp-content\/uploads\/2023\/09\/inauguracio-teatre-falguera-12x12.jpg 12w, https:\/\/www.museudetitelles.com\/wp-content\/uploads\/2023\/09\/inauguracio-teatre-falguera-250x250.jpg 250w\" sizes=\"(max-width: 1024px) 100vw, 1024px\">\t\t\t\t\t\t\t\t\t\t\t\t\t\t\t<\/div>\n\t\t\t\t<\/div>\n\t\t\t\t<div class=\"elementor-element elementor-element-1ea959e elementor-widget elementor-widget-heading\" data-id=\"1ea959e\" data-element_type=\"widget\" data-e-type=\"widget\" data-widget_type=\"heading.default\">\n\t\t\t\t<div class=\"elementor-widget-container\">\n\t\t\t\t\t<h2 class=\"elementor-heading-title elementor-size-default\">Inauguration du spectacle du Th\u00e9\u00e2tre Falguera : Bostikianas&quot;\n<\/h2>\t\t\t\t<\/div>\n\t\t\t\t<\/div>\n\t\t\t\t<div class=\"elementor-element elementor-element-32ff9cd elementor-widget elementor-widget-text-editor\" data-id=\"32ff9cd\" data-element_type=\"widget\" data-e-type=\"widget\" data-widget_type=\"text-editor.default\">\n\t\t\t\t<div class=\"elementor-widget-container\">\n\t\t\t\t\t\t\t\t\t<p><span style=\"text-decoration: underline;\"><strong>17 juin 2023<\/strong><\/span><\/p><p>Le th\u00e9\u00e2tre en plein air du MIT<\/p><p><a href=\"https:\/\/drive.google.com\/file\/d\/1GWkF8lp-mxNeSbKuWxCn1rQTMMw7axSu\/view?usp=drive_link\" target=\"_blank\" rel=\"noopener\"><strong>Voir la vid\u00e9o<\/strong><\/a>\u00a0<\/p><p>Repr\u00e9sentation du r\u00e9sultat de la r\u00e9sidence de la compagnie Produccions Maria Palomo, dans le r\u00e9cemment nomm\u00e9 &quot;Teatre Falguera&quot;, le th\u00e9\u00e2tre en plein air du MIT<\/p>\t\t\t\t\t\t\t\t<\/div>\n\t\t\t\t<\/div>\n\t\t\t\t\t<\/div>\n\t\t<\/div>\n\t\t\t\t<div class=\"elementor-column elementor-col-25 elementor-top-column elementor-element elementor-element-465a4a9\" data-id=\"465a4a9\" data-element_type=\"column\" data-e-type=\"column\">\n\t\t\t<div class=\"elementor-widget-wrap elementor-element-populated\">\n\t\t\t\t\t\t<div class=\"elementor-element elementor-element-e1e2dae e-transform elementor-widget elementor-widget-image\" data-id=\"e1e2dae\" data-element_type=\"widget\" data-e-type=\"widget\" data-settings=\"{&quot;_animation&quot;:&quot;none&quot;,&quot;_transform_rotateZ_effect&quot;:{&quot;unit&quot;:&quot;px&quot;,&quot;size&quot;:&quot;&quot;,&quot;sizes&quot;:[]},&quot;_transform_rotateZ_effect_tablet&quot;:{&quot;unit&quot;:&quot;deg&quot;,&quot;size&quot;:&quot;&quot;,&quot;sizes&quot;:[]},&quot;_transform_rotateZ_effect_mobile&quot;:{&quot;unit&quot;:&quot;deg&quot;,&quot;size&quot;:&quot;&quot;,&quot;sizes&quot;:[]}}\" data-widget_type=\"image.default\">\n\t\t\t\t<div class=\"elementor-widget-container\">\n\t\t\t\t\t\t\t\t\t\t\t\t\t\t\t<img loading=\"lazy\" decoding=\"async\" width=\"1024\" height=\"1024\" src=\"https:\/\/www.museudetitelles.com\/wp-content\/uploads\/2023\/09\/nit-dels-museus-2023.jpg\" class=\"elementor-animation-shrink attachment-full size-full wp-image-13201\" alt=\"\" srcset=\"https:\/\/www.museudetitelles.com\/wp-content\/uploads\/2023\/09\/nit-dels-museus-2023.jpg 1024w, https:\/\/www.museudetitelles.com\/wp-content\/uploads\/2023\/09\/nit-dels-museus-2023-300x300.jpg 300w, https:\/\/www.museudetitelles.com\/wp-content\/uploads\/2023\/09\/nit-dels-museus-2023-150x150.jpg 150w, https:\/\/www.museudetitelles.com\/wp-content\/uploads\/2023\/09\/nit-dels-museus-2023-768x768.jpg 768w, https:\/\/www.museudetitelles.com\/wp-content\/uploads\/2023\/09\/nit-dels-museus-2023-12x12.jpg 12w, https:\/\/www.museudetitelles.com\/wp-content\/uploads\/2023\/09\/nit-dels-museus-2023-250x250.jpg 250w\" sizes=\"(max-width: 1024px) 100vw, 1024px\">\t\t\t\t\t\t\t\t\t\t\t\t\t\t\t<\/div>\n\t\t\t\t<\/div>\n\t\t\t\t<div class=\"elementor-element elementor-element-f20a0aa elementor-widget elementor-widget-heading\" data-id=\"f20a0aa\" data-element_type=\"widget\" data-e-type=\"widget\" data-widget_type=\"heading.default\">\n\t\t\t\t<div class=\"elementor-widget-container\">\n\t\t\t\t\t<h2 class=\"elementor-heading-title elementor-size-default\">Nuit des Mus\u00e9es 2023\n<\/h2>\t\t\t\t<\/div>\n\t\t\t\t<\/div>\n\t\t\t\t<div class=\"elementor-element elementor-element-4b16d0b elementor-widget elementor-widget-text-editor\" data-id=\"4b16d0b\" data-element_type=\"widget\" data-e-type=\"widget\" data-widget_type=\"text-editor.default\">\n\t\t\t\t<div class=\"elementor-widget-container\">\n\t\t\t\t\t\t\t\t\t<p><span style=\"text-decoration: underline;\"><strong>13 mai 2023<\/strong><\/span><\/p><p>Une fois de plus, du D\u00e9partement de la culture de la Generalitat, le groupe des mus\u00e9es catalans propose de se joindre \u00e0 la c\u00e9l\u00e9bration de la Journ\u00e9e internationale des mus\u00e9es 2023, tout en organisant\u00a0<b>journ\u00e9es portes ouvertes et animations<\/b>\u00a0qui suivent la devise de l&#039;ICOM (Conseil international des mus\u00e9es - Conseil international des mus\u00e9es), qui cette ann\u00e9e est &#039;<b>Mus\u00e9es, durabilit\u00e9 et bien-\u00eatre<\/b>&#039;.<\/p><p><b>Le MIT additionne <\/b>et ouvre ses portes de 9h30 \u00e0 23h30.<\/p><p><a href=\"https:\/\/www.youtube.com\/watch?v=Ttm9yVg52pE\" target=\"_blank\" rel=\"noopener\"><strong>Voir la vid\u00e9o<\/strong><\/a>\u00a0<\/p><p><span style=\"text-decoration: underline;\"><strong><a href=\"https:\/\/www.museudetitelles.com\/fr\/inici\/la-nit-dels-museus-2023-al-mit\/\">En savoir plus...<\/a><\/strong><\/span><\/p>\t\t\t\t\t\t\t\t<\/div>\n\t\t\t\t<\/div>\n\t\t\t\t\t<\/div>\n\t\t<\/div>\n\t\t\t\t<div class=\"elementor-column elementor-col-25 elementor-top-column elementor-element elementor-element-9f38ae8\" data-id=\"9f38ae8\" data-element_type=\"column\" data-e-type=\"column\">\n\t\t\t<div class=\"elementor-widget-wrap elementor-element-populated\">\n\t\t\t\t\t\t<div class=\"elementor-element elementor-element-9470b36 e-transform elementor-widget elementor-widget-image\" data-id=\"9470b36\" data-element_type=\"widget\" data-e-type=\"widget\" data-settings=\"{&quot;_animation&quot;:&quot;none&quot;,&quot;_transform_rotateZ_effect&quot;:{&quot;unit&quot;:&quot;px&quot;,&quot;size&quot;:&quot;&quot;,&quot;sizes&quot;:[]},&quot;_transform_rotateZ_effect_tablet&quot;:{&quot;unit&quot;:&quot;deg&quot;,&quot;size&quot;:&quot;&quot;,&quot;sizes&quot;:[]},&quot;_transform_rotateZ_effect_mobile&quot;:{&quot;unit&quot;:&quot;deg&quot;,&quot;size&quot;:&quot;&quot;,&quot;sizes&quot;:[]}}\" data-widget_type=\"image.default\">\n\t\t\t\t<div class=\"elementor-widget-container\">\n\t\t\t\t\t\t\t\t\t\t\t\t\t\t\t<img loading=\"lazy\" decoding=\"async\" width=\"1024\" height=\"1024\" src=\"https:\/\/www.museudetitelles.com\/wp-content\/uploads\/2023\/09\/emocionart.jpg\" class=\"elementor-animation-shrink attachment-full size-full wp-image-13198\" alt=\"\" srcset=\"https:\/\/www.museudetitelles.com\/wp-content\/uploads\/2023\/09\/emocionart.jpg 1024w, https:\/\/www.museudetitelles.com\/wp-content\/uploads\/2023\/09\/emocionart-300x300.jpg 300w, https:\/\/www.museudetitelles.com\/wp-content\/uploads\/2023\/09\/emocionart-150x150.jpg 150w, https:\/\/www.museudetitelles.com\/wp-content\/uploads\/2023\/09\/emocionart-768x768.jpg 768w, https:\/\/www.museudetitelles.com\/wp-content\/uploads\/2023\/09\/emocionart-12x12.jpg 12w, https:\/\/www.museudetitelles.com\/wp-content\/uploads\/2023\/09\/emocionart-250x250.jpg 250w\" sizes=\"(max-width: 1024px) 100vw, 1024px\">\t\t\t\t\t\t\t\t\t\t\t\t\t\t\t<\/div>\n\t\t\t\t<\/div>\n\t\t\t\t<div class=\"elementor-element elementor-element-1c0a3e2 elementor-widget elementor-widget-heading\" data-id=\"1c0a3e2\" data-element_type=\"widget\" data-e-type=\"widget\" data-widget_type=\"heading.default\">\n\t\t\t\t<div class=\"elementor-widget-container\">\n\t\t\t\t\t<h2 class=\"elementor-heading-title elementor-size-default\">XIIe Journ\u00e9e d&#039;\u00e9ducation des enfants, de 0 \u00e0 6 ans : EMOCIONART\n<\/h2>\t\t\t\t<\/div>\n\t\t\t\t<\/div>\n\t\t\t\t<div class=\"elementor-element elementor-element-5f00ffa elementor-widget elementor-widget-text-editor\" data-id=\"5f00ffa\" data-element_type=\"widget\" data-e-type=\"widget\" data-widget_type=\"text-editor.default\">\n\t\t\t\t<div class=\"elementor-widget-container\">\n\t\t\t\t\t\t\t\t\t<p><span style=\"text-decoration-line: underline;\"><strong>25 mars 2023<\/strong><\/span><\/p><p><b>Salle des \u00e9curies<\/b><\/p><p>Il organise le Service \u00c9ducatif du Vall\u00e8s Occidental VIII. D\u00e9partement d&#039;\u00c9ducation de la Generalitat de Catalogne. Gouvernement catalan.<\/p>\t\t\t\t\t\t\t\t<\/div>\n\t\t\t\t<\/div>\n\t\t\t\t\t<\/div>\n\t\t<\/div>\n\t\t\t\t\t<\/div>\n\t\t<\/section>\n\t\t\t\t<section class=\"elementor-section elementor-top-section elementor-element elementor-element-d6e3b23 elementor-section-boxed elementor-section-height-default elementor-section-height-default\" data-id=\"d6e3b23\" data-element_type=\"section\" data-e-type=\"section\">\n\t\t\t\t\t\t<div class=\"elementor-container elementor-column-gap-extended\">\n\t\t\t\t\t<div class=\"elementor-column elementor-col-25 elementor-top-column elementor-element elementor-element-1c039b9\" data-id=\"1c039b9\" data-element_type=\"column\" data-e-type=\"column\">\n\t\t\t<div class=\"elementor-widget-wrap elementor-element-populated\">\n\t\t\t\t\t\t<div class=\"elementor-element elementor-element-2b83775 e-transform elementor-widget elementor-widget-image\" data-id=\"2b83775\" data-element_type=\"widget\" data-e-type=\"widget\" data-settings=\"{&quot;_animation&quot;:&quot;none&quot;,&quot;_transform_rotateZ_effect&quot;:{&quot;unit&quot;:&quot;px&quot;,&quot;size&quot;:&quot;&quot;,&quot;sizes&quot;:[]},&quot;_transform_rotateZ_effect_tablet&quot;:{&quot;unit&quot;:&quot;deg&quot;,&quot;size&quot;:&quot;&quot;,&quot;sizes&quot;:[]},&quot;_transform_rotateZ_effect_mobile&quot;:{&quot;unit&quot;:&quot;deg&quot;,&quot;size&quot;:&quot;&quot;,&quot;sizes&quot;:[]}}\" data-widget_type=\"image.default\">\n\t\t\t\t<div class=\"elementor-widget-container\">\n\t\t\t\t\t\t\t\t\t\t\t\t\t\t\t<img loading=\"lazy\" decoding=\"async\" width=\"1024\" height=\"1024\" src=\"https:\/\/www.museudetitelles.com\/wp-content\/uploads\/2023\/09\/dolc-titella-del-mit.jpg\" class=\"elementor-animation-shrink attachment-full size-full wp-image-13200\" alt=\"dolc\u0327 titella del mit\" srcset=\"https:\/\/www.museudetitelles.com\/wp-content\/uploads\/2023\/09\/dolc-titella-del-mit.jpg 1024w, https:\/\/www.museudetitelles.com\/wp-content\/uploads\/2023\/09\/dolc-titella-del-mit-300x300.jpg 300w, https:\/\/www.museudetitelles.com\/wp-content\/uploads\/2023\/09\/dolc-titella-del-mit-150x150.jpg 150w, https:\/\/www.museudetitelles.com\/wp-content\/uploads\/2023\/09\/dolc-titella-del-mit-768x768.jpg 768w, https:\/\/www.museudetitelles.com\/wp-content\/uploads\/2023\/09\/dolc-titella-del-mit-12x12.jpg 12w, https:\/\/www.museudetitelles.com\/wp-content\/uploads\/2023\/09\/dolc-titella-del-mit-250x250.jpg 250w\" sizes=\"(max-width: 1024px) 100vw, 1024px\" \/>\t\t\t\t\t\t\t\t\t\t\t\t\t\t\t<\/div>\n\t\t\t\t<\/div>\n\t\t\t\t<div class=\"elementor-element elementor-element-791ae29 elementor-widget elementor-widget-heading\" data-id=\"791ae29\" data-element_type=\"widget\" data-e-type=\"widget\" data-widget_type=\"heading.default\">\n\t\t\t\t<div class=\"elementor-widget-container\">\n\t\t\t\t\t<h2 class=\"elementor-heading-title elementor-size-default\">Pr\u00e9sentation de la &quot;Marionnette Sweet MIT&quot;\n<\/h2>\t\t\t\t<\/div>\n\t\t\t\t<\/div>\n\t\t\t\t<div class=\"elementor-element elementor-element-75cdba4 elementor-widget elementor-widget-text-editor\" data-id=\"75cdba4\" data-element_type=\"widget\" data-e-type=\"widget\" data-widget_type=\"text-editor.default\">\n\t\t\t\t<div class=\"elementor-widget-container\">\n\t\t\t\t\t\t\t\t\t<p><span style=\"text-decoration: underline;\"><strong>21 mars 2023<\/strong><\/span><\/p><p>Biscuits avec le logo du mus\u00e9e r\u00e9alis\u00e9s par Pastisseria Coromines de Palau-solit\u00e0 et Plegamans<\/p>\t\t\t\t\t\t\t\t<\/div>\n\t\t\t\t<\/div>\n\t\t\t\t\t<\/div>\n\t\t<\/div>\n\t\t\t\t<div class=\"elementor-column elementor-col-25 elementor-top-column elementor-element elementor-element-9838146\" data-id=\"9838146\" data-element_type=\"column\" data-e-type=\"column\">\n\t\t\t<div class=\"elementor-widget-wrap elementor-element-populated\">\n\t\t\t\t\t\t<div class=\"elementor-element elementor-element-6b34ced e-transform elementor-widget elementor-widget-image\" data-id=\"6b34ced\" data-element_type=\"widget\" data-e-type=\"widget\" data-settings=\"{&quot;_animation&quot;:&quot;none&quot;,&quot;_transform_rotateZ_effect&quot;:{&quot;unit&quot;:&quot;px&quot;,&quot;size&quot;:&quot;&quot;,&quot;sizes&quot;:[]},&quot;_transform_rotateZ_effect_tablet&quot;:{&quot;unit&quot;:&quot;deg&quot;,&quot;size&quot;:&quot;&quot;,&quot;sizes&quot;:[]},&quot;_transform_rotateZ_effect_mobile&quot;:{&quot;unit&quot;:&quot;deg&quot;,&quot;size&quot;:&quot;&quot;,&quot;sizes&quot;:[]}}\" data-widget_type=\"image.default\">\n\t\t\t\t<div class=\"elementor-widget-container\">\n\t\t\t\t\t\t\t\t\t\t\t\t\t\t\t<img loading=\"lazy\" decoding=\"async\" width=\"1024\" height=\"1024\" src=\"https:\/\/www.museudetitelles.com\/wp-content\/uploads\/2023\/09\/diada-mundial-dels-titellaires-al-museu-de-titelles.jpg\" class=\"elementor-animation-shrink attachment-full size-full wp-image-13199\" alt=\"\" srcset=\"https:\/\/www.museudetitelles.com\/wp-content\/uploads\/2023\/09\/diada-mundial-dels-titellaires-al-museu-de-titelles.jpg 1024w, https:\/\/www.museudetitelles.com\/wp-content\/uploads\/2023\/09\/diada-mundial-dels-titellaires-al-museu-de-titelles-300x300.jpg 300w, https:\/\/www.museudetitelles.com\/wp-content\/uploads\/2023\/09\/diada-mundial-dels-titellaires-al-museu-de-titelles-150x150.jpg 150w, https:\/\/www.museudetitelles.com\/wp-content\/uploads\/2023\/09\/diada-mundial-dels-titellaires-al-museu-de-titelles-768x768.jpg 768w, https:\/\/www.museudetitelles.com\/wp-content\/uploads\/2023\/09\/diada-mundial-dels-titellaires-al-museu-de-titelles-12x12.jpg 12w, https:\/\/www.museudetitelles.com\/wp-content\/uploads\/2023\/09\/diada-mundial-dels-titellaires-al-museu-de-titelles-250x250.jpg 250w\" sizes=\"(max-width: 1024px) 100vw, 1024px\">\t\t\t\t\t\t\t\t\t\t\t\t\t\t\t<\/div>\n\t\t\t\t<\/div>\n\t\t\t\t<div class=\"elementor-element elementor-element-b158f08 elementor-widget elementor-widget-heading\" data-id=\"b158f08\" data-element_type=\"widget\" data-e-type=\"widget\" data-widget_type=\"heading.default\">\n\t\t\t\t<div class=\"elementor-widget-container\">\n\t\t\t\t\t<h2 class=\"elementor-heading-title elementor-size-default\">Journ\u00e9e mondiale de la marionnette 2023\n<\/h2>\t\t\t\t<\/div>\n\t\t\t\t<\/div>\n\t\t\t\t<div class=\"elementor-element elementor-element-1c2af18 elementor-widget elementor-widget-text-editor\" data-id=\"1c2af18\" data-element_type=\"widget\" data-e-type=\"widget\" data-widget_type=\"text-editor.default\">\n\t\t\t\t<div class=\"elementor-widget-container\">\n\t\t\t\t\t\t\t\t\t<p><span style=\"text-decoration: underline;\"><strong>21 mars 2023<\/strong><\/span><\/p><p>Le MIT a \u00e9t\u00e9 choisi cette ann\u00e9e, par <a href=\"https:\/\/unima.cat\/\" target=\"_blank\" rel=\"noopener\">UNIMA Catalogne<\/a>, comme lieu de c\u00e9l\u00e9bration de cette journ\u00e9e tr\u00e8s importante pour la communaut\u00e9 des marionnettistes et les amateurs de marionnettes.<\/p><p>Le mus\u00e9e a cr\u00e9\u00e9 une communaut\u00e9 en impliquant les \u00e9coles du village qui ont construit leurs propres marionnettes inspir\u00e9es de la for\u00eat et les commer\u00e7ants qui ont d\u00e9cor\u00e9 leurs vitrines. La Mairie de Palau-solit\u00e0 et Plegamans a d\u00e9cor\u00e9 les b\u00e2timents institutionnels avec des marionnettes et a install\u00e9 une banderole informative au si\u00e8ge de l&#039;institution.<\/p><p><b>Magasins participants <\/b>de Palau-solit\u00e0 et Plegamans: 13 b\u00e2timents municipaux suppl\u00e9mentaires<\/p><p><a href=\"https:\/\/www.youtube.com\/watch?v=oSvdCCjRpRQ\" target=\"_blank\" rel=\"noopener\"><strong>Vid\u00e9o r\u00e9capitulative<\/strong><\/a>\u00a0<\/p><p><span style=\"text-decoration: underline;\"><strong><a href=\"https:\/\/www.museudetitelles.com\/fr\/inici\/dia-mundial-de-la-marioneta\/\">En savoir plus...<\/a><\/strong><\/span><\/p>\t\t\t\t\t\t\t\t<\/div>\n\t\t\t\t<\/div>\n\t\t\t\t\t<\/div>\n\t\t<\/div>\n\t\t\t\t<div class=\"elementor-column elementor-col-25 elementor-top-column elementor-element elementor-element-bec9697\" data-id=\"bec9697\" data-element_type=\"column\" data-e-type=\"column\">\n\t\t\t<div class=\"elementor-widget-wrap elementor-element-populated\">\n\t\t\t\t\t\t<div class=\"elementor-element elementor-element-9957927 e-transform elementor-widget elementor-widget-image\" data-id=\"9957927\" data-element_type=\"widget\" data-e-type=\"widget\" data-settings=\"{&quot;_animation&quot;:&quot;none&quot;,&quot;_transform_rotateZ_effect&quot;:{&quot;unit&quot;:&quot;px&quot;,&quot;size&quot;:&quot;&quot;,&quot;sizes&quot;:[]},&quot;_transform_rotateZ_effect_tablet&quot;:{&quot;unit&quot;:&quot;deg&quot;,&quot;size&quot;:&quot;&quot;,&quot;sizes&quot;:[]},&quot;_transform_rotateZ_effect_mobile&quot;:{&quot;unit&quot;:&quot;deg&quot;,&quot;size&quot;:&quot;&quot;,&quot;sizes&quot;:[]}}\" data-widget_type=\"image.default\">\n\t\t\t\t<div class=\"elementor-widget-container\">\n\t\t\t\t\t\t\t\t\t\t\t\t\t\t\t<img loading=\"lazy\" decoding=\"async\" width=\"1024\" height=\"1024\" src=\"https:\/\/www.museudetitelles.com\/wp-content\/uploads\/2023\/09\/METAVERS-MUSEU-DE-TITELLES2.jpg\" class=\"elementor-animation-shrink attachment-full size-full wp-image-13195\" alt=\"\" srcset=\"https:\/\/www.museudetitelles.com\/wp-content\/uploads\/2023\/09\/METAVERS-MUSEU-DE-TITELLES2.jpg 1024w, https:\/\/www.museudetitelles.com\/wp-content\/uploads\/2023\/09\/METAVERS-MUSEU-DE-TITELLES2-300x300.jpg 300w, https:\/\/www.museudetitelles.com\/wp-content\/uploads\/2023\/09\/METAVERS-MUSEU-DE-TITELLES2-150x150.jpg 150w, https:\/\/www.museudetitelles.com\/wp-content\/uploads\/2023\/09\/METAVERS-MUSEU-DE-TITELLES2-768x768.jpg 768w, https:\/\/www.museudetitelles.com\/wp-content\/uploads\/2023\/09\/METAVERS-MUSEU-DE-TITELLES2-12x12.jpg 12w, https:\/\/www.museudetitelles.com\/wp-content\/uploads\/2023\/09\/METAVERS-MUSEU-DE-TITELLES2-250x250.jpg 250w\" sizes=\"(max-width: 1024px) 100vw, 1024px\">\t\t\t\t\t\t\t\t\t\t\t\t\t\t\t<\/div>\n\t\t\t\t<\/div>\n\t\t\t\t<div class=\"elementor-element elementor-element-5d4f50f elementor-widget elementor-widget-heading\" data-id=\"5d4f50f\" data-element_type=\"widget\" data-e-type=\"widget\" data-widget_type=\"heading.default\">\n\t\t\t\t<div class=\"elementor-widget-container\">\n\t\t\t\t\t<h2 class=\"elementor-heading-title elementor-size-default\">m\u00e9tavers Salles d&#039;exposition\n\n<\/h2>\t\t\t\t<\/div>\n\t\t\t\t<\/div>\n\t\t\t\t<div class=\"elementor-element elementor-element-2e9f2bd elementor-widget elementor-widget-text-editor\" data-id=\"2e9f2bd\" data-element_type=\"widget\" data-e-type=\"widget\" data-widget_type=\"text-editor.default\">\n\t\t\t\t<div class=\"elementor-widget-container\">\n\t\t\t\t\t\t\t\t\t<p>Del<span style=\"text-decoration: underline;\"><strong> 2 novembre au 1er d\u00e9cembre 2022<\/strong><\/span> avec le <strong><a href=\"https:\/\/fundacionord.cat\/\" target=\"_blank\" rel=\"noopener\">Fondation Nord <\/a><\/strong>et le <strong><a href=\"https:\/\/www.catvers.cat\/\" target=\"_blank\" rel=\"noopener\">quatre<\/a>,<\/strong> sont-ils cr\u00e9\u00e9s <b>trois salles d&#039;exposition dans le <\/b><b>m\u00e9tavers<\/b>.<\/p><p>Vous pouvez entrer dans les chambres<strong> <a href=\"https:\/\/catvers.land\/cgHxCdf\/museu-titella\" target=\"_blank\" rel=\"noopener\">ICI<\/a><\/strong><\/p><p>Les m\u00e9tavers sont un ensemble de mondes virtuels tridimensionnels interconnect\u00e9s dans lesquels des personnes situ\u00e9es n&#039;importe o\u00f9 peuvent socialiser en temps r\u00e9el pour former une \u00e9conomie Internet persistante, appartenant aux utilisateurs, qui s&#039;\u00e9tend sur les mondes num\u00e9rique et physique.<\/p>\t\t\t\t\t\t\t\t<\/div>\n\t\t\t\t<\/div>\n\t\t\t\t\t<\/div>\n\t\t<\/div>\n\t\t\t\t<div class=\"elementor-column elementor-col-25 elementor-top-column elementor-element elementor-element-3e2689d\" data-id=\"3e2689d\" data-element_type=\"column\" data-e-type=\"column\">\n\t\t\t<div class=\"elementor-widget-wrap elementor-element-populated\">\n\t\t\t\t\t\t<div class=\"elementor-element elementor-element-e658542 e-transform elementor-widget elementor-widget-image\" data-id=\"e658542\" data-element_type=\"widget\" data-e-type=\"widget\" data-settings=\"{&quot;_animation&quot;:&quot;none&quot;,&quot;_transform_rotateZ_effect&quot;:{&quot;unit&quot;:&quot;px&quot;,&quot;size&quot;:&quot;&quot;,&quot;sizes&quot;:[]},&quot;_transform_rotateZ_effect_tablet&quot;:{&quot;unit&quot;:&quot;deg&quot;,&quot;size&quot;:&quot;&quot;,&quot;sizes&quot;:[]},&quot;_transform_rotateZ_effect_mobile&quot;:{&quot;unit&quot;:&quot;deg&quot;,&quot;size&quot;:&quot;&quot;,&quot;sizes&quot;:[]}}\" data-widget_type=\"image.default\">\n\t\t\t\t<div class=\"elementor-widget-container\">\n\t\t\t\t\t\t\t\t\t\t\t\t\t\t\t<img loading=\"lazy\" decoding=\"async\" width=\"500\" height=\"500\" src=\"https:\/\/www.museudetitelles.com\/wp-content\/uploads\/2023\/09\/exposicio-nadal-historic.jpg\" class=\"elementor-animation-shrink attachment-full size-full wp-image-13543\" alt=\"exposicio\u0301 nadal historic\" srcset=\"https:\/\/www.museudetitelles.com\/wp-content\/uploads\/2023\/09\/exposicio-nadal-historic.jpg 500w, https:\/\/www.museudetitelles.com\/wp-content\/uploads\/2023\/09\/exposicio-nadal-historic-300x300.jpg 300w, https:\/\/www.museudetitelles.com\/wp-content\/uploads\/2023\/09\/exposicio-nadal-historic-150x150.jpg 150w, https:\/\/www.museudetitelles.com\/wp-content\/uploads\/2023\/09\/exposicio-nadal-historic-12x12.jpg 12w, https:\/\/www.museudetitelles.com\/wp-content\/uploads\/2023\/09\/exposicio-nadal-historic-250x250.jpg 250w\" sizes=\"(max-width: 500px) 100vw, 500px\" \/>\t\t\t\t\t\t\t\t\t\t\t\t\t\t\t<\/div>\n\t\t\t\t<\/div>\n\t\t\t\t<div class=\"elementor-element elementor-element-b7f27cd elementor-widget elementor-widget-heading\" data-id=\"b7f27cd\" data-element_type=\"widget\" data-e-type=\"widget\" data-widget_type=\"heading.default\">\n\t\t\t\t<div class=\"elementor-widget-container\">\n\t\t\t\t\t<h2 class=\"elementor-heading-title elementor-size-default\">Exposition temporaire\n\n<\/h2>\t\t\t\t<\/div>\n\t\t\t\t<\/div>\n\t\t\t\t<div class=\"elementor-element elementor-element-2d6ee8f elementor-widget elementor-widget-text-editor\" data-id=\"2d6ee8f\" data-element_type=\"widget\" data-e-type=\"widget\" data-widget_type=\"text-editor.default\">\n\t\t\t\t<div class=\"elementor-widget-container\">\n\t\t\t\t\t\t\t\t\t<p><span style=\"text-decoration: underline;\"><strong>Du 20 d\u00e9cembre au 4 janvier 2023<\/strong><\/span><\/p><p>Nous fabriquons des marionnettes de No\u00ebl avec des mat\u00e9riaux recycl\u00e9s<\/p>\t\t\t\t\t\t\t\t<\/div>\n\t\t\t\t<\/div>\n\t\t\t\t\t<\/div>\n\t\t<\/div>\n\t\t\t\t\t<\/div>\n\t\t<\/section>\n\t\t\t\t<section class=\"elementor-section elementor-top-section elementor-element elementor-element-bf52da5 elementor-section-boxed elementor-section-height-default elementor-section-height-default\" data-id=\"bf52da5\" data-element_type=\"section\" data-e-type=\"section\">\n\t\t\t\t\t\t<div class=\"elementor-container elementor-column-gap-extended\">\n\t\t\t\t\t<div class=\"elementor-column elementor-col-100 elementor-top-column elementor-element elementor-element-fa3fe91\" data-id=\"fa3fe91\" data-element_type=\"column\" data-e-type=\"column\">\n\t\t\t<div class=\"elementor-widget-wrap\">\n\t\t\t\t\t\t\t<\/div>\n\t\t<\/div>\n\t\t\t\t\t<\/div>\n\t\t<\/section>\n\t\t\t\t<section class=\"elementor-section elementor-top-section elementor-element elementor-element-d7c9d7d elementor-section-boxed elementor-section-height-default elementor-section-height-default\" data-id=\"d7c9d7d\" data-element_type=\"section\" data-e-type=\"section\">\n\t\t\t\t\t\t<div class=\"elementor-container elementor-column-gap-extended\">\n\t\t\t\t\t<div class=\"elementor-column elementor-col-25 elementor-top-column elementor-element elementor-element-a469bf5\" data-id=\"a469bf5\" data-element_type=\"column\" data-e-type=\"column\">\n\t\t\t<div class=\"elementor-widget-wrap elementor-element-populated\">\n\t\t\t\t\t\t<div class=\"elementor-element elementor-element-746c38b elementor-widget elementor-widget-image\" data-id=\"746c38b\" data-element_type=\"widget\" data-e-type=\"widget\" data-widget_type=\"image.default\">\n\t\t\t\t<div class=\"elementor-widget-container\">\n\t\t\t\t\t\t\t\t\t\t\t\t\t\t\t<img loading=\"lazy\" decoding=\"async\" width=\"1024\" height=\"1024\" src=\"https:\/\/www.museudetitelles.com\/wp-content\/uploads\/2023\/09\/dia-mundial-de-la-dona-treballadora.jpg\" class=\"elementor-animation-shrink attachment-full size-full wp-image-13197\" alt=\"dia mundial de la dona treballadora al museu de titelles\" srcset=\"https:\/\/www.museudetitelles.com\/wp-content\/uploads\/2023\/09\/dia-mundial-de-la-dona-treballadora.jpg 1024w, https:\/\/www.museudetitelles.com\/wp-content\/uploads\/2023\/09\/dia-mundial-de-la-dona-treballadora-300x300.jpg 300w, https:\/\/www.museudetitelles.com\/wp-content\/uploads\/2023\/09\/dia-mundial-de-la-dona-treballadora-150x150.jpg 150w, https:\/\/www.museudetitelles.com\/wp-content\/uploads\/2023\/09\/dia-mundial-de-la-dona-treballadora-768x768.jpg 768w, https:\/\/www.museudetitelles.com\/wp-content\/uploads\/2023\/09\/dia-mundial-de-la-dona-treballadora-12x12.jpg 12w, https:\/\/www.museudetitelles.com\/wp-content\/uploads\/2023\/09\/dia-mundial-de-la-dona-treballadora-250x250.jpg 250w\" sizes=\"(max-width: 1024px) 100vw, 1024px\" \/>\t\t\t\t\t\t\t\t\t\t\t\t\t\t\t<\/div>\n\t\t\t\t<\/div>\n\t\t\t\t<div class=\"elementor-element elementor-element-a7837ee elementor-widget elementor-widget-heading\" data-id=\"a7837ee\" data-element_type=\"widget\" data-e-type=\"widget\" data-widget_type=\"heading.default\">\n\t\t\t\t<div class=\"elementor-widget-container\">\n\t\t\t\t\t<h2 class=\"elementor-heading-title elementor-size-default\">Journ\u00e9e mondiale de la femme qui travaille\n<\/h2>\t\t\t\t<\/div>\n\t\t\t\t<\/div>\n\t\t\t\t<div class=\"elementor-element elementor-element-31fa1fc elementor-widget elementor-widget-text-editor\" data-id=\"31fa1fc\" data-element_type=\"widget\" data-e-type=\"widget\" data-widget_type=\"text-editor.default\">\n\t\t\t\t<div class=\"elementor-widget-container\">\n\t\t\t\t\t\t\t\t\t<p><span style=\"text-decoration: underline;\"><strong>8 mars 2023<\/strong><\/span><\/p><p>Cr\u00e9ation de la vid\u00e9o en collaboration avec des marionnettistes.<\/p><p>Voil\u00e0 tu l&#039;as<a href=\"https:\/\/www.youtube.com\/watch?v=w71RJeFq2uY\" target=\"_blank\" rel=\"noopener\"><strong>lien vid\u00e9o<\/strong><\/a><\/p>\t\t\t\t\t\t\t\t<\/div>\n\t\t\t\t<\/div>\n\t\t\t\t\t<\/div>\n\t\t<\/div>\n\t\t\t\t<div class=\"elementor-column elementor-col-25 elementor-top-column elementor-element elementor-element-93f95ba\" data-id=\"93f95ba\" data-element_type=\"column\" data-e-type=\"column\">\n\t\t\t<div class=\"elementor-widget-wrap elementor-element-populated\">\n\t\t\t\t\t\t<div class=\"elementor-element elementor-element-038c928 e-transform elementor-widget elementor-widget-image\" data-id=\"038c928\" data-element_type=\"widget\" data-e-type=\"widget\" data-settings=\"{&quot;_animation&quot;:&quot;none&quot;,&quot;_transform_rotateZ_effect&quot;:{&quot;unit&quot;:&quot;px&quot;,&quot;size&quot;:&quot;&quot;,&quot;sizes&quot;:[]},&quot;_transform_rotateZ_effect_tablet&quot;:{&quot;unit&quot;:&quot;deg&quot;,&quot;size&quot;:&quot;&quot;,&quot;sizes&quot;:[]},&quot;_transform_rotateZ_effect_mobile&quot;:{&quot;unit&quot;:&quot;deg&quot;,&quot;size&quot;:&quot;&quot;,&quot;sizes&quot;:[]}}\" data-widget_type=\"image.default\">\n\t\t\t\t<div class=\"elementor-widget-container\">\n\t\t\t\t\t\t\t\t\t\t\t\t\t\t\t<img loading=\"lazy\" decoding=\"async\" width=\"1080\" height=\"1080\" src=\"https:\/\/www.museudetitelles.com\/wp-content\/uploads\/2022\/12\/COPY-Publicacion-de-Instagram-1080x1080-px.png\" class=\"elementor-animation-shrink attachment-full size-full wp-image-9452\" alt=\"Tadeusz Wierzbicki\" srcset=\"https:\/\/www.museudetitelles.com\/wp-content\/uploads\/2022\/12\/COPY-Publicacion-de-Instagram-1080x1080-px.png 1080w, https:\/\/www.museudetitelles.com\/wp-content\/uploads\/2022\/12\/COPY-Publicacion-de-Instagram-1080x1080-px-300x300.png 300w, https:\/\/www.museudetitelles.com\/wp-content\/uploads\/2022\/12\/COPY-Publicacion-de-Instagram-1080x1080-px-1024x1024.png 1024w, https:\/\/www.museudetitelles.com\/wp-content\/uploads\/2022\/12\/COPY-Publicacion-de-Instagram-1080x1080-px-150x150.png 150w, https:\/\/www.museudetitelles.com\/wp-content\/uploads\/2022\/12\/COPY-Publicacion-de-Instagram-1080x1080-px-768x768.png 768w, https:\/\/www.museudetitelles.com\/wp-content\/uploads\/2022\/12\/COPY-Publicacion-de-Instagram-1080x1080-px-12x12.png 12w\" sizes=\"(max-width: 1080px) 100vw, 1080px\" \/>\t\t\t\t\t\t\t\t\t\t\t\t\t\t\t<\/div>\n\t\t\t\t<\/div>\n\t\t\t\t<div class=\"elementor-element elementor-element-cda418b elementor-widget elementor-widget-heading\" data-id=\"cda418b\" data-element_type=\"widget\" data-e-type=\"widget\" data-widget_type=\"heading.default\">\n\t\t\t\t<div class=\"elementor-widget-container\">\n\t\t\t\t\t<h2 class=\"elementor-heading-title elementor-size-default\">&quot;UNE \u00c9TUDE DANS LE CHAOS - INFLAMMATIONS&quot;<\/h2>\t\t\t\t<\/div>\n\t\t\t\t<\/div>\n\t\t\t\t<div class=\"elementor-element elementor-element-06f18f9 elementor-widget elementor-widget-text-editor\" data-id=\"06f18f9\" data-element_type=\"widget\" data-e-type=\"widget\" data-widget_type=\"text-editor.default\">\n\t\t\t\t<div class=\"elementor-widget-container\">\n\t\t\t\t\t\t\t\t\t<p><span style=\"text-decoration: underline;\"><strong>27 novembre 2022<\/strong><\/span><\/p><p>Du 21 au 25 novembre dernier, elle s&#039;est d\u00e9roul\u00e9e au MIT \u00e0<span class=\"hiddenSpellError\">stage<\/span>\u00a0du marionnettiste polonais\u00a0<strong><span class=\"hiddenSpellError\">Tadeusz<\/span>\u00a0<span class=\"hiddenSpellError\">Wierzbicki<\/span>.<\/strong><\/p><p>Le s\u00e9jour s&#039;est d\u00e9roul\u00e9 le 26 novembre avec un grand succ\u00e8s public et a constitu\u00e9 l&#039;acte de cl\u00f4ture du <strong>festival\u00a0<span class=\"hiddenSpellError\">IfBarcelone<\/span>.<\/strong><\/p><p><span style=\"text-decoration: underline;\"><a href=\"https:\/\/www.museudetitelles.com\/fr\/tadeusz-wierzbicki-presenta-un-estudi-en-caos-inflamacions\/\"><strong>Continuer la lecture<\/strong><\/a><\/span><\/p>\t\t\t\t\t\t\t\t<\/div>\n\t\t\t\t<\/div>\n\t\t\t\t\t<\/div>\n\t\t<\/div>\n\t\t\t\t<div class=\"elementor-column elementor-col-25 elementor-top-column elementor-element elementor-element-7b92313\" data-id=\"7b92313\" data-element_type=\"column\" data-e-type=\"column\">\n\t\t\t<div class=\"elementor-widget-wrap elementor-element-populated\">\n\t\t\t\t\t\t<div class=\"elementor-element elementor-element-b385cb8 elementor-widget elementor-widget-image\" data-id=\"b385cb8\" data-element_type=\"widget\" data-e-type=\"widget\" data-widget_type=\"image.default\">\n\t\t\t\t<div class=\"elementor-widget-container\">\n\t\t\t\t\t\t\t\t\t\t\t\t\t\t\t<img loading=\"lazy\" decoding=\"async\" width=\"1500\" height=\"1500\" src=\"https:\/\/www.museudetitelles.com\/wp-content\/uploads\/2022\/12\/COPY-COPY-COPY-Publicacion-de-Instagram-1080x1080-px-Dimensiones-personalizadas-Dimensiones-personalizadas.png\" class=\"elementor-animation-shrink attachment-full size-full wp-image-9378\" alt=\"Inauguraci\u00f3 museu de titelles\" srcset=\"https:\/\/www.museudetitelles.com\/wp-content\/uploads\/2022\/12\/COPY-COPY-COPY-Publicacion-de-Instagram-1080x1080-px-Dimensiones-personalizadas-Dimensiones-personalizadas.png 1500w, https:\/\/www.museudetitelles.com\/wp-content\/uploads\/2022\/12\/COPY-COPY-COPY-Publicacion-de-Instagram-1080x1080-px-Dimensiones-personalizadas-Dimensiones-personalizadas-300x300.png 300w, https:\/\/www.museudetitelles.com\/wp-content\/uploads\/2022\/12\/COPY-COPY-COPY-Publicacion-de-Instagram-1080x1080-px-Dimensiones-personalizadas-Dimensiones-personalizadas-1024x1024.png 1024w, https:\/\/www.museudetitelles.com\/wp-content\/uploads\/2022\/12\/COPY-COPY-COPY-Publicacion-de-Instagram-1080x1080-px-Dimensiones-personalizadas-Dimensiones-personalizadas-150x150.png 150w, https:\/\/www.museudetitelles.com\/wp-content\/uploads\/2022\/12\/COPY-COPY-COPY-Publicacion-de-Instagram-1080x1080-px-Dimensiones-personalizadas-Dimensiones-personalizadas-768x768.png 768w, https:\/\/www.museudetitelles.com\/wp-content\/uploads\/2022\/12\/COPY-COPY-COPY-Publicacion-de-Instagram-1080x1080-px-Dimensiones-personalizadas-Dimensiones-personalizadas-12x12.png 12w\" sizes=\"(max-width: 1500px) 100vw, 1500px\" \/>\t\t\t\t\t\t\t\t\t\t\t\t\t\t\t<\/div>\n\t\t\t\t<\/div>\n\t\t\t\t<div class=\"elementor-element elementor-element-312d019 elementor-widget elementor-widget-heading\" data-id=\"312d019\" data-element_type=\"widget\" data-e-type=\"widget\" data-widget_type=\"heading.default\">\n\t\t\t\t<div class=\"elementor-widget-container\">\n\t\t\t\t\t<h2 class=\"elementor-heading-title elementor-size-default\">INAUGURATION DU MYTHE\n<\/h2>\t\t\t\t<\/div>\n\t\t\t\t<\/div>\n\t\t\t\t<div class=\"elementor-element elementor-element-43d975e elementor-widget elementor-widget-text-editor\" data-id=\"43d975e\" data-element_type=\"widget\" data-e-type=\"widget\" data-widget_type=\"text-editor.default\">\n\t\t\t\t<div class=\"elementor-widget-container\">\n\t\t\t\t\t\t\t\t\t<p><span style=\"text-decoration: underline;\"><strong>19 novembre 2022<\/strong><\/span><\/p><p>Les 19 et 20 novembre derniers, nous avons officiellement inaugur\u00e9 le MIT, le Mus\u00e9e International de la Marionnette de Catalogne.\u00a0<\/p><p><strong>Ce furent deux jours fantastiques pleins de magie<\/strong> o\u00f9 nous avons pu profiter de l&#039;aide de nombreuses personnes qui ont voulu nous soutenir \u00e0 des dates si marqu\u00e9es par nous.<\/p><p><span style=\"text-decoration: underline;\"><a href=\"https:\/\/www.museudetitelles.com\/fr\/ja-hem-inaugurat-el-mit\/\"><strong>Continuer la lecture<\/strong><\/a><\/span><\/p><p>\u00a0<\/p>\t\t\t\t\t\t\t\t<\/div>\n\t\t\t\t<\/div>\n\t\t\t\t\t<\/div>\n\t\t<\/div>\n\t\t\t\t<div class=\"elementor-column elementor-col-25 elementor-top-column elementor-element elementor-element-de3bff4\" data-id=\"de3bff4\" data-element_type=\"column\" data-e-type=\"column\">\n\t\t\t<div class=\"elementor-widget-wrap elementor-element-populated\">\n\t\t\t\t\t\t<div class=\"elementor-element elementor-element-a44a9c3 elementor-widget elementor-widget-image\" data-id=\"a44a9c3\" data-element_type=\"widget\" data-e-type=\"widget\" data-widget_type=\"image.default\">\n\t\t\t\t<div class=\"elementor-widget-container\">\n\t\t\t\t\t\t\t\t\t\t\t\t\t\t\t<img loading=\"lazy\" decoding=\"async\" width=\"1080\" height=\"1080\" src=\"https:\/\/www.museudetitelles.com\/wp-content\/uploads\/2022\/08\/JPG.jpg\" class=\"elementor-animation-shrink attachment-full size-full wp-image-6942\" alt=\"ELS TITELLES I LES EMOCIONS POST-PAND\u00c8MIQUES\" srcset=\"https:\/\/www.museudetitelles.com\/wp-content\/uploads\/2022\/08\/JPG.jpg 1080w, https:\/\/www.museudetitelles.com\/wp-content\/uploads\/2022\/08\/JPG-300x300.jpg 300w, https:\/\/www.museudetitelles.com\/wp-content\/uploads\/2022\/08\/JPG-1024x1024.jpg 1024w, https:\/\/www.museudetitelles.com\/wp-content\/uploads\/2022\/08\/JPG-150x150.jpg 150w, https:\/\/www.museudetitelles.com\/wp-content\/uploads\/2022\/08\/JPG-768x768.jpg 768w, https:\/\/www.museudetitelles.com\/wp-content\/uploads\/2022\/08\/JPG-12x12.jpg 12w\" sizes=\"(max-width: 1080px) 100vw, 1080px\" \/>\t\t\t\t\t\t\t\t\t\t\t\t\t\t\t<\/div>\n\t\t\t\t<\/div>\n\t\t\t\t<div class=\"elementor-element elementor-element-6703b0b elementor-widget elementor-widget-heading\" data-id=\"6703b0b\" data-element_type=\"widget\" data-e-type=\"widget\" data-widget_type=\"heading.default\">\n\t\t\t\t<div class=\"elementor-widget-container\">\n\t\t\t\t\t<h2 class=\"elementor-heading-title elementor-size-default\">MARIONNETTES ET TRANSFORMATION SYMBOLIQUE<\/h2>\t\t\t\t<\/div>\n\t\t\t\t<\/div>\n\t\t\t\t<div class=\"elementor-element elementor-element-20a9394 elementor-widget elementor-widget-text-editor\" data-id=\"20a9394\" data-element_type=\"widget\" data-e-type=\"widget\" data-widget_type=\"text-editor.default\">\n\t\t\t\t<div class=\"elementor-widget-container\">\n\t\t\t\t\t\t\t\t\t<p><span style=\"text-decoration: underline;\"><strong>Du 14 au 18 novembre 2022<\/strong><\/span><\/p><p class=\"p1\"><span class=\"s1\">La semaine pr\u00e9c\u00e9dant l&#039;ouverture du mus\u00e9e, nous avons pu profiter d&#039;une master class dispens\u00e9e, pendant cinq jours cons\u00e9cutifs, par le prestigieux professeur\u00a0<b>Karim Dakroub.<\/b><\/span><\/p><p class=\"p1\"><span class=\"s1\">Le cours offrait une formation sp\u00e9cialis\u00e9e avec un mod\u00e8le psychosocial bas\u00e9 sur des marionnettes.<\/span><\/p><p><a href=\"https:\/\/www.museudetitelles.com\/fr\/titelles-i-transformacio-simbolica-amb-karim-dakroub\/\"><span style=\"text-decoration: underline;\"><strong>Continuer la lecture<\/strong><\/span><\/a><\/p><p>\u00a0<\/p>\t\t\t\t\t\t\t\t<\/div>\n\t\t\t\t<\/div>\n\t\t\t\t\t<\/div>\n\t\t<\/div>\n\t\t\t\t\t<\/div>\n\t\t<\/section>\n\t\t\t\t<section class=\"elementor-section elementor-top-section elementor-element elementor-element-f761a80 elementor-section-boxed elementor-section-height-default elementor-section-height-default\" data-id=\"f761a80\" data-element_type=\"section\" data-e-type=\"section\">\n\t\t\t\t\t\t<div class=\"elementor-container elementor-column-gap-extended\">\n\t\t\t\t\t<div class=\"elementor-column elementor-col-25 elementor-top-column elementor-element elementor-element-1d6b6de\" data-id=\"1d6b6de\" data-element_type=\"column\" data-e-type=\"column\">\n\t\t\t<div class=\"elementor-widget-wrap elementor-element-populated\">\n\t\t\t\t\t\t<div class=\"elementor-element elementor-element-87cb7cd e-transform elementor-widget elementor-widget-image\" data-id=\"87cb7cd\" data-element_type=\"widget\" data-e-type=\"widget\" data-settings=\"{&quot;_animation&quot;:&quot;none&quot;,&quot;_transform_rotateZ_effect&quot;:{&quot;unit&quot;:&quot;px&quot;,&quot;size&quot;:&quot;&quot;,&quot;sizes&quot;:[]},&quot;_transform_rotateZ_effect_tablet&quot;:{&quot;unit&quot;:&quot;deg&quot;,&quot;size&quot;:&quot;&quot;,&quot;sizes&quot;:[]},&quot;_transform_rotateZ_effect_mobile&quot;:{&quot;unit&quot;:&quot;deg&quot;,&quot;size&quot;:&quot;&quot;,&quot;sizes&quot;:[]}}\" data-widget_type=\"image.default\">\n\t\t\t\t<div class=\"elementor-widget-container\">\n\t\t\t\t\t\t\t\t\t\t\t\t\t\t\t<img loading=\"lazy\" decoding=\"async\" width=\"1080\" height=\"1080\" src=\"https:\/\/www.museudetitelles.com\/wp-content\/uploads\/2022\/05\/ELS-TITELLES-I-LES-EMOCIONS-POST-PANDEMIQUES.jpg\" class=\"elementor-animation-shrink attachment-full size-full wp-image-4655\" alt=\"\" srcset=\"https:\/\/www.museudetitelles.com\/wp-content\/uploads\/2022\/05\/ELS-TITELLES-I-LES-EMOCIONS-POST-PANDEMIQUES.jpg 1080w, https:\/\/www.museudetitelles.com\/wp-content\/uploads\/2022\/05\/ELS-TITELLES-I-LES-EMOCIONS-POST-PANDEMIQUES-300x300.jpg 300w, https:\/\/www.museudetitelles.com\/wp-content\/uploads\/2022\/05\/ELS-TITELLES-I-LES-EMOCIONS-POST-PANDEMIQUES-1024x1024.jpg 1024w, https:\/\/www.museudetitelles.com\/wp-content\/uploads\/2022\/05\/ELS-TITELLES-I-LES-EMOCIONS-POST-PANDEMIQUES-150x150.jpg 150w, https:\/\/www.museudetitelles.com\/wp-content\/uploads\/2022\/05\/ELS-TITELLES-I-LES-EMOCIONS-POST-PANDEMIQUES-768x768.jpg 768w\" sizes=\"(max-width: 1080px) 100vw, 1080px\">\t\t\t\t\t\t\t\t\t\t\t\t\t\t\t<\/div>\n\t\t\t\t<\/div>\n\t\t\t\t<div class=\"elementor-element elementor-element-f479f51 elementor-widget__width-initial elementor-widget elementor-widget-heading\" data-id=\"f479f51\" data-element_type=\"widget\" data-e-type=\"widget\" data-widget_type=\"heading.default\">\n\t\t\t\t<div class=\"elementor-widget-container\">\n\t\t\t\t\t<h2 class=\"elementor-heading-title elementor-size-default\">VII CONF\u00c9RENCE INTERNATIONALE SUR L&#039;\u00c9DUCATION ET LES MARIONNETTES\n<\/h2>\t\t\t\t<\/div>\n\t\t\t\t<\/div>\n\t\t\t\t<div class=\"elementor-element elementor-element-3b7e675 elementor-widget elementor-widget-text-editor\" data-id=\"3b7e675\" data-element_type=\"widget\" data-e-type=\"widget\" data-widget_type=\"text-editor.default\">\n\t\t\t\t<div class=\"elementor-widget-container\">\n\t\t\t\t\t\t\t\t\t<p>\u00a0<\/p><p><span style=\"text-decoration: underline;\"><strong>11 juillet 2022<\/strong><\/span><\/p><p>Le 11 juillet dernier, la premi\u00e8re activit\u00e9 marquante a eu lieu au MIT.<br \/>Bien que nous n&#039;ayons pas encore officiellement inaugur\u00e9 le Mus\u00e9e, nous avons c\u00e9l\u00e9br\u00e9 le <strong>Septi\u00e8me Journ\u00e9e internationale de l&#039;\u00e9ducation et des marionnettes.<\/strong><br \/>Ce fut une journ\u00e9e tr\u00e8s heureuse pour tous ceux qui ont particip\u00e9. Et nous travaillons d\u00e9j\u00e0 sur de nouveaux projets qui seront s\u00fbrement aussi bien accueillis que la Conf\u00e9rence.<\/p><p><a href=\"https:\/\/www.museudetitelles.com\/fr\/vii-jornada-internacional-educacio-i-titelles\/\"><span style=\"text-decoration: underline;\"><strong>Continuer la lecture<\/strong><\/span><\/a><\/p>\t\t\t\t\t\t\t\t<\/div>\n\t\t\t\t<\/div>\n\t\t\t\t\t<\/div>\n\t\t<\/div>\n\t\t\t\t<div class=\"elementor-column elementor-col-25 elementor-top-column elementor-element elementor-element-359044b\" data-id=\"359044b\" data-element_type=\"column\" data-e-type=\"column\">\n\t\t\t<div class=\"elementor-widget-wrap\">\n\t\t\t\t\t\t\t<\/div>\n\t\t<\/div>\n\t\t\t\t<div class=\"elementor-column elementor-col-25 elementor-top-column elementor-element elementor-element-0a52b4c\" data-id=\"0a52b4c\" data-element_type=\"column\" data-e-type=\"column\">\n\t\t\t<div class=\"elementor-widget-wrap\">\n\t\t\t\t\t\t\t<\/div>\n\t\t<\/div>\n\t\t\t\t<div class=\"elementor-column elementor-col-25 elementor-top-column elementor-element elementor-element-31f3cbf\" data-id=\"31f3cbf\" data-element_type=\"column\" data-e-type=\"column\">\n\t\t\t<div class=\"elementor-widget-wrap\">\n\t\t\t\t\t\t\t<\/div>\n\t\t<\/div>\n\t\t\t\t\t<\/div>\n\t\t<\/section>\n\t\t\t\t<section class=\"elementor-section elementor-top-section elementor-element elementor-element-5c9b10d elementor-section-boxed elementor-section-height-default elementor-section-height-default\" data-id=\"5c9b10d\" data-element_type=\"section\" data-e-type=\"section\">\n\t\t\t\t\t\t<div class=\"elementor-container elementor-column-gap-extended\">\n\t\t\t\t\t<div class=\"elementor-column elementor-col-100 elementor-top-column elementor-element elementor-element-b2007e4\" data-id=\"b2007e4\" data-element_type=\"column\" data-e-type=\"column\">\n\t\t\t<div class=\"elementor-widget-wrap\">\n\t\t\t\t\t\t\t<\/div>\n\t\t<\/div>\n\t\t\t\t\t<\/div>\n\t\t<\/section>\n\t\t\t\t<\/div>","protected":false},"excerpt":{"rendered":"<p>Records encoratjadors Un museu, mil hist\u00f2ries Les activitats realitzades al MIT continuen sent actualitat Curs de Titelles Corporals. Object Score Impartit per Duda Paiva. Brasil-Holanda \u00a0Adre\u00e7at a joves i adults. Dates: 16-17 DE NOVEMBRE 2024\u00a0 Horari: Dissabte 16 de 10h a 14h i de 15h a 19h. Diumenge 17 de 10h a 14h DURACI\u00d3 TOTAL: [&hellip;]<\/p>\n","protected":false},"author":15,"featured_media":0,"parent":13128,"menu_order":0,"comment_status":"closed","ping_status":"closed","template":"elementor_header_footer","meta":{"footnotes":""},"class_list":["post-13169","page","type-page","status-publish","hentry"],"amp_enabled":false,"_links":{"self":[{"href":"https:\/\/www.museudetitelles.com\/fr\/wp-json\/wp\/v2\/pages\/13169","targetHints":{"allow":["GET"]}}],"collection":[{"href":"https:\/\/www.museudetitelles.com\/fr\/wp-json\/wp\/v2\/pages"}],"about":[{"href":"https:\/\/www.museudetitelles.com\/fr\/wp-json\/wp\/v2\/types\/page"}],"author":[{"embeddable":true,"href":"https:\/\/www.museudetitelles.com\/fr\/wp-json\/wp\/v2\/users\/15"}],"replies":[{"embeddable":true,"href":"https:\/\/www.museudetitelles.com\/fr\/wp-json\/wp\/v2\/comments?post=13169"}],"version-history":[{"count":141,"href":"https:\/\/www.museudetitelles.com\/fr\/wp-json\/wp\/v2\/pages\/13169\/revisions"}],"predecessor-version":[{"id":15879,"href":"https:\/\/www.museudetitelles.com\/fr\/wp-json\/wp\/v2\/pages\/13169\/revisions\/15879"}],"up":[{"embeddable":true,"href":"https:\/\/www.museudetitelles.com\/fr\/wp-json\/wp\/v2\/pages\/13128"}],"wp:attachment":[{"href":"https:\/\/www.museudetitelles.com\/fr\/wp-json\/wp\/v2\/media?parent=13169"}],"curies":[{"name":"wp","href":"https:\/\/api.w.org\/{rel}","templated":true}]}}