{"id":15059,"date":"2024-08-01T14:25:50","date_gmt":"2024-08-01T12:25:50","guid":{"rendered":"https:\/\/www.museudetitelles.com\/?page_id=15059"},"modified":"2024-08-01T19:52:59","modified_gmt":"2024-08-01T17:52:59","slug":"titelles-en-lambit-clinic-amb-karim-dakroub","status":"publish","type":"page","link":"https:\/\/www.museudetitelles.com\/es\/activitats-al-museu-de-titelles\/titelles-en-lambit-clinic-amb-karim-dakroub\/","title":{"rendered":"&#039;T\u00edteres en el \u00e1mbito cl\u00ednico&#039; Con Karim Dakroub"},"content":{"rendered":"<div data-elementor-type=\"wp-page\" data-elementor-id=\"15059\" class=\"elementor elementor-15059\" data-elementor-post-type=\"page\">\n\t\t\t\t\t\t<section class=\"elementor-section elementor-top-section elementor-element elementor-element-b8362fc elementor-section-stretched elementor-section-boxed elementor-section-height-default elementor-section-height-default\" data-id=\"b8362fc\" data-element_type=\"section\" data-e-type=\"section\" data-settings=\"{&quot;stretch_section&quot;:&quot;section-stretched&quot;,&quot;background_background&quot;:&quot;classic&quot;}\">\n\t\t\t\t\t\t\t<div class=\"elementor-background-overlay\"><\/div>\n\t\t\t\t\t\t\t<div class=\"elementor-container elementor-column-gap-default\">\n\t\t\t\t\t<div class=\"elementor-column elementor-col-100 elementor-top-column elementor-element elementor-element-3375502\" data-id=\"3375502\" data-element_type=\"column\" data-e-type=\"column\">\n\t\t\t<div class=\"elementor-widget-wrap elementor-element-populated\">\n\t\t\t\t\t\t<section class=\"elementor-section elementor-inner-section elementor-element elementor-element-822315b elementor-section-boxed elementor-section-height-default elementor-section-height-default\" data-id=\"822315b\" data-element_type=\"section\" data-e-type=\"section\" data-settings=\"{&quot;background_background&quot;:&quot;classic&quot;}\">\n\t\t\t\t\t\t<div class=\"elementor-container elementor-column-gap-default\">\n\t\t\t\t\t<div class=\"elementor-column elementor-col-100 elementor-inner-column elementor-element elementor-element-6388c2a\" data-id=\"6388c2a\" data-element_type=\"column\" data-e-type=\"column\">\n\t\t\t<div class=\"elementor-widget-wrap elementor-element-populated\">\n\t\t\t\t\t\t<div class=\"elementor-element elementor-element-6680f70 elementor-widget__width-initial elementor-widget elementor-widget-heading\" data-id=\"6680f70\" data-element_type=\"widget\" data-e-type=\"widget\" data-widget_type=\"heading.default\">\n\t\t\t\t<div class=\"elementor-widget-container\">\n\t\t\t\t\t<h2 class=\"elementor-heading-title elementor-size-default\">Marionetas en el \u00e1mbito cl\u00ednico. Uniendo las luchas diarias y la &quot;realidad dram\u00e1tica&quot;<\/h2>\t\t\t\t<\/div>\n\t\t\t\t<\/div>\n\t\t\t\t<div class=\"elementor-element elementor-element-eca60d1 elementor-widget elementor-widget-text-editor\" data-id=\"eca60d1\" data-element_type=\"widget\" data-e-type=\"widget\" data-settings=\"{&quot;_animation&quot;:&quot;none&quot;,&quot;_animation_delay&quot;:500}\" data-widget_type=\"text-editor.default\">\n\t\t\t\t<div class=\"elementor-widget-container\">\n\t\t\t\t\t\t\t\t\t<p>\u00a0<\/p><p class=\"p1\">Formaci\u00f3n especializada dirigida a psic\u00f3logos cl\u00ednicos, terapeutas familiares, educadores, mediadores familiares, trabajadores sociales y profesionales que deseen conocer la intervenci\u00f3n con ni\u00f1os en su contexto familiar.<\/p>\t\t\t\t\t\t\t\t<\/div>\n\t\t\t\t<\/div>\n\t\t\t\t\t<\/div>\n\t\t<\/div>\n\t\t\t\t\t<\/div>\n\t\t<\/section>\n\t\t\t\t\t<\/div>\n\t\t<\/div>\n\t\t\t\t\t<\/div>\n\t\t<\/section>\n\t\t\t\t<section class=\"elementor-section elementor-top-section elementor-element elementor-element-515ade6 elementor-section-boxed elementor-section-height-default elementor-section-height-default\" data-id=\"515ade6\" data-element_type=\"section\" data-e-type=\"section\">\n\t\t\t\t\t\t<div class=\"elementor-container elementor-column-gap-default\">\n\t\t\t\t\t<div class=\"elementor-column elementor-col-100 elementor-top-column elementor-element elementor-element-f578343\" data-id=\"f578343\" data-element_type=\"column\" data-e-type=\"column\">\n\t\t\t<div class=\"elementor-widget-wrap elementor-element-populated\">\n\t\t\t\t\t\t<div class=\"elementor-element elementor-element-29badb1 elementor-widget elementor-widget-heading\" data-id=\"29badb1\" data-element_type=\"widget\" data-e-type=\"widget\" data-widget_type=\"heading.default\">\n\t\t\t\t<div class=\"elementor-widget-container\">\n\t\t\t\t\t<h5 class=\"elementor-heading-title elementor-size-default\"> Impulsado por:\n<\/h5>\t\t\t\t<\/div>\n\t\t\t\t<\/div>\n\t\t\t\t\t<\/div>\n\t\t<\/div>\n\t\t\t\t\t<\/div>\n\t\t<\/section>\n\t\t\t\t<section class=\"elementor-section elementor-top-section elementor-element elementor-element-f54d691 elementor-section-boxed elementor-section-height-default elementor-section-height-default\" data-id=\"f54d691\" data-element_type=\"section\" data-e-type=\"section\">\n\t\t\t\t\t\t<div class=\"elementor-container elementor-column-gap-default\">\n\t\t\t\t\t<div class=\"elementor-column elementor-col-33 elementor-top-column elementor-element elementor-element-9b24180\" data-id=\"9b24180\" data-element_type=\"column\" data-e-type=\"column\" data-settings=\"{&quot;animation&quot;:&quot;none&quot;,&quot;animation_delay&quot;:300}\">\n\t\t\t<div class=\"elementor-widget-wrap elementor-element-populated\">\n\t\t\t\t\t\t<div class=\"elementor-element elementor-element-c9dda54 elementor-widget elementor-widget-image\" data-id=\"c9dda54\" data-element_type=\"widget\" data-e-type=\"widget\" data-widget_type=\"image.default\">\n\t\t\t\t<div class=\"elementor-widget-container\">\n\t\t\t\t\t\t\t\t\t\t\t\t\t\t\t\t<a href=\"https:\/\/www.teiamoner.net\/\" target=\"_blank\" rel=\"noopener\">\n\t\t\t\t\t\t\t<img fetchpriority=\"high\" decoding=\"async\" width=\"434\" height=\"123\" src=\"https:\/\/www.museudetitelles.com\/wp-content\/uploads\/2022\/12\/1-LOGO-TITERESANTE1.jpg\" class=\"attachment-large size-large wp-image-9171\" alt=\"\" srcset=\"https:\/\/www.museudetitelles.com\/wp-content\/uploads\/2022\/12\/1-LOGO-TITERESANTE1.jpg 434w, https:\/\/www.museudetitelles.com\/wp-content\/uploads\/2022\/12\/1-LOGO-TITERESANTE1-300x85.jpg 300w, https:\/\/www.museudetitelles.com\/wp-content\/uploads\/2022\/12\/1-LOGO-TITERESANTE1-18x5.jpg 18w\" sizes=\"(max-width: 434px) 100vw, 434px\">\t\t\t\t\t\t\t\t<\/a>\n\t\t\t\t\t\t\t\t\t\t\t\t\t\t\t<\/div>\n\t\t\t\t<\/div>\n\t\t\t\t\t<\/div>\n\t\t<\/div>\n\t\t\t\t<div class=\"elementor-column elementor-col-33 elementor-top-column elementor-element elementor-element-281e72f\" data-id=\"281e72f\" data-element_type=\"column\" data-e-type=\"column\" data-settings=\"{&quot;animation&quot;:&quot;none&quot;,&quot;animation_delay&quot;:300}\">\n\t\t\t<div class=\"elementor-widget-wrap elementor-element-populated\">\n\t\t\t\t\t\t<div class=\"elementor-element elementor-element-9ad51fa elementor-widget elementor-widget-image\" data-id=\"9ad51fa\" data-element_type=\"widget\" data-e-type=\"widget\" data-widget_type=\"image.default\">\n\t\t\t\t<div class=\"elementor-widget-container\">\n\t\t\t\t\t\t\t\t\t\t\t\t\t\t\t\t<a href=\"https:\/\/www.teiamoner.net\/\" target=\"_blank\" rel=\"noopener\">\n\t\t\t\t\t\t\t<img decoding=\"async\" width=\"658\" height=\"274\" src=\"https:\/\/www.museudetitelles.com\/wp-content\/uploads\/2022\/11\/image0.jpeg\" class=\"attachment-large size-large wp-image-8886\" alt=\"logo IF\" srcset=\"https:\/\/www.museudetitelles.com\/wp-content\/uploads\/2022\/11\/image0.jpeg 658w, https:\/\/www.museudetitelles.com\/wp-content\/uploads\/2022\/11\/image0-300x125.jpeg 300w, https:\/\/www.museudetitelles.com\/wp-content\/uploads\/2022\/11\/image0-18x7.jpeg 18w\" sizes=\"(max-width: 658px) 100vw, 658px\" \/>\t\t\t\t\t\t\t\t<\/a>\n\t\t\t\t\t\t\t\t\t\t\t\t\t\t\t<\/div>\n\t\t\t\t<\/div>\n\t\t\t\t\t<\/div>\n\t\t<\/div>\n\t\t\t\t<div class=\"elementor-column elementor-col-33 elementor-top-column elementor-element elementor-element-6e63ac7\" data-id=\"6e63ac7\" data-element_type=\"column\" data-e-type=\"column\" data-settings=\"{&quot;animation&quot;:&quot;none&quot;,&quot;animation_delay&quot;:300}\">\n\t\t\t<div class=\"elementor-widget-wrap elementor-element-populated\">\n\t\t\t\t\t\t<div class=\"elementor-element elementor-element-da25c8f elementor-widget elementor-widget-image\" data-id=\"da25c8f\" data-element_type=\"widget\" data-e-type=\"widget\" data-widget_type=\"image.default\">\n\t\t\t\t<div class=\"elementor-widget-container\">\n\t\t\t\t\t\t\t\t\t\t\t\t\t\t\t\t<a href=\"https:\/\/www.addaurateatrevisual.com\/\" target=\"_blank\" rel=\"noopener\">\n\t\t\t\t\t\t\t<img decoding=\"async\" width=\"300\" height=\"300\" src=\"https:\/\/www.museudetitelles.com\/wp-content\/uploads\/2023\/09\/associacio-titella-i-terapia-300x300.png\" class=\"attachment-medium size-medium wp-image-13035\" alt=\"associacio\u0301 titella i terapia\" srcset=\"https:\/\/www.museudetitelles.com\/wp-content\/uploads\/2023\/09\/associacio-titella-i-terapia-300x300.png 300w, https:\/\/www.museudetitelles.com\/wp-content\/uploads\/2023\/09\/associacio-titella-i-terapia-150x150.png 150w, https:\/\/www.museudetitelles.com\/wp-content\/uploads\/2023\/09\/associacio-titella-i-terapia-12x12.png 12w, https:\/\/www.museudetitelles.com\/wp-content\/uploads\/2023\/09\/associacio-titella-i-terapia-250x250.png 250w, https:\/\/www.museudetitelles.com\/wp-content\/uploads\/2023\/09\/associacio-titella-i-terapia.png 500w\" sizes=\"(max-width: 300px) 100vw, 300px\" \/>\t\t\t\t\t\t\t\t<\/a>\n\t\t\t\t\t\t\t\t\t\t\t\t\t\t\t<\/div>\n\t\t\t\t<\/div>\n\t\t\t\t\t<\/div>\n\t\t<\/div>\n\t\t\t\t\t<\/div>\n\t\t<\/section>\n\t\t\t\t<section class=\"elementor-section elementor-top-section elementor-element elementor-element-1573f66 elementor-section-boxed elementor-section-height-default elementor-section-height-default\" data-id=\"1573f66\" data-element_type=\"section\" data-e-type=\"section\">\n\t\t\t\t\t\t<div class=\"elementor-container elementor-column-gap-default\">\n\t\t\t\t\t<div class=\"elementor-column elementor-col-100 elementor-top-column elementor-element elementor-element-4323b1e\" data-id=\"4323b1e\" data-element_type=\"column\" data-e-type=\"column\">\n\t\t\t<div class=\"elementor-widget-wrap elementor-element-populated\">\n\t\t\t\t\t\t<div class=\"elementor-element elementor-element-0a84ca6 elementor-widget-divider--view-line elementor-widget elementor-widget-divider\" data-id=\"0a84ca6\" data-element_type=\"widget\" data-e-type=\"widget\" data-widget_type=\"divider.default\">\n\t\t\t\t<div class=\"elementor-widget-container\">\n\t\t\t\t\t\t\t<div class=\"elementor-divider\">\n\t\t\t<span class=\"elementor-divider-separator\">\n\t\t\t\t\t\t<\/span>\n\t\t<\/div>\n\t\t\t\t\t\t<\/div>\n\t\t\t\t<\/div>\n\t\t\t\t<div class=\"elementor-element elementor-element-bbcf0dd elementor-widget-divider--view-line elementor-widget elementor-widget-divider\" data-id=\"bbcf0dd\" data-element_type=\"widget\" data-e-type=\"widget\" data-widget_type=\"divider.default\">\n\t\t\t\t<div class=\"elementor-widget-container\">\n\t\t\t\t\t\t\t<div class=\"elementor-divider\">\n\t\t\t<span class=\"elementor-divider-separator\">\n\t\t\t\t\t\t<\/span>\n\t\t<\/div>\n\t\t\t\t\t\t<\/div>\n\t\t\t\t<\/div>\n\t\t\t\t<div class=\"elementor-element elementor-element-1bb4963 elementor-align-center elementor-widget elementor-widget-button\" data-id=\"1bb4963\" data-element_type=\"widget\" data-e-type=\"widget\" data-widget_type=\"button.default\">\n\t\t\t\t<div class=\"elementor-widget-container\">\n\t\t\t\t\t\t\t\t\t<div class=\"elementor-button-wrapper\">\n\t\t\t\t\t<a class=\"elementor-button elementor-button-link elementor-size-sm\" href=\"https:\/\/docs.google.com\/forms\/d\/e\/1FAIpQLSeQ4GsB5oemDV9l_BfKDb8tcT1Ho2jxh5JPMzVj9Gn5LzIBoA\/viewform\" target=\"_blank\" rel=\"noopener\">\n\t\t\t\t\t\t<span class=\"elementor-button-content-wrapper\">\n\t\t\t\t\t\t\t\t\t<span class=\"elementor-button-text\">INSCRIPCI\u00d3N<\/span>\n\t\t\t\t\t<\/span>\n\t\t\t\t\t<\/a>\n\t\t\t\t<\/div>\n\t\t\t\t\t\t\t\t<\/div>\n\t\t\t\t<\/div>\n\t\t\t\t<div class=\"elementor-element elementor-element-4163513 elementor-widget elementor-widget-text-editor\" data-id=\"4163513\" data-element_type=\"widget\" data-e-type=\"widget\" data-settings=\"{&quot;_animation&quot;:&quot;none&quot;,&quot;_animation_delay&quot;:300}\" data-widget_type=\"text-editor.default\">\n\t\t\t\t<div class=\"elementor-widget-container\">\n\t\t\t\t\t\t\t\t\t<h4>\u00a0<\/h4><p><strong>S\u00e1bado 21 de septiembre y domingo 22 de septiembre, de 15 a 21h.<\/strong><br \/>Lugar: Museo Internacional de los T\u00edteres de Catalu\u00f1a, en Palau-Solit\u00e0 I Plegamans<br \/>Aforo: 15 personas<br \/>12 horas de formaci\u00f3n<br \/><em>Taller impulsado por el IF Barcelona, el MIT, y la Asociaci\u00f3n Titella y Terapia de Catalunya con la colaboraci\u00f3n de la revista Titeresante.<\/em><\/p><p>Coste: 120 euros.<\/p><p>Inscripciones antes del 31 de agosto de 2024: 100 euros<\/p><p>Descuento del 15% para los socios de Unima.<\/p><p>Ver <a href=\"https:\/\/unima.es\/quienes-somos\/reglamento-de-becas\/\" target=\"_blank\" rel=\"noopener\">AQUI<\/a> las ayudas que ofrece Unima Federaci\u00f3n a los socios de UNIMA. Dirigirse a UNIMA Federaci\u00f3n Espa\u00f1a:\u00a0<a href=\"mailto:secretaria@unima.es\">secretaria@unima.es<\/a><\/p><h4 class=\"wp-block-heading\"><strong>Objetivos<\/strong><\/h4><p>\u2022 Saber utilizar las herramientas relevantes para intervenir con los ni\u00f1os en su contexto familiar.<br \/>\u2022 Identificar el significado del s\u00edntoma y su funci\u00f3n en la din\u00e1mica familiar<br \/>\u2022 Aplicar una intervenci\u00f3n estructurada basada en enfoques psicoanal\u00edticos\/sist\u00e9micos, y t\u00e9cnicas de Arteterapia.<br \/>\u2022 Desarrollar las habilidades en el uso de los t\u00edteres como mediaci\u00f3n para potenciar la autoimagen del paciente y su percepci\u00f3n de su papel en la familia.<\/p><h4 class=\"wp-block-heading\"><strong>Estructura de la formaci\u00f3n:<\/strong><\/h4><p>\u2013 Dos d\u00edas de formaci\u00f3n (12 horas)<br \/>\u2013 Introducci\u00f3n al protocolo de intervenci\u00f3n y sus antecedentes te\u00f3ricos<\/p>\t\t\t\t\t\t\t\t<\/div>\n\t\t\t\t<\/div>\n\t\t\t\t<section class=\"elementor-section elementor-inner-section elementor-element elementor-element-5a61c75 elementor-section-boxed elementor-section-height-default elementor-section-height-default\" data-id=\"5a61c75\" data-element_type=\"section\" data-e-type=\"section\">\n\t\t\t\t\t\t<div class=\"elementor-container elementor-column-gap-default\">\n\t\t\t\t\t<div class=\"elementor-column elementor-col-50 elementor-inner-column elementor-element elementor-element-fa23d67\" data-id=\"fa23d67\" data-element_type=\"column\" data-e-type=\"column\">\n\t\t\t<div class=\"elementor-widget-wrap elementor-element-populated\">\n\t\t\t\t\t\t<div class=\"elementor-element elementor-element-c6aaaac elementor-widget__width-initial elementor-widget elementor-widget-image\" data-id=\"c6aaaac\" data-element_type=\"widget\" data-e-type=\"widget\" data-widget_type=\"image.default\">\n\t\t\t\t<div class=\"elementor-widget-container\">\n\t\t\t\t\t\t\t\t\t\t\t\t\t\t\t<img loading=\"lazy\" decoding=\"async\" width=\"800\" height=\"474\" src=\"https:\/\/www.museudetitelles.com\/wp-content\/uploads\/2024\/08\/karim-foto-Inigo-Royo-1080x640-1-1024x607.jpg\" class=\"attachment-large size-large wp-image-15071\" alt=\"\" srcset=\"https:\/\/www.museudetitelles.com\/wp-content\/uploads\/2024\/08\/karim-foto-Inigo-Royo-1080x640-1-1024x607.jpg 1024w, https:\/\/www.museudetitelles.com\/wp-content\/uploads\/2024\/08\/karim-foto-Inigo-Royo-1080x640-1-600x356.jpg 600w, https:\/\/www.museudetitelles.com\/wp-content\/uploads\/2024\/08\/karim-foto-Inigo-Royo-1080x640-1-300x178.jpg 300w, https:\/\/www.museudetitelles.com\/wp-content\/uploads\/2024\/08\/karim-foto-Inigo-Royo-1080x640-1-768x455.jpg 768w, https:\/\/www.museudetitelles.com\/wp-content\/uploads\/2024\/08\/karim-foto-Inigo-Royo-1080x640-1-18x12.jpg 18w, https:\/\/www.museudetitelles.com\/wp-content\/uploads\/2024\/08\/karim-foto-Inigo-Royo-1080x640-1.jpg 1080w\" sizes=\"(max-width: 800px) 100vw, 800px\">\t\t\t\t\t\t\t\t\t\t\t\t\t\t\t<\/div>\n\t\t\t\t<\/div>\n\t\t\t\t<div class=\"elementor-element elementor-element-d13476b elementor-widget__width-initial elementor-widget elementor-widget-text-editor\" data-id=\"d13476b\" data-element_type=\"widget\" data-e-type=\"widget\" data-widget_type=\"text-editor.default\">\n\t\t\t\t<div class=\"elementor-widget-container\">\n\t\t\t\t\t\t\t\t\t<h4 class=\"wp-block-heading\"><strong>El profesor<\/strong><\/h4><h5>Karim Dakroub, PhD, psic\u00f3logo cl\u00ednico, psicoterapeuta, director de teatro, titiritero y consultor psicosocial. Profesor en la Universidad Libanesa. Fundador y presidente de la Asociaci\u00f3n Khayal para las Artes y la Educaci\u00f3n, representante de la UNIMA (Uni\u00f3n Internacional de T\u00edteres) en L\u00edbano. Fue el pionero en el mundo \u00e1rabe del uso de t\u00edteres en los campos cl\u00ednicos y psicosociales, y uno de los principales expertos de esta pr\u00e1ctica en todo el mundo.<\/h5>\t\t\t\t\t\t\t\t<\/div>\n\t\t\t\t<\/div>\n\t\t\t\t\t<\/div>\n\t\t<\/div>\n\t\t\t\t<div class=\"elementor-column elementor-col-50 elementor-inner-column elementor-element elementor-element-1457fa4\" data-id=\"1457fa4\" data-element_type=\"column\" data-e-type=\"column\">\n\t\t\t<div class=\"elementor-widget-wrap elementor-element-populated\">\n\t\t\t\t\t\t<div class=\"elementor-element elementor-element-30b8237 elementor-widget elementor-widget-image\" data-id=\"30b8237\" data-element_type=\"widget\" data-e-type=\"widget\" data-widget_type=\"image.default\">\n\t\t\t\t<div class=\"elementor-widget-container\">\n\t\t\t\t\t\t\t\t\t\t\t\t\t\t\t<img decoding=\"async\" src=\"https:\/\/www.museudetitelles.com\/wp-content\/uploads\/elementor\/thumbs\/nuria-5-821x1536-1-768x1437-1-qrywucncx3bi83r9syozahzyc28e4qz1afstpr6m2o.jpg\" title=\"nuria-5-821\u00d71536-1-768\u00d71437-1\" alt=\"nuria-5-821x1536-1-768x1437-1\" loading=\"lazy\" \/>\t\t\t\t\t\t\t\t\t\t\t\t\t\t\t<\/div>\n\t\t\t\t<\/div>\n\t\t\t\t\t<\/div>\n\t\t<\/div>\n\t\t\t\t\t<\/div>\n\t\t<\/section>\n\t\t\t\t<section class=\"elementor-section elementor-inner-section elementor-element elementor-element-33cc227 elementor-section-boxed elementor-section-height-default elementor-section-height-default\" data-id=\"33cc227\" data-element_type=\"section\" data-e-type=\"section\">\n\t\t\t\t\t\t<div class=\"elementor-container elementor-column-gap-default\">\n\t\t\t\t\t<div class=\"elementor-column elementor-col-100 elementor-inner-column elementor-element elementor-element-4cad0ce\" data-id=\"4cad0ce\" data-element_type=\"column\" data-e-type=\"column\">\n\t\t\t<div class=\"elementor-widget-wrap elementor-element-populated\">\n\t\t\t\t\t\t<div class=\"elementor-element elementor-element-dfd57ef elementor-widget elementor-widget-text-editor\" data-id=\"dfd57ef\" data-element_type=\"widget\" data-e-type=\"widget\" data-settings=\"{&quot;_animation&quot;:&quot;none&quot;,&quot;_animation_delay&quot;:300}\" data-widget_type=\"text-editor.default\">\n\t\t\t\t<div class=\"elementor-widget-container\">\n\t\t\t\t\t\t\t\t\t<h4 class=\"wp-block-heading\"><strong>Parte te\u00f3rica:<\/strong><\/h4><p>\u2022 El trasfondo te\u00f3rico de la &#039;transformaci\u00f3n simb\u00f3lica&#039;, basado en dos fuentes: El v\u00ednculo entre la naturaleza de los t\u00edteres y el<em>animismo<\/em>\u00a0del que hablaba Freud en &#039;Totem and Taboo&#039; (Freud 1919), y los m\u00e9todos creativos en terapia familiar y de pareja llamados &#039;Objetos flotantes&#039; de (Caill\u00e9, Rey 2004) (Calli\u00e9 2007).<br \/>\u2022 El t\u00edtere como objeto de transici\u00f3n basado en el concepto de Winnicott de los fen\u00f3menos de transici\u00f3n (Winnicott 1974)<br \/>\u2022 La pr\u00e1ctica cl\u00ednica de t\u00edteres en el marco del EPR (Embodimiento, Projection, Role) (Jennings 1998)<\/p><h4 class=\"wp-block-heading\"><strong>Parte pr\u00e1ctica:<\/strong><\/h4><p>\u2022 Presentaci\u00f3n de una intervenci\u00f3n cl\u00ednica estructurada (protocolo) (15 sesiones), para tratar los trastornos infantiles con el uso de t\u00edteres, en el marco de los enfoques anal\u00edticos\/sist\u00e9micos.<br \/>\u2022 Presentaci\u00f3n de un caso pr\u00e1ctico,<br \/>\u2022 Aplicaci\u00f3n de las t\u00e9cnicas que incluyen la artesan\u00eda y el juego de roles para una mejor comprensi\u00f3n de la intervenci\u00f3n cl\u00ednica.<\/p>\t\t\t\t\t\t\t\t<\/div>\n\t\t\t\t<\/div>\n\t\t\t\t\t<\/div>\n\t\t<\/div>\n\t\t\t\t\t<\/div>\n\t\t<\/section>\n\t\t\t\t\t<\/div>\n\t\t<\/div>\n\t\t\t\t\t<\/div>\n\t\t<\/section>\n\t\t\t\t<section class=\"elementor-section elementor-top-section elementor-element elementor-element-1aa9cca1 elementor-section-boxed elementor-section-height-default elementor-section-height-default\" data-id=\"1aa9cca1\" data-element_type=\"section\" data-e-type=\"section\" data-settings=\"{&quot;background_background&quot;:&quot;classic&quot;}\">\n\t\t\t\t\t\t<div class=\"elementor-container elementor-column-gap-default\">\n\t\t\t\t\t<div class=\"elementor-column elementor-col-100 elementor-top-column elementor-element elementor-element-e10877e\" data-id=\"e10877e\" data-element_type=\"column\" data-e-type=\"column\" data-settings=\"{&quot;background_background&quot;:&quot;classic&quot;,&quot;animation&quot;:&quot;none&quot;}\">\n\t\t\t<div class=\"elementor-widget-wrap elementor-element-populated\">\n\t\t\t\t\t\t<div class=\"elementor-element elementor-element-688ed2f elementor-widget elementor-widget-heading\" data-id=\"688ed2f\" data-element_type=\"widget\" data-e-type=\"widget\" data-widget_type=\"heading.default\">\n\t\t\t\t<div class=\"elementor-widget-container\">\n\t\t\t\t\t<h1 class=\"elementor-heading-title elementor-size-default\">KARIM DAKROUB (L\u00edbano)<\/h1>\t\t\t\t<\/div>\n\t\t\t\t<\/div>\n\t\t\t\t\t<\/div>\n\t\t<\/div>\n\t\t\t\t\t<\/div>\n\t\t<\/section>\n\t\t\t\t<section class=\"elementor-section elementor-top-section elementor-element elementor-element-45d9823a elementor-section-boxed elementor-section-height-default elementor-section-height-default\" data-id=\"45d9823a\" data-element_type=\"section\" data-e-type=\"section\">\n\t\t\t\t\t\t<div class=\"elementor-container elementor-column-gap-default\">\n\t\t\t\t\t<div class=\"elementor-column elementor-col-100 elementor-top-column elementor-element elementor-element-49edf007\" data-id=\"49edf007\" data-element_type=\"column\" data-e-type=\"column\" data-settings=\"{&quot;background_background&quot;:&quot;classic&quot;,&quot;animation&quot;:&quot;none&quot;}\">\n\t\t\t<div class=\"elementor-widget-wrap elementor-element-populated\">\n\t\t\t\t\t\t<div class=\"elementor-element elementor-element-29378c1a elementor-widget elementor-widget-text-editor\" data-id=\"29378c1a\" data-element_type=\"widget\" data-e-type=\"widget\" data-widget_type=\"text-editor.default\">\n\t\t\t\t<div class=\"elementor-widget-container\">\n\t\t\t\t\t\t\t\t\t<p><b>Karim DAKROUB,<\/b> es director de teatro, titiritero, psic\u00f3logo cl\u00ednico\/psicoterapeuta y consultor psicosocial. Se gradu\u00f3 en la Academia de Teatro de San Petersburgo y en otras universidades. Actualmente es profesor en la Universidad del L\u00edbano. Como fundador y presidente de <b>la Asociaci\u00f3n KHAYAL para las Artes y la Educaci\u00f3n,<\/b> ha dise\u00f1ado y dirigido varios proyectos culturales, sociales y psicosociales y ha trabajado con diversas organizaciones locales e internacionales. Sus obras de teatro de marionetas se han representado en muchos festivales de todo el mundo. Ha trabajado como experto psicosocial y formador en respuesta a diferentes guerras y crisis de Oriente Medio.<br \/>Despu\u00e9s de muchos a\u00f1os de trabajar con <b>el t\u00edtere aplicado a poblaciones vulnerables, como los refugiados y las v\u00edctimas de acciones militares en Oriente Medio.<\/b><\/p>\t\t\t\t\t\t\t\t<\/div>\n\t\t\t\t<\/div>\n\t\t\t\t<div class=\"elementor-element elementor-element-de2a64c elementor-widget elementor-widget-image\" data-id=\"de2a64c\" data-element_type=\"widget\" data-e-type=\"widget\" data-widget_type=\"image.default\">\n\t\t\t\t<div class=\"elementor-widget-container\">\n\t\t\t\t\t\t\t\t\t\t\t\t\t\t\t<img loading=\"lazy\" decoding=\"async\" width=\"591\" height=\"591\" src=\"https:\/\/www.museudetitelles.com\/wp-content\/uploads\/2024\/08\/Titelles-en-lambit-clinic.-Unint-les-lluites-diaries-i-la-realitat-dramatica-1.png\" class=\"attachment-large size-large wp-image-15042\" alt=\"\" srcset=\"https:\/\/www.museudetitelles.com\/wp-content\/uploads\/2024\/08\/Titelles-en-lambit-clinic.-Unint-les-lluites-diaries-i-la-realitat-dramatica-1.png 591w, https:\/\/www.museudetitelles.com\/wp-content\/uploads\/2024\/08\/Titelles-en-lambit-clinic.-Unint-les-lluites-diaries-i-la-realitat-dramatica-1-300x300.png 300w, https:\/\/www.museudetitelles.com\/wp-content\/uploads\/2024\/08\/Titelles-en-lambit-clinic.-Unint-les-lluites-diaries-i-la-realitat-dramatica-1-100x100.png 100w, https:\/\/www.museudetitelles.com\/wp-content\/uploads\/2024\/08\/Titelles-en-lambit-clinic.-Unint-les-lluites-diaries-i-la-realitat-dramatica-1-150x150.png 150w, https:\/\/www.museudetitelles.com\/wp-content\/uploads\/2024\/08\/Titelles-en-lambit-clinic.-Unint-les-lluites-diaries-i-la-realitat-dramatica-1-12x12.png 12w, https:\/\/www.museudetitelles.com\/wp-content\/uploads\/2024\/08\/Titelles-en-lambit-clinic.-Unint-les-lluites-diaries-i-la-realitat-dramatica-1-250x250.png 250w\" sizes=\"(max-width: 591px) 100vw, 591px\">\t\t\t\t\t\t\t\t\t\t\t\t\t\t\t<\/div>\n\t\t\t\t<\/div>\n\t\t\t\t\t<\/div>\n\t\t<\/div>\n\t\t\t\t\t<\/div>\n\t\t<\/section>\n\t\t\t\t<section class=\"elementor-section elementor-top-section elementor-element elementor-element-fb8fbd5 elementor-section-boxed elementor-section-height-default elementor-section-height-default\" data-id=\"fb8fbd5\" data-element_type=\"section\" data-e-type=\"section\">\n\t\t\t\t\t\t<div class=\"elementor-container elementor-column-gap-default\">\n\t\t\t\t\t<div class=\"elementor-column elementor-col-100 elementor-top-column elementor-element elementor-element-0d7568f\" data-id=\"0d7568f\" data-element_type=\"column\" data-e-type=\"column\">\n\t\t\t<div class=\"elementor-widget-wrap elementor-element-populated\">\n\t\t\t\t\t\t<div class=\"elementor-element elementor-element-88429de elementor-widget elementor-widget-text-editor\" data-id=\"88429de\" data-element_type=\"widget\" data-e-type=\"widget\" data-widget_type=\"text-editor.default\">\n\t\t\t\t<div class=\"elementor-widget-container\">\n\t\t\t\t\t\t\t\t\t<h2><strong>INFORMACI\u00d3N PR\u00c1CTICA<\/strong><\/h2><p><strong>C\u00f3mo llegar:<\/strong><\/p><div class=\"elementor-element elementor-element-3f8a5902 elementor-widget elementor-widget-text-editor\" data-id=\"3f8a5902\" data-element_type=\"widget\" data-widget_type=\"text-editor.default\"><div class=\"elementor-widget-container\"><p>En veh\u00edculo propio o en el autob\u00fas\u00a0<a role=\"link\" href=\"https:\/\/www.sagales.com\/\" target=\"_blank\" rel=\"noopener\"><span style=\"text-decoration: underline;\">Sagal\u00e9s<\/span><\/a><span style=\"text-decoration: underline;\">.<\/span><\/p><p>Aparcamiento gratuito.<\/p><\/div><\/div>\t\t\t\t\t\t\t\t<\/div>\n\t\t\t\t<\/div>\n\t\t\t\t<div class=\"elementor-element elementor-element-bc2d48b elementor-widget__width-initial elementor-widget elementor-widget-text-editor\" data-id=\"bc2d48b\" data-element_type=\"widget\" data-e-type=\"widget\" data-widget_type=\"text-editor.default\">\n\t\t\t\t<div class=\"elementor-widget-container\">\n\t\t\t\t\t\t\t\t\t<h2 class=\"wp-block-heading\"><strong>HOTELES<\/strong><\/h2><p><strong>PALACIO-SOLITANO Y PLEGAMANOS<\/strong><\/p><p><a href=\"https:\/\/el-petit-bed-breakfast-plegamans.hotelmix.es\/\" target=\"_blank\" rel=\"noreferrer noopener\"><span style=\"text-decoration: underline;\">El Peque\u00f1o Bed&amp;Breakfast<\/span><\/a><br \/><span style=\"text-decoration: underline;\"><a href=\"http:\/\/www.camireial.com\/\" target=\"_blank\" rel=\"noreferrer noopener\">Pensi\u00f3n Camino Real<\/a><\/span><\/p><p><strong>CALDES DE MONTBUI<\/strong><\/p><p><span style=\"text-decoration: underline;\"><a href=\"https:\/\/www.balnearibroquetas.com\/?gclid=Cj0KCQjwl92XBhC7ARIsAHLl9an1WVikjsH4lUx737XiMSmnU-JM29x0IKMzA8GEHJTvt9YdFqemZ6caAmTbEALw_wcB\" target=\"_blank\" rel=\"noreferrer noopener\">Hotel Broquetas\u00a0<\/a><\/span><br \/><span style=\"text-decoration: underline;\"><a href=\"https:\/\/www.termesvictoria.com\/\" target=\"_blank\" rel=\"noreferrer noopener\">Balneario Termas Victoria<\/a><\/span><br \/><span style=\"text-decoration: underline;\"><a href=\"https:\/\/www.hotelviladecaldes.com\/ofertas-y-escapadas\/?gclid=Cj0KCQjwl92XBhC7ARIsAHLl9anp_7f6tLt9wA3df4S959vnWvZ20NavaXrRRv_GTasgMQz9UmJTRNAaApwnEALw_wcB\" target=\"_blank\" rel=\"noreferrer noopener\">Hotel Villa de Caldes<\/a><\/span><br \/><span style=\"text-decoration: underline;\"><a href=\"https:\/\/www.cancaponet.com\/es\/\" target=\"_blank\" rel=\"noreferrer noopener\">Hotel Can Caponet<\/a><\/span><br \/><span style=\"text-decoration: underline;\"><a href=\"https:\/\/apartament-font-del-lleo-apartment-caldes-de-montbui.hotelmix.es\/\" target=\"_blank\" rel=\"noreferrer noopener\">Apartamento Font Del Lle\u00f3<\/a><\/span><br \/><span style=\"text-decoration: underline;\"><a href=\"https:\/\/casa-de-poble-termes-romanes-holiday-home-caldes-de-montbui.hotelmix.es\/\" target=\"_blank\" rel=\"noreferrer noopener\">Casa De Pueblo T\u00e9rminos Romanos<\/a><\/span><br \/><a href=\"https:\/\/villa-mont-caldes-de-montbui.hotelmix.es\/\" target=\"_blank\" rel=\"noreferrer noopener\"><span style=\"text-decoration: underline;\">Villa Mont<\/span>\u00a0<\/a>(casa con 4 habitaciones)<\/p><p>M\u00e1s informaci\u00f3n de hoteles en Caldes de Montbui <a href=\"https:\/\/www-caldesdemontbui-cat.translate.goog\/municipi\/menjar-i-dormir\/?_x_tr_sl=ca&amp;_x_tr_tl=es&amp;_x_tr_hl=esie%3DUTF-8\" target=\"_blank\" rel=\"noreferrer noopener\"><strong>aqu\u00ed<\/strong><\/a><\/p><p><strong>\u00a0MUELLE DEL VALL\u00c8S<\/strong><\/p><p><a href=\"https:\/\/www.hotel-bb.com\/es\/hotel\/barcelona-mollet?utm_source=google&amp;utm_medium=voila&amp;utm_campaign=ES_Search_Generico_Barcelona&amp;gclid=Cj0KCQjwl92XBhC7ARIsAHLl9alHcFVQRCeB6BhtrJib-zuLKR9EltU8ihWDYCKmSS2QhyXXDTUz3msaArtiEALw_wcB\" target=\"_blank\" rel=\"noreferrer noopener\"><span style=\"text-decoration: underline;\">B&amp;B Hotel Barcelona Mollet<\/span><\/a> (est\u00e1 a 10 min. En coche o autob\u00fas)<\/p>\t\t\t\t\t\t\t\t<\/div>\n\t\t\t\t<\/div>\n\t\t\t\t\t<\/div>\n\t\t<\/div>\n\t\t\t\t\t<\/div>\n\t\t<\/section>\n\t\t\t\t<\/div>","protected":false},"excerpt":{"rendered":"<p>Titelles en l\u2019\u00e0mbit cl\u00ednic. Unint les lluites di\u00e0ries i la \u201crealitat dram\u00e0tica\u201d \u00a0 Formaci\u00f3 especialitzada dirigida a psic\u00f2legs cl\u00ednics, terapeutes familiars, educadors, mediadors familiars, treballadors socials i professionals que vulguin con\u00e8ixer la intervenci\u00f3 amb infants en el seu context familiar. Impulsat per: INSCRIPCI\u00d3 \u00a0 Dissabte 21 de setembre i diumenge 22 de setembre, de 15h [&hellip;]<\/p>\n","protected":false},"author":10,"featured_media":0,"parent":13128,"menu_order":14,"comment_status":"closed","ping_status":"closed","template":"elementor_canvas","meta":{"footnotes":""},"class_list":["post-15059","page","type-page","status-publish","hentry"],"amp_enabled":false,"_links":{"self":[{"href":"https:\/\/www.museudetitelles.com\/es\/wp-json\/wp\/v2\/pages\/15059","targetHints":{"allow":["GET"]}}],"collection":[{"href":"https:\/\/www.museudetitelles.com\/es\/wp-json\/wp\/v2\/pages"}],"about":[{"href":"https:\/\/www.museudetitelles.com\/es\/wp-json\/wp\/v2\/types\/page"}],"author":[{"embeddable":true,"href":"https:\/\/www.museudetitelles.com\/es\/wp-json\/wp\/v2\/users\/10"}],"replies":[{"embeddable":true,"href":"https:\/\/www.museudetitelles.com\/es\/wp-json\/wp\/v2\/comments?post=15059"}],"version-history":[{"count":32,"href":"https:\/\/www.museudetitelles.com\/es\/wp-json\/wp\/v2\/pages\/15059\/revisions"}],"predecessor-version":[{"id":15122,"href":"https:\/\/www.museudetitelles.com\/es\/wp-json\/wp\/v2\/pages\/15059\/revisions\/15122"}],"up":[{"embeddable":true,"href":"https:\/\/www.museudetitelles.com\/es\/wp-json\/wp\/v2\/pages\/13128"}],"wp:attachment":[{"href":"https:\/\/www.museudetitelles.com\/es\/wp-json\/wp\/v2\/media?parent=15059"}],"curies":[{"name":"wp","href":"https:\/\/api.w.org\/{rel}","templated":true}]}}