{"id":12855,"date":"2023-09-10T12:41:09","date_gmt":"2023-09-10T10:41:09","guid":{"rendered":"https:\/\/www.museudetitelles.com\/?page_id=12855"},"modified":"2025-03-30T11:12:54","modified_gmt":"2025-03-30T09:12:54","slug":"activitats-titella-i-terapia","status":"publish","type":"page","link":"https:\/\/www.museudetitelles.com\/es\/titella-i-terapia\/activitats-titella-i-terapia\/","title":{"rendered":"ACTIVIDADES T\u00cdTERE Y TERAPIA"},"content":{"rendered":"<div data-elementor-type=\"wp-page\" data-elementor-id=\"12855\" class=\"elementor elementor-12855\" data-elementor-post-type=\"page\">\n\t\t\t\t\t\t<section class=\"elementor-section elementor-top-section elementor-element elementor-element-1a1e3dc3 elementor-section-stretched elementor-section-boxed elementor-section-height-default elementor-section-height-default\" data-id=\"1a1e3dc3\" data-element_type=\"section\" data-e-type=\"section\" data-settings=\"{&quot;stretch_section&quot;:&quot;section-stretched&quot;,&quot;background_background&quot;:&quot;classic&quot;}\">\n\t\t\t\t\t\t\t<div class=\"elementor-background-overlay\"><\/div>\n\t\t\t\t\t\t\t<div class=\"elementor-container elementor-column-gap-default\">\n\t\t\t\t\t<div class=\"elementor-column elementor-col-100 elementor-top-column elementor-element elementor-element-70cd2885\" data-id=\"70cd2885\" data-element_type=\"column\" data-e-type=\"column\">\n\t\t\t<div class=\"elementor-widget-wrap elementor-element-populated\">\n\t\t\t\t\t\t<section class=\"elementor-section elementor-inner-section elementor-element elementor-element-280a381a elementor-section-boxed elementor-section-height-default elementor-section-height-default\" data-id=\"280a381a\" data-element_type=\"section\" data-e-type=\"section\" data-settings=\"{&quot;background_background&quot;:&quot;classic&quot;}\">\n\t\t\t\t\t\t<div class=\"elementor-container elementor-column-gap-default\">\n\t\t\t\t\t<div class=\"elementor-column elementor-col-100 elementor-inner-column elementor-element elementor-element-6e807f15\" data-id=\"6e807f15\" data-element_type=\"column\" data-e-type=\"column\" data-settings=\"{&quot;background_background&quot;:&quot;classic&quot;,&quot;animation&quot;:&quot;none&quot;,&quot;animation_delay&quot;:300}\">\n\t\t\t<div class=\"elementor-widget-wrap elementor-element-populated\">\n\t\t\t\t\t\t<div class=\"elementor-element elementor-element-1b74a653 elementor-widget elementor-widget-heading\" data-id=\"1b74a653\" data-element_type=\"widget\" data-e-type=\"widget\" data-widget_type=\"heading.default\">\n\t\t\t\t<div class=\"elementor-widget-container\">\n\t\t\t\t\t<h5 class=\"elementor-heading-title elementor-size-default\">Actividades programadas<\/h5>\t\t\t\t<\/div>\n\t\t\t\t<\/div>\n\t\t\t\t\t<\/div>\n\t\t<\/div>\n\t\t\t\t\t<\/div>\n\t\t<\/section>\n\t\t\t\t<div class=\"elementor-element elementor-element-2a66d683 elementor-widget elementor-widget-heading\" data-id=\"2a66d683\" data-element_type=\"widget\" data-e-type=\"widget\" data-settings=\"{&quot;_animation&quot;:&quot;none&quot;,&quot;_animation_delay&quot;:400}\" data-widget_type=\"heading.default\">\n\t\t\t\t<div class=\"elementor-widget-container\">\n\t\t\t\t\t<h2 class=\"elementor-heading-title elementor-size-default\">T\u00edteres, terapia, educaci\u00f3n y compromiso<\/h2>\t\t\t\t<\/div>\n\t\t\t\t<\/div>\n\t\t\t\t<div class=\"elementor-element elementor-element-69ea3b2 elementor-widget elementor-widget-spacer\" data-id=\"69ea3b2\" data-element_type=\"widget\" data-e-type=\"widget\" data-widget_type=\"spacer.default\">\n\t\t\t\t<div class=\"elementor-widget-container\">\n\t\t\t\t\t\t\t<div class=\"elementor-spacer\">\n\t\t\t<div class=\"elementor-spacer-inner\"><\/div>\n\t\t<\/div>\n\t\t\t\t\t\t<\/div>\n\t\t\t\t<\/div>\n\t\t\t\t<div class=\"elementor-element elementor-element-df19d1b elementor-widget elementor-widget-text-editor\" data-id=\"df19d1b\" data-element_type=\"widget\" data-e-type=\"widget\" data-settings=\"{&quot;_animation&quot;:&quot;none&quot;,&quot;_animation_delay&quot;:500}\" data-widget_type=\"text-editor.default\">\n\t\t\t\t<div class=\"elementor-widget-container\">\n\t\t\t\t\t\t\t\t\t<h3>Aqu\u00ed encontrar\u00e1 las pr\u00f3ximas actividades organizadas por la Asociaci\u00f3n T\u00edtere y Terapia de Catalu\u00f1a ATTC<\/h3>\t\t\t\t\t\t\t\t<\/div>\n\t\t\t\t<\/div>\n\t\t\t\t\t<\/div>\n\t\t<\/div>\n\t\t\t\t\t<\/div>\n\t\t<\/section>\n\t\t\t\t<section class=\"elementor-section elementor-top-section elementor-element elementor-element-0b02307 elementor-section-boxed elementor-section-height-default elementor-section-height-default\" data-id=\"0b02307\" data-element_type=\"section\" data-e-type=\"section\">\n\t\t\t\t\t\t<div class=\"elementor-container elementor-column-gap-default\">\n\t\t\t\t\t<div class=\"elementor-column elementor-col-100 elementor-top-column elementor-element elementor-element-fd0aa63\" data-id=\"fd0aa63\" data-element_type=\"column\" data-e-type=\"column\">\n\t\t\t<div class=\"elementor-widget-wrap elementor-element-populated\">\n\t\t\t\t\t\t<div class=\"elementor-element elementor-element-755b211 elementor-widget elementor-widget-spacer\" data-id=\"755b211\" data-element_type=\"widget\" data-e-type=\"widget\" data-widget_type=\"spacer.default\">\n\t\t\t\t<div class=\"elementor-widget-container\">\n\t\t\t\t\t\t\t<div class=\"elementor-spacer\">\n\t\t\t<div class=\"elementor-spacer-inner\"><\/div>\n\t\t<\/div>\n\t\t\t\t\t\t<\/div>\n\t\t\t\t<\/div>\n\t\t\t\t\t<\/div>\n\t\t<\/div>\n\t\t\t\t\t<\/div>\n\t\t<\/section>\n\t\t\t\t<section class=\"elementor-section elementor-top-section elementor-element elementor-element-5885500 elementor-section-boxed elementor-section-height-default elementor-section-height-default\" data-id=\"5885500\" data-element_type=\"section\" data-e-type=\"section\">\n\t\t\t\t\t\t<div class=\"elementor-container elementor-column-gap-default\">\n\t\t\t\t\t<div class=\"elementor-column elementor-col-100 elementor-top-column elementor-element elementor-element-f482760\" data-id=\"f482760\" data-element_type=\"column\" data-e-type=\"column\">\n\t\t\t<div class=\"elementor-widget-wrap elementor-element-populated\">\n\t\t\t\t\t\t<div class=\"elementor-element elementor-element-fb1cd68 elementor-widget__width-initial elementor-widget elementor-widget-heading\" data-id=\"fb1cd68\" data-element_type=\"widget\" data-e-type=\"widget\" data-widget_type=\"heading.default\">\n\t\t\t\t<div class=\"elementor-widget-container\">\n\t\t\t\t\t<h2 class=\"elementor-heading-title elementor-size-default\">Actividades con motivo de la VIII Jornada de Educaci\u00f3n y T\u00edteres durante el mes de julio 2024<\/h2>\t\t\t\t<\/div>\n\t\t\t\t<\/div>\n\t\t\t\t<div class=\"elementor-element elementor-element-b4dd663 elementor-widget elementor-widget-spacer\" data-id=\"b4dd663\" data-element_type=\"widget\" data-e-type=\"widget\" data-widget_type=\"spacer.default\">\n\t\t\t\t<div class=\"elementor-widget-container\">\n\t\t\t\t\t\t\t<div class=\"elementor-spacer\">\n\t\t\t<div class=\"elementor-spacer-inner\"><\/div>\n\t\t<\/div>\n\t\t\t\t\t\t<\/div>\n\t\t\t\t<\/div>\n\t\t\t\t<div class=\"elementor-element elementor-element-ecc8ad8 elementor-widget__width-initial elementor-widget elementor-widget-text-editor\" data-id=\"ecc8ad8\" data-element_type=\"widget\" data-e-type=\"widget\" data-widget_type=\"text-editor.default\">\n\t\t\t\t<div class=\"elementor-widget-container\">\n\t\t\t\t\t\t\t\t\t<p><strong>Dirigido a maestros, psic\u00f3logos, terapeutas, titiriteros, profesionales de la salud y personas interesadas en la vertiente sanadora de los t\u00edteres.<\/strong><\/p>\t\t\t\t\t\t\t\t<\/div>\n\t\t\t\t<\/div>\n\t\t\t\t<div class=\"elementor-element elementor-element-9561aca elementor-widget elementor-widget-heading\" data-id=\"9561aca\" data-element_type=\"widget\" data-e-type=\"widget\" data-widget_type=\"heading.default\">\n\t\t\t\t<div class=\"elementor-widget-container\">\n\t\t\t\t\t<h3 class=\"elementor-heading-title elementor-size-default\">Organiza la Asociaci\u00f3n de T\u00edteres y Terapia de Catalu\u00f1a ATTC <\/h3>\t\t\t\t<\/div>\n\t\t\t\t<\/div>\n\t\t\t\t\t<\/div>\n\t\t<\/div>\n\t\t\t\t\t<\/div>\n\t\t<\/section>\n\t\t\t\t<section class=\"elementor-section elementor-top-section elementor-element elementor-element-1c8ccb2 elementor-section-boxed elementor-section-height-default elementor-section-height-default\" data-id=\"1c8ccb2\" data-element_type=\"section\" data-e-type=\"section\">\n\t\t\t\t\t\t<div class=\"elementor-container elementor-column-gap-default\">\n\t\t\t\t\t<div class=\"elementor-column elementor-col-50 elementor-top-column elementor-element elementor-element-4b4588c\" data-id=\"4b4588c\" data-element_type=\"column\" data-e-type=\"column\">\n\t\t\t<div class=\"elementor-widget-wrap elementor-element-populated\">\n\t\t\t\t\t\t<div class=\"elementor-element elementor-element-79cede0 elementor-widget elementor-widget-spacer\" data-id=\"79cede0\" data-element_type=\"widget\" data-e-type=\"widget\" data-widget_type=\"spacer.default\">\n\t\t\t\t<div class=\"elementor-widget-container\">\n\t\t\t\t\t\t\t<div class=\"elementor-spacer\">\n\t\t\t<div class=\"elementor-spacer-inner\"><\/div>\n\t\t<\/div>\n\t\t\t\t\t\t<\/div>\n\t\t\t\t<\/div>\n\t\t\t\t<div class=\"elementor-element elementor-element-14a3ce2 elementor-widget elementor-widget-heading\" data-id=\"14a3ce2\" data-element_type=\"widget\" data-e-type=\"widget\" data-widget_type=\"heading.default\">\n\t\t\t\t<div class=\"elementor-widget-container\">\n\t\t\t\t\t<h2 class=\"elementor-heading-title elementor-size-default\">Presentaci\u00f3n del v\u00eddeo \u201cLATES\u201d\n<\/h2>\t\t\t\t<\/div>\n\t\t\t\t<\/div>\n\t\t\t\t<div class=\"elementor-element elementor-element-f546375 elementor-widget elementor-widget-text-editor\" data-id=\"f546375\" data-element_type=\"widget\" data-e-type=\"widget\" data-widget_type=\"text-editor.default\">\n\t\t\t\t<div class=\"elementor-widget-container\">\n\t\t\t\t\t\t\t\t\t<h3><strong>D\u00eda: 1 de julio 2024 a las 18:30 tarde<\/strong><\/h3><h2><strong>Actividad trasladada a LA DIADA MUNDIAL TITELLAIRE 21-3-2025<\/strong><\/h2><p>Realizado por un grupo de la <strong><a href=\"http:\/\/comunitatelsavets.blogspot.com\/\" target=\"_blank\" rel=\"noopener\">Comunidad los Abetos de Moi\u00e0<\/a><\/strong>. FADEAM es la Fundaci\u00f3n y marco legal de la Comunidad Els Avets.\u00a0<strong>\u00a0Entidad sin \u00e1nimo de lucro dedicada a la atenci\u00f3n integral de personas adultas con discapacidad intelectual.<\/strong><\/p><p>El v\u00eddeo nos habla de las angustias, de los miedos y de las esperanzas de personas adultas con discapacidad utilizando como hilo conductor unos t\u00edteres reciclados construidos con latas por s\u00ed mismos.<\/p><p><b>Un v\u00eddeo creativo, sensible e inclusivo<\/b><\/p><h2>\u00a0<\/h2>\t\t\t\t\t\t\t\t<\/div>\n\t\t\t\t<\/div>\n\t\t\t\t\t<\/div>\n\t\t<\/div>\n\t\t\t\t<div class=\"elementor-column elementor-col-50 elementor-top-column elementor-element elementor-element-8aae235\" data-id=\"8aae235\" data-element_type=\"column\" data-e-type=\"column\">\n\t\t\t<div class=\"elementor-widget-wrap elementor-element-populated\">\n\t\t\t\t\t\t<div class=\"elementor-element elementor-element-3b84375 elementor-skin-carousel elementor-arrows-yes elementor-pagination-type-bullets elementor-pagination-position-outside elementor-widget elementor-widget-media-carousel\" data-id=\"3b84375\" data-element_type=\"widget\" data-e-type=\"widget\" data-settings=\"{&quot;effect&quot;:&quot;cube&quot;,&quot;skin&quot;:&quot;carousel&quot;,&quot;show_arrows&quot;:&quot;yes&quot;,&quot;pagination&quot;:&quot;bullets&quot;,&quot;speed&quot;:500,&quot;autoplay&quot;:&quot;yes&quot;,&quot;autoplay_speed&quot;:5000,&quot;loop&quot;:&quot;yes&quot;,&quot;pause_on_hover&quot;:&quot;yes&quot;,&quot;pause_on_interaction&quot;:&quot;yes&quot;,&quot;space_between&quot;:{&quot;unit&quot;:&quot;px&quot;,&quot;size&quot;:10,&quot;sizes&quot;:[]},&quot;space_between_tablet&quot;:{&quot;unit&quot;:&quot;px&quot;,&quot;size&quot;:10,&quot;sizes&quot;:[]},&quot;space_between_mobile&quot;:{&quot;unit&quot;:&quot;px&quot;,&quot;size&quot;:10,&quot;sizes&quot;:[]}}\" data-widget_type=\"media-carousel.default\">\n\t\t\t\t<div class=\"elementor-widget-container\">\n\t\t\t\t\t\t\t\t\t<div class=\"elementor-swiper\">\n\t\t\t\t\t<div class=\"elementor-main-swiper swiper\" role=\"region\" aria-roledescription=\"carousel\" aria-label=\"Diapositivas\">\n\t\t\t\t<div class=\"swiper-wrapper\">\n\t\t\t\t\t\t\t\t\t\t\t<div class=\"swiper-slide\" role=\"group\" aria-roledescription=\"slide\">\n\t\t\t\t\t\t\t\t\t<div class=\"elementor-carousel-image\" role=\"img\" aria-label=\"Latas t\u00edteres discapacitados\" style=\"background-image: url(&#039;https:\/\/www.museudetitelles.com\/wp-content\/uploads\/2023\/09\/LLaunes-titelles-discapacitats.jpg&#039;)\">\n\n\t\t\t\n\t\t\t\t\t<\/div>\n\t\t\t\t\t\t\t\t<\/div>\n\t\t\t\t\t\t\t\t\t\t\t<div class=\"swiper-slide\" role=\"group\" aria-roledescription=\"slide\">\n\t\t\t\t\t\t\t\t\t<div class=\"elementor-carousel-image\" role=\"img\" aria-label=\"Latas t\u00edteres discapacitados\" style=\"background-image: url(&#039;https:\/\/www.museudetitelles.com\/wp-content\/uploads\/2023\/09\/LLaunes-titelles-discapacitats2.jpg&#039;)\">\n\n\t\t\t\n\t\t\t\t\t<\/div>\n\t\t\t\t\t\t\t\t<\/div>\n\t\t\t\t\t\t\t\t\t\t\t<div class=\"swiper-slide\" role=\"group\" aria-roledescription=\"slide\">\n\t\t\t\t\t\t\t\t\t<div class=\"elementor-carousel-image\" role=\"img\" aria-label=\"Latas t\u00edteres discapacitados\" style=\"background-image: url(&#039;https:\/\/www.museudetitelles.com\/wp-content\/uploads\/2023\/09\/LLaunes-titelles-discapacitats3.jpg&#039;)\">\n\n\t\t\t\n\t\t\t\t\t<\/div>\n\t\t\t\t\t\t\t\t<\/div>\n\t\t\t\t\t\t\t\t\t<\/div>\n\t\t\t\t\t\t\t\t\t\t\t\t\t\t\t<div class=\"elementor-swiper-button elementor-swiper-button-prev\" role=\"button\" tabindex=\"0\" aria-label=\"Pr\u00e9c\u00e9dent\" data-no-translation-aria-label=\"\">\n\t\t\t\t\t\t\t<i aria-hidden=\"true\" class=\"eicon-chevron-left\"><\/i>\t\t\t\t\t\t<\/div>\n\t\t\t\t\t\t<div class=\"elementor-swiper-button elementor-swiper-button-next\" role=\"button\" tabindex=\"0\" aria-label=\"Prochain\" data-no-translation-aria-label=\"\">\n\t\t\t\t\t\t\t<i aria-hidden=\"true\" class=\"eicon-chevron-right\"><\/i>\t\t\t\t\t\t<\/div>\n\t\t\t\t\t\t\t\t\t\t\t\t\t\t\t\t<div class=\"swiper-pagination\"><\/div>\n\t\t\t\t\t\t\t\t\t\t\t\t<\/div>\n\t\t\t\t<\/div>\n\t\t\t\t\t\t\t\t<\/div>\n\t\t\t\t<\/div>\n\t\t\t\t\t<\/div>\n\t\t<\/div>\n\t\t\t\t\t<\/div>\n\t\t<\/section>\n\t\t\t\t<section class=\"elementor-section elementor-top-section elementor-element elementor-element-d50e4c3 elementor-section-boxed elementor-section-height-default elementor-section-height-default\" data-id=\"d50e4c3\" data-element_type=\"section\" data-e-type=\"section\">\n\t\t\t\t\t\t<div class=\"elementor-container elementor-column-gap-default\">\n\t\t\t\t\t<div class=\"elementor-column elementor-col-100 elementor-top-column elementor-element elementor-element-51736fc\" data-id=\"51736fc\" data-element_type=\"column\" data-e-type=\"column\">\n\t\t\t<div class=\"elementor-widget-wrap elementor-element-populated\">\n\t\t\t\t\t\t<div class=\"elementor-element elementor-element-5c6b59b elementor-widget elementor-widget-spacer\" data-id=\"5c6b59b\" data-element_type=\"widget\" data-e-type=\"widget\" data-widget_type=\"spacer.default\">\n\t\t\t\t<div class=\"elementor-widget-container\">\n\t\t\t\t\t\t\t<div class=\"elementor-spacer\">\n\t\t\t<div class=\"elementor-spacer-inner\"><\/div>\n\t\t<\/div>\n\t\t\t\t\t\t<\/div>\n\t\t\t\t<\/div>\n\t\t\t\t\t<\/div>\n\t\t<\/div>\n\t\t\t\t\t<\/div>\n\t\t<\/section>\n\t\t\t\t<section class=\"elementor-section elementor-top-section elementor-element elementor-element-ce93962 elementor-section-boxed elementor-section-height-default elementor-section-height-default\" data-id=\"ce93962\" data-element_type=\"section\" data-e-type=\"section\">\n\t\t\t\t\t\t<div class=\"elementor-container elementor-column-gap-default\">\n\t\t\t\t\t<div class=\"elementor-column elementor-col-50 elementor-top-column elementor-element elementor-element-e675334\" data-id=\"e675334\" data-element_type=\"column\" data-e-type=\"column\">\n\t\t\t<div class=\"elementor-widget-wrap elementor-element-populated\">\n\t\t\t\t\t\t<div class=\"elementor-element elementor-element-abcfb2f elementor-skin-carousel elementor-arrows-yes elementor-pagination-type-bullets elementor-pagination-position-outside elementor-widget elementor-widget-media-carousel\" data-id=\"abcfb2f\" data-element_type=\"widget\" data-e-type=\"widget\" data-settings=\"{&quot;effect&quot;:&quot;cube&quot;,&quot;skin&quot;:&quot;carousel&quot;,&quot;show_arrows&quot;:&quot;yes&quot;,&quot;pagination&quot;:&quot;bullets&quot;,&quot;speed&quot;:500,&quot;autoplay&quot;:&quot;yes&quot;,&quot;autoplay_speed&quot;:5000,&quot;loop&quot;:&quot;yes&quot;,&quot;pause_on_hover&quot;:&quot;yes&quot;,&quot;pause_on_interaction&quot;:&quot;yes&quot;,&quot;space_between&quot;:{&quot;unit&quot;:&quot;px&quot;,&quot;size&quot;:10,&quot;sizes&quot;:[]},&quot;space_between_tablet&quot;:{&quot;unit&quot;:&quot;px&quot;,&quot;size&quot;:10,&quot;sizes&quot;:[]},&quot;space_between_mobile&quot;:{&quot;unit&quot;:&quot;px&quot;,&quot;size&quot;:10,&quot;sizes&quot;:[]}}\" data-widget_type=\"media-carousel.default\">\n\t\t\t\t<div class=\"elementor-widget-container\">\n\t\t\t\t\t\t\t\t\t<div class=\"elementor-swiper\">\n\t\t\t\t\t<div class=\"elementor-main-swiper swiper\" role=\"region\" aria-roledescription=\"carousel\" aria-label=\"Diapositivas\">\n\t\t\t\t<div class=\"swiper-wrapper\">\n\t\t\t\t\t\t\t\t\t\t\t<div class=\"swiper-slide\" role=\"group\" aria-roledescription=\"slide\">\n\t\t\t\t\t\t\t\t\t<div class=\"elementor-carousel-image\" role=\"img\" aria-label=\"Mercedes framis terapia y sombras\" style=\"background-image: url(&#039;https:\/\/www.museudetitelles.com\/wp-content\/uploads\/2023\/09\/Merce-framis-terapia-i-ombres4.jpg&#039;)\">\n\n\t\t\t\n\t\t\t\t\t<\/div>\n\t\t\t\t\t\t\t\t<\/div>\n\t\t\t\t\t\t\t\t\t\t\t<div class=\"swiper-slide\" role=\"group\" aria-roledescription=\"slide\">\n\t\t\t\t\t\t\t\t\t<div class=\"elementor-carousel-image\" role=\"img\" aria-label=\"Mercedes framis terapia y sombras\" style=\"background-image: url(&#039;https:\/\/www.museudetitelles.com\/wp-content\/uploads\/2023\/09\/Merce-framis-terapia-i-ombres.jpg&#039;)\">\n\n\t\t\t\n\t\t\t\t\t<\/div>\n\t\t\t\t\t\t\t\t<\/div>\n\t\t\t\t\t\t\t\t\t\t\t<div class=\"swiper-slide\" role=\"group\" aria-roledescription=\"slide\">\n\t\t\t\t\t\t\t\t\t<div class=\"elementor-carousel-image\" role=\"img\" aria-label=\"Mercedes framis terapia y sombras\" style=\"background-image: url(&#039;https:\/\/www.museudetitelles.com\/wp-content\/uploads\/2023\/09\/Merce-framis-terapia-i-ombres2.jpg&#039;)\">\n\n\t\t\t\n\t\t\t\t\t<\/div>\n\t\t\t\t\t\t\t\t<\/div>\n\t\t\t\t\t\t\t\t\t\t\t<div class=\"swiper-slide\" role=\"group\" aria-roledescription=\"slide\">\n\t\t\t\t\t\t\t\t\t<div class=\"elementor-carousel-image\" role=\"img\" aria-label=\"Mercedes framis terapia y sombras\" style=\"background-image: url(&#039;https:\/\/www.museudetitelles.com\/wp-content\/uploads\/2023\/09\/Merce-framis-terapia-i-ombres3.jpg&#039;)\">\n\n\t\t\t\n\t\t\t\t\t<\/div>\n\t\t\t\t\t\t\t\t<\/div>\n\t\t\t\t\t\t\t\t\t<\/div>\n\t\t\t\t\t\t\t\t\t\t\t\t\t\t\t<div class=\"elementor-swiper-button elementor-swiper-button-prev\" role=\"button\" tabindex=\"0\" aria-label=\"Pr\u00e9c\u00e9dent\" data-no-translation-aria-label=\"\">\n\t\t\t\t\t\t\t<i aria-hidden=\"true\" class=\"eicon-chevron-left\"><\/i>\t\t\t\t\t\t<\/div>\n\t\t\t\t\t\t<div class=\"elementor-swiper-button elementor-swiper-button-next\" role=\"button\" tabindex=\"0\" aria-label=\"Prochain\" data-no-translation-aria-label=\"\">\n\t\t\t\t\t\t\t<i aria-hidden=\"true\" class=\"eicon-chevron-right\"><\/i>\t\t\t\t\t\t<\/div>\n\t\t\t\t\t\t\t\t\t\t\t\t\t\t\t\t<div class=\"swiper-pagination\"><\/div>\n\t\t\t\t\t\t\t\t\t\t\t\t<\/div>\n\t\t\t\t<\/div>\n\t\t\t\t\t\t\t\t<\/div>\n\t\t\t\t<\/div>\n\t\t\t\t\t<\/div>\n\t\t<\/div>\n\t\t\t\t<div class=\"elementor-column elementor-col-50 elementor-top-column elementor-element elementor-element-e7a7899\" data-id=\"e7a7899\" data-element_type=\"column\" data-e-type=\"column\">\n\t\t\t<div class=\"elementor-widget-wrap elementor-element-populated\">\n\t\t\t\t\t\t<div class=\"elementor-element elementor-element-76a726b elementor-widget elementor-widget-heading\" data-id=\"76a726b\" data-element_type=\"widget\" data-e-type=\"widget\" data-widget_type=\"heading.default\">\n\t\t\t\t<div class=\"elementor-widget-container\">\n\t\t\t\t\t<h2 class=\"elementor-heading-title elementor-size-default\">Curso de terapia y sombras\n\n<\/h2>\t\t\t\t<\/div>\n\t\t\t\t<\/div>\n\t\t\t\t<div class=\"elementor-element elementor-element-31c5654 elementor-widget elementor-widget-text-editor\" data-id=\"31c5654\" data-element_type=\"widget\" data-e-type=\"widget\" data-widget_type=\"text-editor.default\">\n\t\t\t\t<div class=\"elementor-widget-container\">\n\t\t\t\t\t\t\t\t\t<p><b>Fechas:<\/b> 2, 3 y 4 de julio 2024<\/p><p><b>Horarios:<\/b> 16:00 a 19:00 tarde<\/p><p>A cargo de <strong><a href=\"https:\/\/www.ciamerceframis.com\/\" target=\"_blank\" rel=\"noopener\">Mercedes Framis<\/a>. <\/strong><\/p><p>Titulada por el Departamento de t\u00edteres del instituto del teatro de Barcelona. Licenciada en Filosof\u00eda por la Universidad Ram\u00f3n Llull, Barcelona. M\u00e1ster en Psicolog\u00eda anal\u00edtica CGJung UAB Formaci\u00f3n en Arte terapia.<\/p><p>La sombra como insinuaci\u00f3n aviva la imaginaci\u00f3n, el teatro de sombras utilizado como terapia es una buena herramienta para entrar en di\u00e1logo con nuestros deseos y anhelos m\u00e1s inconscientes<\/p><p><strong>PRECIO: 80\u20ac. Socios UNIMA, maestros, jubilados, en paro y discapacitados: 70\u20ac<\/strong><\/p><p>Plazas limitadas<\/p>\t\t\t\t\t\t\t\t<\/div>\n\t\t\t\t<\/div>\n\t\t\t\t<div class=\"elementor-element elementor-element-40f56b6 elementor-align-center elementor-widget elementor-widget-button\" data-id=\"40f56b6\" data-element_type=\"widget\" data-e-type=\"widget\" data-widget_type=\"button.default\">\n\t\t\t\t<div class=\"elementor-widget-container\">\n\t\t\t\t\t\t\t\t\t<div class=\"elementor-button-wrapper\">\n\t\t\t\t\t<a class=\"elementor-button elementor-button-link elementor-size-sm\" href=\"https:\/\/www.museudetitelles.com\/es\/titella-i-terapia\/activitats-titella-i-terapia\/inscripcio-jornada-titelles-i-educacio\/\">\n\t\t\t\t\t\t<span class=\"elementor-button-content-wrapper\">\n\t\t\t\t\t\t\t\t\t<span class=\"elementor-button-text\">INSCRIPCI\u00d3N<\/span>\n\t\t\t\t\t<\/span>\n\t\t\t\t\t<\/a>\n\t\t\t\t<\/div>\n\t\t\t\t\t\t\t\t<\/div>\n\t\t\t\t<\/div>\n\t\t\t\t\t<\/div>\n\t\t<\/div>\n\t\t\t\t\t<\/div>\n\t\t<\/section>\n\t\t\t\t<section class=\"elementor-section elementor-top-section elementor-element elementor-element-0c5f01e elementor-section-boxed elementor-section-height-default elementor-section-height-default\" data-id=\"0c5f01e\" data-element_type=\"section\" data-e-type=\"section\">\n\t\t\t\t\t\t<div class=\"elementor-container elementor-column-gap-default\">\n\t\t\t\t\t<div class=\"elementor-column elementor-col-100 elementor-top-column elementor-element elementor-element-b05730e\" data-id=\"b05730e\" data-element_type=\"column\" data-e-type=\"column\">\n\t\t\t<div class=\"elementor-widget-wrap elementor-element-populated\">\n\t\t\t\t\t\t<div class=\"elementor-element elementor-element-458ddbf elementor-widget elementor-widget-spacer\" data-id=\"458ddbf\" data-element_type=\"widget\" data-e-type=\"widget\" data-widget_type=\"spacer.default\">\n\t\t\t\t<div class=\"elementor-widget-container\">\n\t\t\t\t\t\t\t<div class=\"elementor-spacer\">\n\t\t\t<div class=\"elementor-spacer-inner\"><\/div>\n\t\t<\/div>\n\t\t\t\t\t\t<\/div>\n\t\t\t\t<\/div>\n\t\t\t\t\t<\/div>\n\t\t<\/div>\n\t\t\t\t\t<\/div>\n\t\t<\/section>\n\t\t\t\t<section class=\"elementor-section elementor-top-section elementor-element elementor-element-9600911 elementor-section-boxed elementor-section-height-default elementor-section-height-default\" data-id=\"9600911\" data-element_type=\"section\" data-e-type=\"section\">\n\t\t\t\t\t\t<div class=\"elementor-container elementor-column-gap-default\">\n\t\t\t\t\t<div class=\"elementor-column elementor-col-50 elementor-top-column elementor-element elementor-element-387ca91\" data-id=\"387ca91\" data-element_type=\"column\" data-e-type=\"column\">\n\t\t\t<div class=\"elementor-widget-wrap elementor-element-populated\">\n\t\t\t\t\t\t<div class=\"elementor-element elementor-element-a1a826d elementor-widget elementor-widget-heading\" data-id=\"a1a826d\" data-element_type=\"widget\" data-e-type=\"widget\" data-widget_type=\"heading.default\">\n\t\t\t\t<div class=\"elementor-widget-container\">\n\t\t\t\t\t<h4 class=\"elementor-heading-title elementor-size-default\">VIII Jornada Internacional de T\u00edteres y Educaci\u00f3n<\/h4>\t\t\t\t<\/div>\n\t\t\t\t<\/div>\n\t\t\t\t<div class=\"elementor-element elementor-element-cc5b578 elementor-widget__width-initial elementor-widget elementor-widget-text-editor\" data-id=\"cc5b578\" data-element_type=\"widget\" data-e-type=\"widget\" data-widget_type=\"text-editor.default\">\n\t\t\t\t<div class=\"elementor-widget-container\">\n\t\t\t\t\t\t\t\t\t<h2 style=\"font-family: Assistant, sans-serif; font-style: normal;\"><strong>Conferencias reprogramadas 2025<\/strong><\/h2><h2>Fecha: 5 de julio 2024 de 9:00 a 19:00.\u00a0<\/h2><p>El tema de esta jornada es: <strong>T\u00edteres y equilibrio emocional: el camino hacia una vida m\u00e1s sostenible<\/strong><\/p><p><b>La sostenibilidad <\/b>de la sociedad en la que vivimos es posible por la existencia de comunidades en las que sus integrantes se sienten parte de un todo y, a la vez, toman conciencia de que los actos que pueden realizar, tanto individual como colectivamente, tienen repercusi\u00f3n a los dem\u00e1s y en su propio entorno. <b>Los pilares para la creaci\u00f3n de comunidades sostenibles comienzan en cada uno de nosotros. <\/b>Las personas, mediante el descubrimiento, potenciaci\u00f3n y desarrollo personal, adquieren un compromiso personal y social y se hacen conscientes de su potencial para formar parte de la sociedad, tomar un rol y transformarla.<\/p><p><b>Con los t\u00edteres, trabajamos todas las opciones para destapar el yo creativo y compatirlo con el entorno para despertar la creatividad de los dem\u00e1s.<\/b><\/p>\t\t\t\t\t\t\t\t<\/div>\n\t\t\t\t<\/div>\n\t\t\t\t<div class=\"elementor-element elementor-element-301d770 elementor-widget-divider--view-line elementor-widget elementor-widget-divider\" data-id=\"301d770\" data-element_type=\"widget\" data-e-type=\"widget\" data-widget_type=\"divider.default\">\n\t\t\t\t<div class=\"elementor-widget-container\">\n\t\t\t\t\t\t\t<div class=\"elementor-divider\">\n\t\t\t<span class=\"elementor-divider-separator\">\n\t\t\t\t\t\t<\/span>\n\t\t<\/div>\n\t\t\t\t\t\t<\/div>\n\t\t\t\t<\/div>\n\t\t\t\t<div class=\"elementor-element elementor-element-0b46b4e elementor-widget-divider--view-line elementor-widget elementor-widget-divider\" data-id=\"0b46b4e\" data-element_type=\"widget\" data-e-type=\"widget\" data-widget_type=\"divider.default\">\n\t\t\t\t<div class=\"elementor-widget-container\">\n\t\t\t\t\t\t\t<div class=\"elementor-divider\">\n\t\t\t<span class=\"elementor-divider-separator\">\n\t\t\t\t\t\t<\/span>\n\t\t<\/div>\n\t\t\t\t\t\t<\/div>\n\t\t\t\t<\/div>\n\t\t\t\t<div class=\"elementor-element elementor-element-9b4e182 elementor-widget elementor-widget-text-editor\" data-id=\"9b4e182\" data-element_type=\"widget\" data-e-type=\"widget\" data-widget_type=\"text-editor.default\">\n\t\t\t\t<div class=\"elementor-widget-container\">\n\t\t\t\t\t\t\t\t\t<h3>Ciclo de teatro y m\u00fasica:\u00a0<\/h3><h3><strong>BAJO EL ENCIENDO DE LA LUNA\u00a0<\/strong><\/h3><h4><strong>TEATRO HALGUERA, el teatro al aire libre del MIT<\/strong><\/h4><p><strong>\u00a0<\/strong><\/p><p><strong>Viernes 12 de julio 2024 a las 21:00<\/strong><\/p><p>Un espect\u00e1culo sin palabras que abre las puertas del arte de los t\u00edteres a las personas con discapacidad auditiva, ofreciendo una experiencia accesible e inclusiva, sin barreras.<\/p><p>Espect\u00e1culo de magia y t\u00edteres. <strong>MAGICARIUM<\/strong><\/p><p><strong>TEIA MONER<\/strong><\/p><p>Espect\u00e1culo y degustaci\u00f3n<\/p><p><strong>Precio: 8\u20ac<\/strong><\/p><p><strong>Viernes 19 de julio 2024 a las 21:00<\/strong><\/p><p>Un concierto que invita a reflexionar sobre el reto de reinventarse y encontrar nuevos caminos a medida que te haces mayor.<\/p><p>Concierto de m\u00fasica:\u00a0<strong>BERTRAN SWING BAND<\/strong><\/p><p>Formado por m\u00fasicos y titiriteros de diferentes generaciones.\u00a0<\/p><p>Espect\u00e1culo y degustaci\u00f3n<\/p><p><strong>Precio: 8\u20ac<\/strong><\/p><p><strong>Viernes 26 de julio 2024 a las 21:00\u00a0<\/strong><\/p><p>Como un espect\u00e1culo de sombras nos anima a explorar el alter ego y descubrir las m\u00faltiples facetas que conviven en nuestro interior.<\/p><p>21:00 Espect\u00e1culo de magia y sombras: <strong>SOMBRAS M\u00c1GICAS<\/strong><\/p><p><strong>BRANDO &amp; SILVANA<\/strong><\/p><p>Espect\u00e1culo y degustaci\u00f3n\u00a0<\/p><p><strong>Precio: 8\u20ac<\/strong><\/p><h5><strong>Abono por los tres espect\u00e1culos: 20\u20ac<\/strong><\/h5>\t\t\t\t\t\t\t\t<\/div>\n\t\t\t\t<\/div>\n\t\t\t\t<div class=\"elementor-element elementor-element-20d2492 elementor-align-center elementor-widget elementor-widget-button\" data-id=\"20d2492\" data-element_type=\"widget\" data-e-type=\"widget\" data-widget_type=\"button.default\">\n\t\t\t\t<div class=\"elementor-widget-container\">\n\t\t\t\t\t\t\t\t\t<div class=\"elementor-button-wrapper\">\n\t\t\t\t\t<a class=\"elementor-button elementor-button-link elementor-size-sm\" href=\"https:\/\/www.museudetitelles.com\/es\/activitats-al-museu-de-titelles\/teatre-a-laire-lliure-del-mit\/\">\n\t\t\t\t\t\t<span class=\"elementor-button-content-wrapper\">\n\t\t\t\t\t\t\t\t\t<span class=\"elementor-button-text\">COMPRAR ENTRADAS<\/span>\n\t\t\t\t\t<\/span>\n\t\t\t\t\t<\/a>\n\t\t\t\t<\/div>\n\t\t\t\t\t\t\t\t<\/div>\n\t\t\t\t<\/div>\n\t\t\t\t\t<\/div>\n\t\t<\/div>\n\t\t\t\t<div class=\"elementor-column elementor-col-50 elementor-top-column elementor-element elementor-element-4458161\" data-id=\"4458161\" data-element_type=\"column\" data-e-type=\"column\">\n\t\t\t<div class=\"elementor-widget-wrap elementor-element-populated\">\n\t\t\t\t\t\t<div class=\"elementor-element elementor-element-ea5d34e elementor-widget elementor-widget-image\" data-id=\"ea5d34e\" data-element_type=\"widget\" data-e-type=\"widget\" data-widget_type=\"image.default\">\n\t\t\t\t<div class=\"elementor-widget-container\">\n\t\t\t\t\t\t\t\t\t\t\t\t\t\t\t<img fetchpriority=\"high\" decoding=\"async\" width=\"212\" height=\"300\" src=\"https:\/\/www.museudetitelles.com\/wp-content\/uploads\/2024\/05\/Titella-botella-copia-212x300.jpg\" class=\"attachment-medium size-medium wp-image-14841\" alt=\"\" srcset=\"https:\/\/www.museudetitelles.com\/wp-content\/uploads\/2024\/05\/Titella-botella-copia-212x300.jpg 212w, https:\/\/www.museudetitelles.com\/wp-content\/uploads\/2024\/05\/Titella-botella-copia-8x12.jpg 8w, https:\/\/www.museudetitelles.com\/wp-content\/uploads\/2024\/05\/Titella-botella-copia.jpg 600w\" sizes=\"(max-width: 212px) 100vw, 212px\">\t\t\t\t\t\t\t\t\t\t\t\t\t\t\t<\/div>\n\t\t\t\t<\/div>\n\t\t\t\t<div class=\"elementor-element elementor-element-1cfe0e8 elementor-widget-divider--view-line_icon elementor-view-default elementor-widget-divider--element-align-center elementor-widget elementor-widget-divider\" data-id=\"1cfe0e8\" data-element_type=\"widget\" data-e-type=\"widget\" data-widget_type=\"divider.default\">\n\t\t\t\t<div class=\"elementor-widget-container\">\n\t\t\t\t\t\t\t<div class=\"elementor-divider\">\n\t\t\t<span class=\"elementor-divider-separator\">\n\t\t\t\t\t\t\t<div class=\"elementor-icon elementor-divider__element\">\n\t\t\t\t\t<i aria-hidden=\"true\" class=\"fas fa-star\"><\/i><\/div>\n\t\t\t\t\t\t<\/span>\n\t\t<\/div>\n\t\t\t\t\t\t<\/div>\n\t\t\t\t<\/div>\n\t\t\t\t<div class=\"elementor-element elementor-element-e7e3f2f elementor-invisible elementor-widget elementor-widget-image\" data-id=\"e7e3f2f\" data-element_type=\"widget\" data-e-type=\"widget\" data-settings=\"{&quot;_animation&quot;:&quot;slideInRight&quot;}\" data-widget_type=\"image.default\">\n\t\t\t\t<div class=\"elementor-widget-container\">\n\t\t\t\t\t\t\t\t\t\t\t\t\t\t\t<img decoding=\"async\" width=\"425\" height=\"340\" src=\"https:\/\/www.museudetitelles.com\/wp-content\/uploads\/2024\/04\/espelma.png\" class=\"attachment-full size-full wp-image-14547\" alt=\"\" srcset=\"https:\/\/www.museudetitelles.com\/wp-content\/uploads\/2024\/04\/espelma.png 425w, https:\/\/www.museudetitelles.com\/wp-content\/uploads\/2024\/04\/espelma-300x240.png 300w, https:\/\/www.museudetitelles.com\/wp-content\/uploads\/2024\/04\/espelma-15x12.png 15w\" sizes=\"(max-width: 425px) 100vw, 425px\">\t\t\t\t\t\t\t\t\t\t\t\t\t\t\t<\/div>\n\t\t\t\t<\/div>\n\t\t\t\t<div class=\"elementor-element elementor-element-2b90a37 elementor-invisible elementor-widget elementor-widget-image\" data-id=\"2b90a37\" data-element_type=\"widget\" data-e-type=\"widget\" data-settings=\"{&quot;_animation&quot;:&quot;slideInRight&quot;}\" data-widget_type=\"image.default\">\n\t\t\t\t<div class=\"elementor-widget-container\">\n\t\t\t\t\t\t\t\t\t\t\t\t\t\t\t<img decoding=\"async\" width=\"500\" height=\"338\" src=\"https:\/\/www.museudetitelles.com\/wp-content\/uploads\/2024\/06\/FOTO1-copia.jpg\" class=\"attachment-full size-full wp-image-14958\" alt=\"\" srcset=\"https:\/\/www.museudetitelles.com\/wp-content\/uploads\/2024\/06\/FOTO1-copia.jpg 500w, https:\/\/www.museudetitelles.com\/wp-content\/uploads\/2024\/06\/FOTO1-copia-300x203.jpg 300w, https:\/\/www.museudetitelles.com\/wp-content\/uploads\/2024\/06\/FOTO1-copia-18x12.jpg 18w\" sizes=\"(max-width: 500px) 100vw, 500px\">\t\t\t\t\t\t\t\t\t\t\t\t\t\t\t<\/div>\n\t\t\t\t<\/div>\n\t\t\t\t<div class=\"elementor-element elementor-element-f5db535 elementor-invisible elementor-widget elementor-widget-image\" data-id=\"f5db535\" data-element_type=\"widget\" data-e-type=\"widget\" data-settings=\"{&quot;_animation&quot;:&quot;slideInRight&quot;}\" data-widget_type=\"image.default\">\n\t\t\t\t<div class=\"elementor-widget-container\">\n\t\t\t\t\t\t\t\t\t\t\t\t\t\t\t<img loading=\"lazy\" decoding=\"async\" width=\"768\" height=\"513\" src=\"https:\/\/www.museudetitelles.com\/wp-content\/uploads\/2024\/06\/Brando-i-Silvana.jpeg\" class=\"attachment-full size-full wp-image-14959\" alt=\"\" srcset=\"https:\/\/www.museudetitelles.com\/wp-content\/uploads\/2024\/06\/Brando-i-Silvana.jpeg 768w, https:\/\/www.museudetitelles.com\/wp-content\/uploads\/2024\/06\/Brando-i-Silvana-600x401.jpeg 600w, https:\/\/www.museudetitelles.com\/wp-content\/uploads\/2024\/06\/Brando-i-Silvana-300x200.jpeg 300w, https:\/\/www.museudetitelles.com\/wp-content\/uploads\/2024\/06\/Brando-i-Silvana-18x12.jpeg 18w\" sizes=\"(max-width: 768px) 100vw, 768px\">\t\t\t\t\t\t\t\t\t\t\t\t\t\t\t<\/div>\n\t\t\t\t<\/div>\n\t\t\t\t\t<\/div>\n\t\t<\/div>\n\t\t\t\t\t<\/div>\n\t\t<\/section>\n\t\t\t\t<\/div>","protected":false},"excerpt":{"rendered":"<p>Activitats programades Titelles, ter\u00e0pia, educaci\u00f3 i comprom\u00eds Aqu\u00ed trobareu les properes activitats organitzades per l\u00b4Associaci\u00f3 Titella i Ter\u00e0pia de Catalunya ATTC Activitats amb motiu de la VIII Jornada d&#8217;Educaci\u00f3 i Titelles durant el mes de juliol 2024 Adre\u00e7at a mestres, psic\u00f2legs, terapeutes, titellaires, professionals de la salut i persones interessades en la vessant sanadora dels [&hellip;]<\/p>\n","protected":false},"author":15,"featured_media":0,"parent":12877,"menu_order":0,"comment_status":"closed","ping_status":"closed","template":"elementor_header_footer","meta":{"footnotes":""},"class_list":["post-12855","page","type-page","status-publish","hentry"],"amp_enabled":false,"_links":{"self":[{"href":"https:\/\/www.museudetitelles.com\/es\/wp-json\/wp\/v2\/pages\/12855","targetHints":{"allow":["GET"]}}],"collection":[{"href":"https:\/\/www.museudetitelles.com\/es\/wp-json\/wp\/v2\/pages"}],"about":[{"href":"https:\/\/www.museudetitelles.com\/es\/wp-json\/wp\/v2\/types\/page"}],"author":[{"embeddable":true,"href":"https:\/\/www.museudetitelles.com\/es\/wp-json\/wp\/v2\/users\/15"}],"replies":[{"embeddable":true,"href":"https:\/\/www.museudetitelles.com\/es\/wp-json\/wp\/v2\/comments?post=12855"}],"version-history":[{"count":229,"href":"https:\/\/www.museudetitelles.com\/es\/wp-json\/wp\/v2\/pages\/12855\/revisions"}],"predecessor-version":[{"id":16028,"href":"https:\/\/www.museudetitelles.com\/es\/wp-json\/wp\/v2\/pages\/12855\/revisions\/16028"}],"up":[{"embeddable":true,"href":"https:\/\/www.museudetitelles.com\/es\/wp-json\/wp\/v2\/pages\/12877"}],"wp:attachment":[{"href":"https:\/\/www.museudetitelles.com\/es\/wp-json\/wp\/v2\/media?parent=12855"}],"curies":[{"name":"wp","href":"https:\/\/api.w.org\/{rel}","templated":true}]}}